{"id":1038,"date":"2022-06-28T10:03:19","date_gmt":"2022-06-28T08:03:19","guid":{"rendered":"https:\/\/www.josephinegey.de\/josephine_gey\/?page_id=1038"},"modified":"2026-04-07T23:17:22","modified_gmt":"2026-04-07T21:17:22","slug":"cantienica","status":"publish","type":"page","link":"https:\/\/www.josephinegey.de\/josephine_gey\/cantienica\/","title":{"rendered":"Cantienica in Grimma &#8211; starker R\u00fccken &#038; Beckenboden"},"content":{"rendered":"<p>[et_pb_section fb_built=&#8220;1&#8243; disabled_on=&#8220;off|on|on&#8220; admin_label=&#8220;Header Mobile&#8220; _builder_version=&#8220;4.17.4&#8243; _module_preset=&#8220;default&#8220; background_image=&#8220;https:\/\/www.josephinegey.de\/josephine_gey\/wp-content\/uploads\/2022\/09\/Cantienica-Koeln-Wald-Outdoor-starker-Ruecken-Josephine-Gey_phone-2.jpg&#8220; global_colors_info=&#8220;{}&#8220;][et_pb_row disabled_on=&#8220;off|on|on&#8220; _builder_version=&#8220;4.17.4&#8243; _module_preset=&#8220;default&#8220; custom_margin=&#8220;||450px||false|false&#8220; global_colors_info=&#8220;{}&#8220;][et_pb_column type=&#8220;4_4&#8243; _builder_version=&#8220;4.17.4&#8243; _module_preset=&#8220;default&#8220; global_colors_info=&#8220;{}&#8220;][et_pb_text _builder_version=&#8220;4.27.5&#8243; _module_preset=&#8220;default&#8220; text_font=&#8220;Josefin Sans|300|||||||&#8220; text_font_size=&#8220;18px&#8220; header_font=&#8220;Josefin Sans|600|||||||&#8220; header_text_color=&#8220;#FFFFFF&#8220; header_font_size=&#8220;40px&#8220; header_line_height=&#8220;1.2em&#8220; header_6_font=&#8220;Josefin Sans|300|||||||&#8220; header_6_font_size=&#8220;20px&#8220; header_6_line_height=&#8220;1.3em&#8220; custom_margin=&#8220;||100px||false|false&#8220; header_font_size_tablet=&#8220;40px&#8220; header_font_size_phone=&#8220;32px&#8220; header_font_size_last_edited=&#8220;on|phone&#8220; header_text_shadow_style=&#8220;preset1&#8243; header_text_shadow_color=&#8220;rgba(0,0,0,0.71)&#8220; global_colors_info=&#8220;{}&#8220;]<\/p>\n<h1><span><b>Die CANTIENICA\u00ae Methode in Grimma<\/b><\/span><\/h1>\n<p>[\/et_pb_text][\/et_pb_column][\/et_pb_row][\/et_pb_section][et_pb_section fb_built=&#8220;1&#8243; fullwidth=&#8220;on&#8220; _builder_version=&#8220;4.17.4&#8243; _module_preset=&#8220;default&#8220; global_colors_info=&#8220;{}&#8220;][et_pb_fullwidth_image src=&#8220;https:\/\/www.josephinegey.de\/josephine_gey\/wp-content\/uploads\/2022\/09\/Cantienica-Koeln-Wald-Outdoor-starker-Ruecken-Josephine-Gey_mobile.jpg&#8220; alt=&#8220;Cantienica in K\u00f6ln &#8211; Outdoor in K\u00f6ln H\u00f6henhaus mit Josephine Gey Cantienica Instructor und Schauspielerin&#8220; title_text=&#8220;Cantienica-Koeln-Wald-Outdoor-starker-Ruecken-Josephine-Gey_mobile&#8220; disabled_on=&#8220;on|off|on&#8220; admin_label=&#8220;IMG Tablet&#8220; _builder_version=&#8220;4.17.4&#8243; _module_preset=&#8220;default&#8220; global_colors_info=&#8220;{}&#8220;][\/et_pb_fullwidth_image][\/et_pb_section][et_pb_section fb_built=&#8220;1&#8243; disabled_on=&#8220;on|on|off&#8220; _builder_version=&#8220;4.17.4&#8243; _module_preset=&#8220;default&#8220; background_color=&#8220;#f5f4f4&#8243; background_image=&#8220;https:\/\/www.josephinegey.de\/josephine_gey\/wp-content\/uploads\/2022\/09\/Cantienica-Koeln-Wald-Outdoor-starker-Ruecken-Josephine-Gey.jpg&#8220; width=&#8220;100%&#8220; max_width=&#8220;100%&#8220; global_colors_info=&#8220;{}&#8220;][et_pb_row column_structure=&#8220;2_5,3_5&#8243; custom_padding_last_edited=&#8220;on|desktop&#8220; module_id=&#8220;cantienica-methode&#8220; _builder_version=&#8220;4.17.4&#8243; _module_preset=&#8220;default&#8220; background_enable_image=&#8220;off&#8220; max_width=&#8220;80%&#8220; module_alignment=&#8220;right&#8220; custom_padding=&#8220;|40px||80px|false|false&#8220; custom_padding_tablet=&#8220;|100px||100px|false|false&#8220; custom_padding_phone=&#8220;|100px||100px|false|false&#8220; global_colors_info=&#8220;{}&#8220;][et_pb_column type=&#8220;2_5&#8243; _builder_version=&#8220;4.17.4&#8243; _module_preset=&#8220;default&#8220; global_colors_info=&#8220;{}&#8220;][\/et_pb_column][et_pb_column type=&#8220;3_5&#8243; _builder_version=&#8220;4.17.4&#8243; _module_preset=&#8220;default&#8220; global_colors_info=&#8220;{}&#8220;][et_pb_image src=&#8220;https:\/\/www.josephinegey.de\/josephine_gey\/wp-content\/uploads\/2022\/09\/cantienica-koeln_logo_stufe-1-white.png&#8220; alt=&#8220;Cantienica in K\u00f6ln &#8211; Outdoor in K\u00f6ln H\u00f6henhaus &#8211; starker R\u00fccken mit Josephine Gey Cantienica Instruktorin und Schauspielerin&#8220; title_text=&#8220;cantienica-koeln_logo_stufe-1-white&#8220; admin_label=&#8220;Cantienica Logo&#8220; _builder_version=&#8220;4.17.4&#8243; _module_preset=&#8220;default&#8220; width=&#8220;20%&#8220; max_width=&#8220;20%&#8220; custom_padding=&#8220;||20px||false|false&#8220; global_colors_info=&#8220;{}&#8220;][\/et_pb_image][et_pb_text _builder_version=&#8220;4.23.4&#8243; _module_preset=&#8220;default&#8220; text_font=&#8220;Josefin Sans|300|||||||&#8220; text_text_color=&#8220;#FFFFFF&#8220; text_font_size=&#8220;18px&#8220; header_font=&#8220;Josefin Sans|600|||||||&#8220; header_text_color=&#8220;#FFFFFF&#8220; header_font_size=&#8220;40px&#8220; header_line_height=&#8220;1.2em&#8220; header_6_font=&#8220;Josefin Sans|300|||||||&#8220; header_6_text_color=&#8220;#c6c6c6&#8243; header_6_font_size=&#8220;20px&#8220; header_6_line_height=&#8220;1.3em&#8220; width=&#8220;80%&#8220; global_colors_info=&#8220;{}&#8220;]<\/p>\n<h1><span><b>Die CANTIENICA\u00ae Methode<\/b><\/span><span><b>\u00a0in Grimma<\/b><\/span><\/h1>\n<h6><\/h6>\n<h6>Die CANTIENICA\u00ae-Methode ist ein optimales Ganzk\u00f6rpertraining, basierend auf einer anatomisch pr\u00e4zisen Ausrichtung der Knochen und Gelenke und Vernetzung der Beckenmuskulatur f\u00fcr einen starken Beckenbogen. Bei den \u00dcbungen wird die Tiefenmuskulatur trainiert und so die St\u00fctzmuskulatur des K\u00f6rpers gest\u00e4rkt.<span class=\"Apple-converted-space\">\u00a0<\/span><\/h6>\n<h6>Bauch, Beine und Po werden ganzheitlich effektiv trainiert und dabei gleichzeitig die Haltung und Ausrichtung aller Knochen und Gelenke optimiert. So wie die Natur uns urspr\u00fcnglich vorgesehen hat. Gesund, beweglich, aufrecht und sch\u00f6n.<span class=\"Apple-converted-space\">\u00a0<\/span><\/h6>\n<h6><\/h6>\n<h6>Es eignet sich f\u00fcr alle,<span class=\"Apple-converted-space\">\u00a0 <\/span>die aufrecht, schmerzfrei und vital durchs Leben gehen wollen, unabh\u00e4ngig von Kondition, aktuellen Beschwerden, Alter und Geschlecht.<span class=\"Apple-converted-space\">\u00a0<\/span><\/h6>\n<h6>Trainiert wird in kleinen Gruppen, bei Bedarf auch im Einzelunterricht. Unter pers\u00f6nlicher Anleitung und Begleitung, kann jeder Teilnehmer seine eigenen Grenzen ausloten &#8211; von kraftvoll bis sanft und je nach Tagesform.<span class=\"Apple-converted-space\">\u00a0<\/span><\/h6>\n<h6><\/h6>\n<h6>Die CANTIENICA\u00ae-Methode wird von \u00c4rzten, Physiotherapeuten und Hebammen empfohlen.<\/h6>\n<p>[\/et_pb_text][\/et_pb_column][\/et_pb_row][\/et_pb_section][et_pb_section fb_built=&#8220;1&#8243; disabled_on=&#8220;on|off|on&#8220; admin_label=&#8220;Die Cantienica Methode Tablet&#8220; _builder_version=&#8220;4.17.4&#8243; _module_preset=&#8220;default&#8220; global_colors_info=&#8220;{}&#8220;][et_pb_row _builder_version=&#8220;4.17.4&#8243; _module_preset=&#8220;default&#8220; global_colors_info=&#8220;{}&#8220;][et_pb_column type=&#8220;4_4&#8243; _builder_version=&#8220;4.17.4&#8243; _module_preset=&#8220;default&#8220; global_colors_info=&#8220;{}&#8220;][et_pb_text _builder_version=&#8220;4.27.5&#8243; _module_preset=&#8220;default&#8220; text_font=&#8220;Josefin Sans|300|||||||&#8220; text_font_size=&#8220;18px&#8220; header_font=&#8220;Josefin Sans|600|||||||&#8220; header_font_size=&#8220;40px&#8220; header_line_height=&#8220;1.2em&#8220; header_6_font=&#8220;Josefin Sans|300|||||||&#8220; header_6_font_size=&#8220;20px&#8220; header_6_line_height=&#8220;1.3em&#8220; global_colors_info=&#8220;{}&#8220;]<\/p>\n<h1><span><b>Die CANTIENICA\u00ae Methode in Grimma<\/b><\/span><span style=\"color: #e02b20;\"><strong><\/strong><\/span><\/h1>\n<h6><span><\/span><\/h6>\n<h6>Die CANTIENICA\u00ae-Methode ist ein optimales Ganzk\u00f6rpertraining, basierend auf einer anatomisch pr\u00e4zisen Ausrichtung der Knochen und Gelenke und Vernetzung der Beckenmuskulatur. Bei den \u00dcbungen wird die Tiefenmuskulatur trainiert und so die St\u00fctzmuskulatur des K\u00f6rpers gest\u00e4rkt.<span class=\"Apple-converted-space\">\u00a0<\/span><\/h6>\n<h6>Bauch, Beine und Po werden ganzheitlich effektiv trainiert und dabei gleichzeitig die Haltung und Ausrichtung aller Knochen und Gelenke optimiert. So wie die Natur uns urspr\u00fcnglich vorgesehen hat. Gesund, beweglich, aufrecht und sch\u00f6n.<span class=\"Apple-converted-space\">\u00a0<\/span><\/h6>\n<h6><\/h6>\n<h6>Es eignet sich f\u00fcr alle,<span class=\"Apple-converted-space\">\u00a0 <\/span>die aufrecht, schmerzfrei und vital durchs Leben gehen wollen, unabh\u00e4ngig von Kondition, aktuellen Beschwerden, Alter und Geschlecht.<span class=\"Apple-converted-space\">\u00a0<\/span><\/h6>\n<h6>Trainiert wird in kleinen Gruppen, bei Bedarf auch im Einzelunterricht. Unter pers\u00f6nlicher Anleitung und Begleitung, kann jeder Teilnehmer seine eigenen Grenzen ausloten &#8211; von kraftvoll bis sanft und je nach Tagesform.<span class=\"Apple-converted-space\">\u00a0<\/span><\/h6>\n<h6><\/h6>\n<h6>Die CANTIENICA\u00ae-Methode wird von \u00c4rzten, Physiotherapeuten und Hebammen empfohlen.<\/h6>\n<p>[\/et_pb_text][\/et_pb_column][\/et_pb_row][\/et_pb_section][et_pb_section fb_built=&#8220;1&#8243; disabled_on=&#8220;off|on|on&#8220; admin_label=&#8220;Die Cantienica Methode Phone&#8220; _builder_version=&#8220;4.17.4&#8243; _module_preset=&#8220;default&#8220; global_colors_info=&#8220;{}&#8220;][et_pb_row custom_padding_last_edited=&#8220;on|phone&#8220; _builder_version=&#8220;4.27.6&#8243; _module_preset=&#8220;default&#8220; width=&#8220;90%&#8220; custom_padding_tablet=&#8220;&#8220; custom_padding_phone=&#8220;0px||||false|false&#8220; global_colors_info=&#8220;{}&#8220;][et_pb_column type=&#8220;4_4&#8243; _builder_version=&#8220;4.17.4&#8243; _module_preset=&#8220;default&#8220; global_colors_info=&#8220;{}&#8220;][et_pb_text _builder_version=&#8220;4.23.4&#8243; _module_preset=&#8220;default&#8220; text_font=&#8220;Josefin Sans|300|||||||&#8220; text_font_size=&#8220;18px&#8220; header_font=&#8220;Josefin Sans|600|||||||&#8220; header_font_size=&#8220;40px&#8220; header_line_height=&#8220;1.2em&#8220; header_6_font=&#8220;Josefin Sans|300|||||||&#8220; header_6_font_size=&#8220;20px&#8220; header_6_line_height=&#8220;1.3em&#8220; global_colors_info=&#8220;{}&#8220;]<\/p>\n<h6>Die CANTIENICA\u00ae-Methode ist ein optimales Ganzk\u00f6rpertraining, basierend auf einer anatomisch pr\u00e4zisen Ausrichtung der Knochen und Gelenke und Vernetzung der Beckenmuskulatur. Bei den \u00dcbungen wird die Tiefenmuskulatur trainiert und so die St\u00fctzmuskulatur des K\u00f6rpers gest\u00e4rkt.<span class=\"Apple-converted-space\">\u00a0<\/span><\/h6>\n<h6>Bauch, Beine und Po werden ganzheitlich effektiv trainiert und dabei gleichzeitig die Haltung und Ausrichtung aller Knochen und Gelenke optimiert. So wie die Natur uns urspr\u00fcnglich vorgesehen hat. Gesund, beweglich, aufrecht und sch\u00f6n.<span class=\"Apple-converted-space\">\u00a0<\/span><\/h6>\n<h6><\/h6>\n<h6>Es eignet sich f\u00fcr alle,<span class=\"Apple-converted-space\">\u00a0 <\/span>die aufrecht, schmerzfrei und vital durchs Leben gehen wollen, unabh\u00e4ngig von Kondition, aktuellen Beschwerden, Alter und Geschlecht.<span class=\"Apple-converted-space\">\u00a0<\/span><\/h6>\n<h6>Trainiert wird in kleinen Gruppen, bei Bedarf auch im Einzelunterricht. Unter pers\u00f6nlicher Anleitung und Begleitung, kann jeder Teilnehmer seine eigenen Grenzen ausloten &#8211; von kraftvoll bis sanft und je nach Tagesform.<span class=\"Apple-converted-space\">\u00a0<\/span><\/h6>\n<h6><\/h6>\n<h6>Die CANTIENICA\u00ae-Methode wird von \u00c4rzten, Physiotherapeuten und Hebammen empfohlen.<\/h6>\n<p>[\/et_pb_text][\/et_pb_column][\/et_pb_row][\/et_pb_section][et_pb_section fb_built=&#8220;1&#8243; custom_padding_last_edited=&#8220;on|phone&#8220; _builder_version=&#8220;4.27.6&#8243; _module_preset=&#8220;default&#8220; background_color=&#8220;#f5f4f4&#8243; custom_padding_tablet=&#8220;&#8220; custom_padding_phone=&#8220;10px||||false|false&#8220; global_colors_info=&#8220;{}&#8220;][et_pb_row column_structure=&#8220;1_2,1_2&#8243; _builder_version=&#8220;4.27.6&#8243; _module_preset=&#8220;default&#8220; width_tablet=&#8220;&#8220; width_phone=&#8220;90%&#8220; width_last_edited=&#8220;on|phone&#8220; custom_margin=&#8220;150px||||false|false&#8220; custom_margin_tablet=&#8220;20px||||false|false&#8220; custom_margin_phone=&#8220;20px||||false|false&#8220; custom_margin_last_edited=&#8220;on|desktop&#8220; global_colors_info=&#8220;{}&#8220;][et_pb_column type=&#8220;1_2&#8243; _builder_version=&#8220;4.17.4&#8243; _module_preset=&#8220;default&#8220; global_colors_info=&#8220;{}&#8220;][et_pb_text _builder_version=&#8220;4.17.4&#8243; _module_preset=&#8220;default&#8220; header_3_font=&#8220;Josefin Sans||||||||&#8220; header_3_font_size=&#8220;24px&#8220; header_6_font=&#8220;Josefin Sans|300|||||||&#8220; header_6_font_size=&#8220;20px&#8220; header_6_line_height=&#8220;1.4em&#8220; global_colors_info=&#8220;{}&#8220;]<\/p>\n<h3><span><b>Ein Einstieg ist jederzeit m\u00f6glich<\/b><\/span><\/h3>\n<h6>Um Begriffe, Anatomie und ein erstes Gef\u00fchl f\u00fcr die CANTIENICA\u00ae-Methode zu erhalten, findet im besten Falle<b> <\/b>ein<b> Einf\u00fchrungsworkshop<\/b> statt. Es gibt neben \u201eTheorie\u201c auch praktische \u00dcbungen und Haltungstipps f\u00fcr den Alltag. Sollte kein Workshop zustande kommen, gibt es vor dem Training eine grobe Einf\u00fchrung.<span class=\"Apple-converted-space\">\u00a0<\/span><\/h6>\n<h6>Danach kann in jeder Gruppe mit dem Training begonnen werden, um Muskeln aufzubauen, neu Gelerntes zu festigen und neue K\u00f6rper- und Haltungsmuster anzunehmen.<span class=\"Apple-converted-space\">\u00a0<\/span><\/h6>\n<h6><b><i>Bitte bequeme Kleidung tragen und eine eigene Gymnastikmatte mitbringen!<\/i><\/b><\/h6>\n<p>[\/et_pb_text][\/et_pb_column][et_pb_column type=&#8220;1_2&#8243; _builder_version=&#8220;4.17.4&#8243; _module_preset=&#8220;default&#8220; global_colors_info=&#8220;{}&#8220;][et_pb_text _builder_version=&#8220;4.27.5&#8243; _module_preset=&#8220;default&#8220; header_3_font=&#8220;Josefin Sans||||||||&#8220; header_3_font_size=&#8220;24px&#8220; header_6_font=&#8220;Josefin Sans|300|||||||&#8220; header_6_font_size=&#8220;20px&#8220; header_6_line_height=&#8220;1.4em&#8220; custom_margin=&#8220;40px||||false|false&#8220; custom_margin_tablet=&#8220;40px||||false|false&#8220; custom_margin_phone=&#8220;40px||||false|false&#8220; custom_margin_last_edited=&#8220;on|phone&#8220; global_colors_info=&#8220;{}&#8220;]<\/p>\n<h3><span><b>Sie lernen:<\/b><\/span><\/h3>\n<ul>\n<li>\n<h6>die Wirbels\u00e4ule aufzurichten und alle Gelenke optimal aufeinander auszurichten<span class=\"Apple-converted-space\">\u00a0<\/span><\/h6>\n<\/li>\n<li>\n<h6>gezielt die Tiefenmuskulatur zu ersp\u00fcren und zu trainieren<\/h6>\n<\/li>\n<li>\n<h6>den Beckenboden zu aktivieren und als Kraftzentrum f\u00fcr alle Bewegungen zu nutzen<\/h6>\n<\/li>\n<li>\n<h6>die Haltung im Alltag zu optimieren, am Schreibtisch, beim Heben, beim Stillen, &#8230;<\/h6>\n<\/li>\n<li>\n<h6>u.v.m.<\/h6>\n<\/li>\n<\/ul>\n<p>[\/et_pb_text][\/et_pb_column][\/et_pb_row][et_pb_row _builder_version=&#8220;4.27.6&#8243; _module_preset=&#8220;default&#8220; width=&#8220;40%&#8220; width_tablet=&#8220;90%&#8220; width_phone=&#8220;90%&#8220; width_last_edited=&#8220;on|phone&#8220; max_width=&#8220;80%&#8220; hover_enabled=&#8220;0&#8243; global_colors_info=&#8220;{}&#8220; sticky_enabled=&#8220;0&#8243; custom_margin_last_edited=&#8220;off|phone&#8220; custom_padding_last_edited=&#8220;on|phone&#8220; custom_padding_phone=&#8220;||0px||false|false&#8220;][et_pb_column type=&#8220;4_4&#8243; _builder_version=&#8220;4.17.4&#8243; _module_preset=&#8220;default&#8220; global_colors_info=&#8220;{}&#8220;][et_pb_image src=&#8220;https:\/\/www.josephinegey.de\/josephine_gey\/wp-content\/uploads\/2022\/06\/Cantienica-in-Koeln@2x.jpg&#8220; alt=&#8220;Josephine Gey &#8211; Cantienica Instruktorin und Schauspielerin aus K\u00f6ln&#8220; title_text=&#8220;Cantienica-in-Koeln@2x&#8220; _builder_version=&#8220;4.17.4&#8243; _module_preset=&#8220;default&#8220; global_colors_info=&#8220;{}&#8220;][\/et_pb_image][\/et_pb_column][\/et_pb_row][et_pb_row _builder_version=&#8220;4.27.6&#8243; _module_preset=&#8220;default&#8220; width_tablet=&#8220;100%&#8220; width_phone=&#8220;99%&#8220; width_last_edited=&#8220;on|phone&#8220; max_width=&#8220;960px&#8220; max_width_tablet=&#8220;100%&#8220; max_width_phone=&#8220;99%&#8220; max_width_last_edited=&#8220;on|desktop&#8220; custom_margin=&#8220;150px||||false|false&#8220; custom_margin_tablet=&#8220;150px||||false|false&#8220; custom_margin_phone=&#8220;0px||||false|false&#8220; custom_margin_last_edited=&#8220;on|phone&#8220; hover_enabled=&#8220;0&#8243; global_colors_info=&#8220;{}&#8220; sticky_enabled=&#8220;0&#8243;][et_pb_column type=&#8220;4_4&#8243; _builder_version=&#8220;4.17.4&#8243; _module_preset=&#8220;default&#8220; global_colors_info=&#8220;{}&#8220;][et_pb_text admin_label=&#8220;CANTIENICA\u00ae ist effektiv f\u00fcr&#8220; _builder_version=&#8220;4.27.6&#8243; _module_preset=&#8220;default&#8220; header_2_font=&#8220;Josefin Sans|600|||||||&#8220; header_2_font_size=&#8220;32px&#8220; header_2_line_height=&#8220;1.2em&#8220; header_6_font=&#8220;Josefin Sans|300|||||||&#8220; header_6_text_align=&#8220;center&#8220; header_6_font_size=&#8220;16px&#8220; header_6_line_height=&#8220;1.2em&#8220; width=&#8220;70%&#8220; width_tablet=&#8220;80%&#8220; width_phone=&#8220;98%&#8220; width_last_edited=&#8220;on|phone&#8220; max_width=&#8220;70%&#8220; max_width_tablet=&#8220;80%&#8220; max_width_phone=&#8220;98%&#8220; max_width_last_edited=&#8220;on|desktop&#8220; module_alignment=&#8220;center&#8220; custom_margin=&#8220;40px||||false|false&#8220; custom_margin_tablet=&#8220;20px||||false|false&#8220; custom_margin_phone=&#8220;10px||||false|false&#8220; custom_margin_last_edited=&#8220;on|phone&#8220; hover_enabled=&#8220;0&#8243; global_colors_info=&#8220;{}&#8220; header_2_font_size_last_edited=&#8220;on|phone&#8220; header_2_font_size_phone=&#8220;24px&#8220; sticky_enabled=&#8220;0&#8243; header_2_font_size_tablet=&#8220;32px&#8220;]<\/p>\n<h2 style=\"text-align: center;\"><strong>Diese Beschwerden k\u00f6nnen Sie mit CANTIENICA\u00ae aktiv lindern:<\/strong><\/h2>\n<p>[\/et_pb_text][et_pb_text _builder_version=&#8220;4.27.6&#8243; _module_preset=&#8220;default&#8220; text_orientation=&#8220;center&#8220; width_tablet=&#8220;&#8220; width_phone=&#8220;90%&#8220; width_last_edited=&#8220;on|phone&#8220; hover_enabled=&#8220;0&#8243; module_alignment_tablet=&#8220;&#8220; module_alignment_phone=&#8220;center&#8220; module_alignment_last_edited=&#8220;on|phone&#8220; global_colors_info=&#8220;{}&#8220; sticky_enabled=&#8220;0&#8243; max_width_last_edited=&#8220;off|phone&#8220;]<\/p>\n<p style=\"font-size: 16px; line-height: 1.5;\"><span>Das Training bietet die ideale Unterst\u00fctzung f\u00fcr einen starken <\/span><b data-path-to-node=\"5,1\" data-index-in-node=\"63\">Beckenboden <\/b><span>in jeder Lebensphase. Besonders w\u00e4hrend der <\/span><b data-path-to-node=\"5,1\" data-index-in-node=\"119\">Schwangerschaft <\/b><span>und zur \u00a0<\/span><b data-path-to-node=\"5,1\" data-index-in-node=\"143\">R\u00fcckbildung <\/b><span>hilft die Methode, den \u00a0<\/span><b data-path-to-node=\"5,1\" data-index-in-node=\"178\">Beckenboden <\/b><span>funktionell zu kr\u00e4ftigen und die K\u00f6rperhaltung nachhaltig zu stabilisieren. Von dieser Tiefenkraft profitieren jedoch nicht nur junge M\u00fctter, sondern auch Profisportler, die ihre Leistung durch eine pr\u00e4zise Ausrichtung optimieren wollen.<\/span><\/p>\n<p>[\/et_pb_text][\/et_pb_column][\/et_pb_row][et_pb_row column_structure=&#8220;1_5,1_5,1_5,1_5,1_5&#8243; _builder_version=&#8220;4.27.6&#8243; _module_preset=&#8220;default&#8220; width=&#8220;85%&#8220; width_tablet=&#8220;70%&#8220; width_phone=&#8220;70%&#8220; width_last_edited=&#8220;on|tablet&#8220; max_width=&#8220;85%&#8220; max_width_tablet=&#8220;70%&#8220; max_width_phone=&#8220;70%&#8220; max_width_last_edited=&#8220;on|tablet&#8220; hover_enabled=&#8220;0&#8243; global_colors_info=&#8220;{}&#8220; sticky_enabled=&#8220;0&#8243; custom_margin=&#8220;||||false|false&#8220; custom_padding=&#8220;||||false|false&#8220; custom_padding_last_edited=&#8220;on|phone&#8220; custom_padding_phone=&#8220;||0px||false|false&#8220; custom_padding_tablet=&#8220;||||false|false&#8220;][et_pb_column type=&#8220;1_5&#8243; _builder_version=&#8220;4.17.4&#8243; _module_preset=&#8220;default&#8220; global_colors_info=&#8220;{}&#8220;][et_pb_text _builder_version=&#8220;4.27.6&#8243; _module_preset=&#8220;default&#8220; text_font_size=&#8220;16px&#8220; header_font=&#8220;||||||||&#8220; header_3_font=&#8220;|600|||||||&#8220; header_4_font=&#8220;Josefin Sans|500|||||||&#8220; header_4_font_size=&#8220;16px&#8220; header_5_font=&#8220;Josefin Sans|500|||||||&#8220; text_orientation=&#8220;center&#8220; hover_enabled=&#8220;0&#8243; global_colors_info=&#8220;{}&#8220; content_last_edited=&#8220;on|phone&#8220; sticky_enabled=&#8220;0&#8243; content_phone=&#8220;<\/p>\n<h3 style=%22text-align: left;%22><strong><span style=%22color: #e26262;%22>\u25ce <\/span><\/strong>Gelenkarthrosen<\/h3>\n<p>&#8220; content_tablet=&#8220;<\/p>\n<h4 style=%22text-align: center;%22><strong><span style=%22color: #e26262;%22>\u25ce<\/span><\/strong><\/h4>\n<h3 style=%22text-align: center;%22>Gelenkarthrosen<\/h3>\n<p>Anatomische Neuausrichtung schafft Raum im Gelenk und minimiert den Knorpeldruck. Tiefenmuskulatur stabilisiert die Gelenke f\u00fcr eine schmerzfreie Beweglichkeit.<\/p>\n<p>&#8222;]<\/p>\n<h4 style=\"text-align: center;\"><strong><span style=\"color: #e26262;\">\u25ce<\/span><\/strong><\/h4>\n<h3 style=\"text-align: center;\">Gelenkarthrosen<\/h3>\n<p>Anatomische Neuausrichtung schafft Raum im Gelenk und minimiert den Knorpeldruck. Tiefenmuskulatur stabilisiert die Gelenke f\u00fcr eine schmerzfreie Beweglichkeit.<\/p>\n<p>[\/et_pb_text][\/et_pb_column][et_pb_column type=&#8220;1_5&#8243; _builder_version=&#8220;4.17.4&#8243; _module_preset=&#8220;default&#8220; global_colors_info=&#8220;{}&#8220;][et_pb_text _builder_version=&#8220;4.27.6&#8243; _module_preset=&#8220;default&#8220; header_font=&#8220;||||||||&#8220; header_3_font=&#8220;|600|||||||&#8220; header_4_font=&#8220;Josefin Sans|500|||||||&#8220; header_4_font_size=&#8220;16px&#8220; header_5_font=&#8220;Josefin Sans|500|||||||&#8220; hover_enabled=&#8220;0&#8243; global_colors_info=&#8220;{}&#8220; content_last_edited=&#8220;on|phone&#8220; content_phone=&#8220;<\/p>\n<h3 style=%22text-align: left;%22><strong><span style=%22color: #e26262;%22>\u25ce <\/span><\/strong>O-Beine\/X-Beine<\/h3>\n<p>&#8220; sticky_enabled=&#8220;0&#8243; content_tablet=&#8220;<\/p>\n<h4 style=%22text-align: center;%22><strong><span style=%22color: #e26262;%22>\u25ce<\/span><\/strong><\/h4>\n<h3 style=%22text-align: center;%22>O-Beine\/X-Beine<\/h3>\n<p style=%22text-align: center;%22><span>Die Korrektur der Beinachsen entlastet die Gelenke und stellt die Symmetrie wieder her. Gezieltes Training f\u00fchrt die Knochen sanft in ihre nat\u00fcrliche Statik zur\u00fcck.<\/span><\/p>\n<p>&#8222;]<\/p>\n<h4 style=\"text-align: center;\"><strong><span style=\"color: #e26262;\">\u25ce<\/span><\/strong><\/h4>\n<h3 style=\"text-align: center;\">O-Beine\/X-Beine<\/h3>\n<p style=\"text-align: center;\"><span>Die Korrektur der Beinachsen entlastet die Gelenke und stellt die Symmetrie wieder her. Gezieltes Training f\u00fchrt die Knochen sanft in ihre nat\u00fcrliche Statik zur\u00fcck.<\/span><\/p>\n<p>[\/et_pb_text][\/et_pb_column][et_pb_column type=&#8220;1_5&#8243; _builder_version=&#8220;4.17.4&#8243; _module_preset=&#8220;default&#8220; global_colors_info=&#8220;{}&#8220;][et_pb_text _builder_version=&#8220;4.27.6&#8243; _module_preset=&#8220;default&#8220; header_font=&#8220;||||||||&#8220; header_3_font=&#8220;|600|||||||&#8220; header_4_font=&#8220;Josefin Sans|500|||||||&#8220; header_4_font_size=&#8220;16px&#8220; header_5_font=&#8220;Josefin Sans|500|||||||&#8220; text_orientation=&#8220;center&#8220; hover_enabled=&#8220;0&#8243; global_colors_info=&#8220;{}&#8220; content_last_edited=&#8220;on|phone&#8220; content_phone=&#8220;<\/p>\n<h3 style=%22text-align: left;%22><strong><span style=%22color: #e26262;%22>\u25ce <\/span><\/strong>Fu\u00dfdeformationen<span><\/span><\/h3>\n<p>&#8220; sticky_enabled=&#8220;0&#8243; content_tablet=&#8220;<\/p>\n<h4 style=%22text-align: center;%22><strong><span style=%22color: #e26262;%22>\u25ce<\/span><\/strong><\/h4>\n<h3 style=%22text-align: center;%22>Fu\u00dfdeformationen<\/h3>\n<p><span>Die Neuausrichtung des Fundaments korrigiert Fehlstellungen wie Hallux Valgus aktiv. Eine gest\u00e4rkte Fu\u00dfmuskulatur verbessert die gesamte Statik und Ihren Gang.<\/span><\/p>\n<p>&#8222;]<\/p>\n<h4 style=\"text-align: center;\"><strong><span style=\"color: #e26262;\">\u25ce<\/span><\/strong><\/h4>\n<h3 style=\"text-align: center;\">Fu\u00dfdeformationen<\/h3>\n<p><span>Die Neuausrichtung des Fundaments korrigiert Fehlstellungen wie Hallux Valgus aktiv. Eine gest\u00e4rkte Fu\u00dfmuskulatur verbessert die gesamte Statik und Ihren Gang.<\/span><\/p>\n<p>[\/et_pb_text][\/et_pb_column][et_pb_column type=&#8220;1_5&#8243; _builder_version=&#8220;4.17.4&#8243; _module_preset=&#8220;default&#8220; global_colors_info=&#8220;{}&#8220;][et_pb_text _builder_version=&#8220;4.27.6&#8243; _module_preset=&#8220;default&#8220; text_font_size=&#8220;16px&#8220; header_font=&#8220;||||||||&#8220; header_3_font=&#8220;|600|||||||&#8220; header_4_font=&#8220;Josefin Sans|500|||||||&#8220; header_4_font_size=&#8220;16px&#8220; header_5_font=&#8220;Josefin Sans|500|||||||&#8220; text_orientation=&#8220;center&#8220; hover_enabled=&#8220;0&#8243; global_colors_info=&#8220;{}&#8220; content_last_edited=&#8220;on|phone&#8220; content_phone=&#8220;<\/p>\n<h3 style=%22text-align: left;%22><strong><span style=%22color: #e26262;%22>\u25ce <\/span><\/strong>Schiefst\u00e4nde<span><\/span><\/h3>\n<p>&#8220; sticky_enabled=&#8220;0&#8243; content_tablet=&#8220;<\/p>\n<h4 style=%22text-align: center;%22><strong><span style=%22color: #e26262;%22>\u25ce<\/span><\/strong><\/h4>\n<h3 style=%22text-align: center;%22>Schiefst\u00e4nde<\/h3>\n<p><span>Die Mobilisierung von Becken und Wirbels\u00e4ule bringt den K\u00f6rper zur\u00fcck ins Lot. Muskul\u00e4re Dysbalancen werden ausgeglichen und die Symmetrie gef\u00f6rdert.<\/span><\/p>\n<p>&#8222;]<\/p>\n<h4 style=\"text-align: center;\"><strong><span style=\"color: #e26262;\">\u25ce<\/span><\/strong><\/h4>\n<h3 style=\"text-align: center;\">Schiefst\u00e4nde<\/h3>\n<p><span>Die Mobilisierung von Becken und Wirbels\u00e4ule bringt den K\u00f6rper zur\u00fcck ins Lot. Muskul\u00e4re Dysbalancen werden ausgeglichen und die Symmetrie gef\u00f6rdert.<\/span><\/p>\n<p>[\/et_pb_text][\/et_pb_column][et_pb_column type=&#8220;1_5&#8243; _builder_version=&#8220;4.17.4&#8243; _module_preset=&#8220;default&#8220; global_colors_info=&#8220;{}&#8220;][et_pb_text disabled_on=&#8220;off|on|off&#8220; _builder_version=&#8220;4.27.6&#8243; _module_preset=&#8220;default&#8220; header_font=&#8220;||||||||&#8220; header_3_font=&#8220;|600|||||||&#8220; header_4_font=&#8220;Josefin Sans|500|||||||&#8220; header_4_font_size=&#8220;16px&#8220; header_5_font=&#8220;Josefin Sans|500|||||||&#8220; text_orientation=&#8220;center&#8220; hover_enabled=&#8220;0&#8243; global_colors_info=&#8220;{}&#8220; content_last_edited=&#8220;on|phone&#8220; content_phone=&#8220;<\/p>\n<h3 style=%22text-align: left;%22><strong><span style=%22color: #e26262;%22>\u25ce <\/span><\/strong>(Organ) Senkungen<span><\/span><\/h3>\n<p>&#8220; sticky_enabled=&#8220;0&#8243; content_tablet=&#8220;<\/p>\n<h4 style=%22text-align: center;%22><strong><span style=%22color: #e26262;%22>\u25ce<\/span><\/strong><\/h4>\n<h3 style=%22text-align: center;%22>(Organ)Senkungen<\/h3>\n<p><span>Beckenaufrichtung und tiefe Haltestrukturen geben Organen wieder ihren nat\u00fcrlichen Platz. Der gewonnene Raum im Bauchraum nimmt den Druck sp\u00fcrbar von der Beckenpforte.<\/span><\/p>\n<p>&#8222;]<\/p>\n<h4 style=\"text-align: center;\"><strong><span style=\"color: #e26262;\">\u25ce<\/span><\/strong><\/h4>\n<h3 style=\"text-align: center;\">(Organ)Senkungen<\/h3>\n<p><span>Beckenaufrichtung und tiefe Haltestrukturen geben Organen wieder ihren nat\u00fcrlichen Platz. Der gewonnene Raum im Bauchraum nimmt den Druck sp\u00fcrbar von der Beckenpforte.<\/span><\/p>\n<p>[\/et_pb_text][\/et_pb_column][\/et_pb_row][et_pb_row column_structure=&#8220;1_5,1_5,1_5,1_5,1_5&#8243; _builder_version=&#8220;4.27.6&#8243; _module_preset=&#8220;default&#8220; width=&#8220;85%&#8220; width_tablet=&#8220;70%&#8220; width_phone=&#8220;70%&#8220; width_last_edited=&#8220;on|tablet&#8220; max_width=&#8220;85%&#8220; max_width_tablet=&#8220;70%&#8220; max_width_phone=&#8220;70%&#8220; max_width_last_edited=&#8220;on|tablet&#8220; hover_enabled=&#8220;0&#8243; global_colors_info=&#8220;{}&#8220; sticky_enabled=&#8220;0&#8243;][et_pb_column type=&#8220;1_5&#8243; _builder_version=&#8220;4.17.4&#8243; _module_preset=&#8220;default&#8220; global_colors_info=&#8220;{}&#8220;][et_pb_text _builder_version=&#8220;4.27.6&#8243; _module_preset=&#8220;default&#8220; header_font=&#8220;||||||||&#8220; header_3_font=&#8220;|600|||||||&#8220; header_4_font=&#8220;Josefin Sans|500|||||||&#8220; header_4_font_size=&#8220;16px&#8220; header_5_font=&#8220;Josefin Sans|500|||||||&#8220; text_orientation=&#8220;center&#8220; custom_margin=&#8220;||||false|false&#8220; hover_enabled=&#8220;0&#8243; global_colors_info=&#8220;{}&#8220; content_last_edited=&#8220;on|phone&#8220; content_phone=&#8220;<\/p>\n<h3 style=%22text-align: left;%22><strong><span style=%22color: #e26262;%22>\u25ce <\/span><\/strong>Rektus Diastase<span><\/span><\/h3>\n<p>&#8220; sticky_enabled=&#8220;0&#8243; content_tablet=&#8220;<\/p>\n<h4 style=%22text-align: center;%22><strong><span style=%22color: #e26262;%22>\u25ce<\/span><\/strong><\/h4>\n<h3 style=%22text-align: center;%22>Rektus Diastase<\/h3>\n<p><span>Die Vernetzung von Bauchwand und Beckenboden schlie\u00dft den Spalt funktionell. Ihre K\u00f6rpermitte gewinnt durch tiefe Stabilit\u00e4t ihre nat\u00fcrliche Form zur\u00fcck.<\/span><\/p>\n<p>&#8222;]<\/p>\n<h4 style=\"text-align: center;\"><strong><span style=\"color: #e26262;\">\u25ce<\/span><\/strong><\/h4>\n<h3 style=\"text-align: center;\">Rektus Diastase<\/h3>\n<p><span>Die Vernetzung von Bauchwand und Beckenboden schlie\u00dft den Spalt funktionell. Ihre K\u00f6rpermitte gewinnt durch tiefe Stabilit\u00e4t ihre nat\u00fcrliche Form zur\u00fcck.<\/span><\/p>\n<p>[\/et_pb_text][\/et_pb_column][et_pb_column type=&#8220;1_5&#8243; _builder_version=&#8220;4.17.4&#8243; _module_preset=&#8220;default&#8220; global_colors_info=&#8220;{}&#8220;][et_pb_text _builder_version=&#8220;4.27.6&#8243; _module_preset=&#8220;default&#8220; header_font=&#8220;||||||||&#8220; header_3_font=&#8220;|600|||||||&#8220; header_4_font=&#8220;Josefin Sans|500|||||||&#8220; header_4_font_size=&#8220;16px&#8220; header_5_font=&#8220;Josefin Sans|500|||||||&#8220; text_orientation=&#8220;center&#8220; hover_enabled=&#8220;0&#8243; global_colors_info=&#8220;{}&#8220; content_last_edited=&#8220;on|phone&#8220; content_phone=&#8220;<\/p>\n<h3 style=%22text-align: left;%22><strong><span style=%22color: #e26262;%22>\u25ce <\/span><\/strong>Bandscheibenvorf\u00e4lle<span><\/span><\/h3>\n<p>&#8220; sticky_enabled=&#8220;0&#8243; content_tablet=&#8220;<\/p>\n<h4 style=%22text-align: center;%22><strong><span style=%22color: #e26262;%22>\u25ce<\/span><\/strong><\/h4>\n<h3 style=%22text-align: center;%22>Bandscheibenvorf\u00e4lle<\/h3>\n<p><span>Aktive Aufspannung der Wirbels\u00e4ule schafft Platz und entlastet die Bandscheiben sofort. Starke autochthone Muskeln st\u00fctzen das Skelett und beugen Verschlei\u00df effektiv vor.<\/span><\/p>\n<p>&#8222;]<\/p>\n<h4 style=\"text-align: center;\"><strong><span style=\"color: #e26262;\">\u25ce<\/span><\/strong><\/h4>\n<h3 style=\"text-align: center;\">Bandscheibenvorf\u00e4lle<\/h3>\n<p><span>Aktive Aufspannung der Wirbels\u00e4ule schafft Platz und entlastet die Bandscheiben sofort. Starke autochthone Muskeln st\u00fctzen das Skelett und beugen Verschlei\u00df effektiv vor.<\/span><\/p>\n<p>[\/et_pb_text][\/et_pb_column][et_pb_column type=&#8220;1_5&#8243; _builder_version=&#8220;4.17.4&#8243; _module_preset=&#8220;default&#8220; global_colors_info=&#8220;{}&#8220;][et_pb_text _builder_version=&#8220;4.27.6&#8243; _module_preset=&#8220;default&#8220; header_font=&#8220;||||||||&#8220; header_3_font=&#8220;|600|||||||&#8220; header_4_font=&#8220;Josefin Sans|500|||||||&#8220; header_4_font_size=&#8220;16px&#8220; header_5_font=&#8220;Josefin Sans|500|||||||&#8220; text_orientation=&#8220;center&#8220; hover_enabled=&#8220;0&#8243; global_colors_info=&#8220;{}&#8220; content_last_edited=&#8220;on|phone&#8220; content_phone=&#8220;<\/p>\n<h3 style=%22text-align: left;%22><strong><span style=%22color: #e26262;%22>\u25ce <\/span><\/strong>R\u00fcckenprobleme<span><\/span><\/h3>\n<p>&#8220; sticky_enabled=&#8220;0&#8243; content_tablet=&#8220;<\/p>\n<h4 style=%22text-align: center;%22><strong><span style=%22color: #e26262;%22>\u25ce<\/span><\/strong><\/h4>\n<h3 style=%22text-align: center;%22>R\u00fcckenprobleme<\/h3>\n<p><span>Die R\u00fcckkehr zur nat\u00fcrlichen Haltung l\u00f6st Verspannungen und lindert Schmerzen nachhaltig. Tiefenmuskeln \u00fcbernehmen die tragende Haltearbeit und entlasten den R\u00fccken.<\/span><\/p>\n<p>&#8222;]<\/p>\n<h4 style=\"text-align: center;\"><strong><span style=\"color: #e26262;\">\u25ce<\/span><\/strong><\/h4>\n<h3 style=\"text-align: center;\">R\u00fcckenprobleme<\/h3>\n<p><span>Die R\u00fcckkehr zur nat\u00fcrlichen Haltung l\u00f6st Verspannungen und lindert Schmerzen nachhaltig. Tiefenmuskeln \u00fcbernehmen die tragende Haltearbeit und entlasten den R\u00fccken.<\/span><\/p>\n<p>[\/et_pb_text][\/et_pb_column][et_pb_column type=&#8220;1_5&#8243; _builder_version=&#8220;4.17.4&#8243; _module_preset=&#8220;default&#8220; global_colors_info=&#8220;{}&#8220;][et_pb_text _builder_version=&#8220;4.27.6&#8243; _module_preset=&#8220;default&#8220; header_font=&#8220;||||||||&#8220; header_3_font=&#8220;|600|||||||&#8220; header_4_font=&#8220;Josefin Sans|500|||||||&#8220; header_4_font_size=&#8220;16px&#8220; header_5_font=&#8220;Josefin Sans|500|||||||&#8220; text_orientation=&#8220;center&#8220; hover_enabled=&#8220;0&#8243; global_colors_info=&#8220;{}&#8220; content_last_edited=&#8220;on|phone&#8220; content_phone=&#8220;<\/p>\n<h3 style=%22text-align: left;%22><strong><span style=%22color: #e26262;%22>\u25ce <\/span><\/strong>Inkontinenz<span><\/span><\/h3>\n<p>&#8220; sticky_enabled=&#8220;0&#8243; content_tablet=&#8220;<\/p>\n<h4 style=%22text-align: center;%22><strong><span style=%22color: #e26262;%22>\u25ce<\/span><\/strong><\/h4>\n<h3 style=%22text-align: center;%22>Inkontinenz<\/h3>\n<p><span>Ein kraftvoller, vernetzter Beckenboden sorgt f\u00fcr zuverl\u00e4ssige Verschlusskraft im Alltag. Das Training schenkt Ihnen dauerhafte Kontrolle und neue Lebensqualit\u00e4t.<\/span><\/p>\n<p>&#8222;]<\/p>\n<h4 style=\"text-align: center;\"><strong><span style=\"color: #e26262;\">\u25ce<\/span><\/strong><\/h4>\n<h3 style=\"text-align: center;\">Inkontinenz<\/h3>\n<p><span>Ein kraftvoller, vernetzter Beckenboden sorgt f\u00fcr zuverl\u00e4ssige Verschlusskraft im Alltag. Das Training schenkt Ihnen dauerhafte Kontrolle und neue Lebensqualit\u00e4t.<\/span><\/p>\n<p>[\/et_pb_text][\/et_pb_column][et_pb_column type=&#8220;1_5&#8243; _builder_version=&#8220;4.17.4&#8243; _module_preset=&#8220;default&#8220; global_colors_info=&#8220;{}&#8220;][et_pb_text disabled_on=&#8220;off|on|off&#8220; _builder_version=&#8220;4.27.6&#8243; _module_preset=&#8220;default&#8220; header_font=&#8220;||||||||&#8220; header_3_font=&#8220;|600|||||||&#8220; header_4_font=&#8220;Josefin Sans|500|||||||&#8220; header_4_font_size=&#8220;16px&#8220; header_5_font=&#8220;Josefin Sans|500|||||||&#8220; text_orientation=&#8220;center&#8220; hover_enabled=&#8220;0&#8243; global_colors_info=&#8220;{}&#8220; content_last_edited=&#8220;on|phone&#8220; content_phone=&#8220;<\/p>\n<h3 style=%22text-align: left;%22><strong><span style=%22color: #e26262;%22>\u25ce <\/span><\/strong>H\u00e4morrhoiden<span><\/span><\/h3>\n<p>&#8220; sticky_enabled=&#8220;0&#8243; content_tablet=&#8220;<\/p>\n<h4 style=%22text-align: center;%22><strong><span style=%22color: #e26262;%22>\u25ce<\/span><\/strong><\/h4>\n<h3 style=%22text-align: center;%22>H\u00e4morrhoiden<\/h3>\n<p><span>Die Entlastung des Beckenraums und bessere Durchblutung st\u00e4rken das Gewebe nachhaltig. Gezielte Beckenbodenaktivierung unterst\u00fctzt die Funktion des Enddarms effektiv.<\/span><\/p>\n<p>&#8222;]<\/p>\n<h4 style=\"text-align: center;\"><strong><span style=\"color: #e26262;\">\u25ce<\/span><\/strong><\/h4>\n<h3 style=\"text-align: center;\">H\u00e4morrhoiden<\/h3>\n<p><span>Die Entlastung des Beckenraums und bessere Durchblutung st\u00e4rken das Gewebe nachhaltig. Gezielte Beckenbodenaktivierung unterst\u00fctzt die Funktion des Enddarms effektiv.<\/span><\/p>\n<p>[\/et_pb_text][et_pb_text admin_label=&#8220;CANTIENICA\u00ae ist effektiv f\u00fcr&#8220; _builder_version=&#8220;4.27.6&#8243; _module_preset=&#8220;default&#8220; header_2_font=&#8220;Josefin Sans|600|||||||&#8220; header_2_font_size=&#8220;32px&#8220; header_4_font=&#8220;Josefin Sans||||||||&#8220; header_4_font_size=&#8220;22px&#8220; header_6_font=&#8220;Josefin Sans|300|||||||&#8220; header_6_text_align=&#8220;center&#8220; header_6_font_size=&#8220;20px&#8220; header_6_line_height=&#8220;1.2em&#8220; width=&#8220;70%&#8220; width_tablet=&#8220;90%&#8220; width_phone=&#8220;90%&#8220; width_last_edited=&#8220;on|desktop&#8220; max_width=&#8220;70%&#8220; max_width_tablet=&#8220;90%&#8220; max_width_phone=&#8220;90%&#8220; max_width_last_edited=&#8220;on|desktop&#8220; module_alignment=&#8220;center&#8220; custom_margin=&#8220;60px||||false|false&#8220; hover_enabled=&#8220;0&#8243; global_colors_info=&#8220;{}&#8220; disabled_on=&#8220;off|on|on&#8220; sticky_enabled=&#8220;0&#8243; custom_margin_last_edited=&#8220;on|phone&#8220; custom_margin_phone=&#8220;16px||||false|false&#8220; custom_margin_tablet=&#8220;60px||||false|false&#8220;]<\/p>\n<h4 style=\"text-align: center;\">Und vieles mehr.<\/h4>\n<p>[\/et_pb_text][\/et_pb_column][\/et_pb_row][et_pb_row column_structure=&#8220;1_5,1_5,1_5,1_5,1_5&#8243; _builder_version=&#8220;4.27.6&#8243; _module_preset=&#8220;default&#8220; width=&#8220;85%&#8220; width_tablet=&#8220;70%&#8220; width_phone=&#8220;70%&#8220; width_last_edited=&#8220;on|tablet&#8220; max_width=&#8220;85%&#8220; max_width_tablet=&#8220;70%&#8220; max_width_phone=&#8220;70%&#8220; max_width_last_edited=&#8220;on|tablet&#8220; hover_enabled=&#8220;0&#8243; global_colors_info=&#8220;{}&#8220; sticky_enabled=&#8220;0&#8243; disabled_on=&#8220;on|off|off&#8220;][et_pb_column type=&#8220;1_5&#8243; _builder_version=&#8220;4.17.4&#8243; _module_preset=&#8220;default&#8220; global_colors_info=&#8220;{}&#8220;][\/et_pb_column][et_pb_column type=&#8220;1_5&#8243; _builder_version=&#8220;4.17.4&#8243; _module_preset=&#8220;default&#8220; global_colors_info=&#8220;{}&#8220;][\/et_pb_column][et_pb_column type=&#8220;1_5&#8243; _builder_version=&#8220;4.17.4&#8243; _module_preset=&#8220;default&#8220; global_colors_info=&#8220;{}&#8220;][et_pb_text disabled_on=&#8220;on|off|on&#8220; admin_label=&#8220;Organ Senkungen (Sonderfall)&#8220; _builder_version=&#8220;4.27.5&#8243; _module_preset=&#8220;default&#8220; header_font=&#8220;||||||||&#8220; header_3_font=&#8220;|600|||||||&#8220; header_4_font=&#8220;Josefin Sans|500|||||||&#8220; header_4_font_size=&#8220;16px&#8220; header_5_font=&#8220;Josefin Sans|500|||||||&#8220; text_orientation=&#8220;center&#8220; hover_enabled=&#8220;0&#8243; global_colors_info=&#8220;{}&#8220; sticky_enabled=&#8220;0&#8243;]<\/p>\n<h4 style=\"text-align: center;\"><strong><span style=\"color: #e26262;\">\u25ce<\/span><\/strong><\/h4>\n<h3 style=\"text-align: center;\">(Organ)Senkungen<\/h3>\n<p><span>Beckenaufrichtung und tiefe Haltestrukturen geben Organen wieder ihren nat\u00fcrlichen Platz. Der gewonnene Raum im Bauchraum nimmt den Druck sp\u00fcrbar von der Beckenpforte<\/span><\/p>\n<p>[\/et_pb_text][\/et_pb_column][et_pb_column type=&#8220;1_5&#8243; _builder_version=&#8220;4.17.4&#8243; _module_preset=&#8220;default&#8220; global_colors_info=&#8220;{}&#8220;][et_pb_text disabled_on=&#8220;on|off|on&#8220; admin_label=&#8220;H\u00e4morriden (Sonderfall)&#8220; _builder_version=&#8220;4.27.5&#8243; _module_preset=&#8220;default&#8220; header_font=&#8220;||||||||&#8220; header_3_font=&#8220;|600|||||||&#8220; header_4_font=&#8220;Josefin Sans|500|||||||&#8220; header_4_font_size=&#8220;16px&#8220; header_5_font=&#8220;Josefin Sans|500|||||||&#8220; custom_margin=&#8220;||||false|false&#8220; global_colors_info=&#8220;{}&#8220;]<\/p>\n<h4 style=\"text-align: center;\"><strong><span style=\"color: #e26262;\">\u25ce<\/span><\/strong><\/h4>\n<h3 style=\"text-align: center;\">H\u00e4morrhoiden<\/h3>\n<p><span>Die Entlastung des Beckenraums und bessere Durchblutung st\u00e4rken das Gewebe nachhaltig. Gezielte Beckenbodenaktivierung unterst\u00fctzt die Funktion des Enddarms effektiv.<\/span><\/p>\n<p>[\/et_pb_text][\/et_pb_column][et_pb_column _builder_version=&#8220;4.27.6&#8243; _module_preset=&#8220;default&#8220; type=&#8220;1_5&#8243;][\/et_pb_column][\/et_pb_row][et_pb_row _builder_version=&#8220;4.27.6&#8243; _module_preset=&#8220;default&#8220; hover_enabled=&#8220;0&#8243; global_colors_info=&#8220;{}&#8220; disabled_on=&#8220;on|off|off&#8220; sticky_enabled=&#8220;0&#8243;][et_pb_column type=&#8220;4_4&#8243; _builder_version=&#8220;4.17.4&#8243; _module_preset=&#8220;default&#8220; global_colors_info=&#8220;{}&#8220;][et_pb_text admin_label=&#8220;CANTIENICA\u00ae ist effektiv f\u00fcr&#8220; _builder_version=&#8220;4.27.5&#8243; _module_preset=&#8220;default&#8220; header_2_font=&#8220;Josefin Sans|600|||||||&#8220; header_2_font_size=&#8220;32px&#8220; header_4_font=&#8220;Josefin Sans||||||||&#8220; header_4_font_size=&#8220;22px&#8220; header_6_font=&#8220;Josefin Sans|300|||||||&#8220; header_6_text_align=&#8220;center&#8220; header_6_font_size=&#8220;20px&#8220; header_6_line_height=&#8220;1.2em&#8220; width=&#8220;70%&#8220; width_tablet=&#8220;90%&#8220; width_phone=&#8220;90%&#8220; width_last_edited=&#8220;on|desktop&#8220; max_width=&#8220;70%&#8220; max_width_tablet=&#8220;90%&#8220; max_width_phone=&#8220;90%&#8220; max_width_last_edited=&#8220;on|desktop&#8220; module_alignment=&#8220;center&#8220; custom_margin=&#8220;||||false|false&#8220; global_colors_info=&#8220;{}&#8220;]<\/p>\n<h4 style=\"text-align: center;\">Und vieles mehr.<\/h4>\n<p>[\/et_pb_text][\/et_pb_column][\/et_pb_row][\/et_pb_section][et_pb_section fb_built=&#8220;1&#8243; fullwidth=&#8220;on&#8220; _builder_version=&#8220;4.17.4&#8243; _module_preset=&#8220;default&#8220; global_colors_info=&#8220;{}&#8220;][et_pb_fullwidth_image src=&#8220;https:\/\/www.josephinegey.de\/josephine_gey\/wp-content\/uploads\/2022\/09\/Cantienica-in-koeln-schwangere-rueckentraining-beckenboden.jpg&#8220; alt=&#8220;Cantienica in K\u00f6ln &#8211; Outdoor in K\u00f6ln H\u00f6henhaus mit Josephine Gey Cantienica Instructor und Schauspielerin&#8220; title_text=&#8220;Cantienica-in-koeln-schwangere-rueckentraining-beckenboden&#8220; _builder_version=&#8220;4.17.4&#8243; _module_preset=&#8220;default&#8220; global_colors_info=&#8220;{}&#8220;][\/et_pb_fullwidth_image][\/et_pb_section][et_pb_section fb_built=&#8220;1&#8243; _builder_version=&#8220;4.17.4&#8243; _module_preset=&#8220;default&#8220; background_color=&#8220;#13141a&#8220; global_colors_info=&#8220;{}&#8220;][et_pb_row module_id=&#8220;cantienica-kurse&#8220; _builder_version=&#8220;4.27.6&#8243; _module_preset=&#8220;default&#8220; width_tablet=&#8220;&#8220; width_phone=&#8220;90%&#8220; width_last_edited=&#8220;on|phone&#8220; custom_margin=&#8220;||40px||false|false&#8220; global_colors_info=&#8220;{}&#8220;][et_pb_column type=&#8220;4_4&#8243; _builder_version=&#8220;4.17.4&#8243; _module_preset=&#8220;default&#8220; global_colors_info=&#8220;{}&#8220;][et_pb_text admin_label=&#8220;CANTIENICA\u00ae Kurse&#8220; _builder_version=&#8220;4.27.5&#8243; _module_preset=&#8220;default&#8220; header_text_color=&#8220;#FFFFFF&#8220; header_2_font=&#8220;Josefin Sans|600|||||||&#8220; header_2_text_color=&#8220;#FFFFFF&#8220; header_2_font_size=&#8220;32px&#8220; header_4_font=&#8220;Josefin Sans|600|on||||||&#8220; header_6_font=&#8220;Josefin Sans|300|||||||&#8220; header_6_text_align=&#8220;center&#8220; header_6_text_color=&#8220;#FFFFFF&#8220; header_6_font_size=&#8220;20px&#8220; header_6_line_height=&#8220;1.2em&#8220; width_tablet=&#8220;90%&#8220; width_phone=&#8220;90%&#8220; width_last_edited=&#8220;on|desktop&#8220; max_width_tablet=&#8220;90%&#8220; max_width_phone=&#8220;90%&#8220; max_width_last_edited=&#8220;on|desktop&#8220; module_alignment=&#8220;center&#8220; custom_margin=&#8220;0px||||false|false&#8220; custom_margin_tablet=&#8220;0px||||false|false&#8220; custom_margin_phone=&#8220;100px||||false|false&#8220; custom_margin_last_edited=&#8220;off|tablet&#8220; global_colors_info=&#8220;{}&#8220; custom_margin__hover_enabled=&#8220;off|desktop&#8220;]<\/p>\n<h2 style=\"text-align: center;\"><span><b>CANTIENICA\u00ae Kurse &amp; Workshops in Grimma<\/b><\/span><\/h2>\n<p>[\/et_pb_text][et_pb_text _builder_version=&#8220;4.27.5&#8243; _module_preset=&#8220;default&#8220; text_text_color=&#8220;#FFFFFF&#8220; text_font_size=&#8220;16px&#8220; header_2_text_color=&#8220;#FFFFFF&#8220; text_orientation=&#8220;center&#8220; max_width=&#8220;960px&#8220; module_alignment=&#8220;center&#8220; locked=&#8220;off&#8220; global_colors_info=&#8220;{}&#8220;]<\/p>\n<h2 style=\"font-size: 18px; line-height: 1.5;\"><strong>Egal, ob Sie die CANTIENICA\u00ae-Methode ganz neu f\u00fcr sich entdecken oder bereits Vorkenntnisse haben.<\/strong><\/h2>\n<p style=\"font-size: 16px; line-height: 1.5;\"><span style=\"color: #f2f2f2;\">In meinen R\u00e4umlichkeiten in <b data-path-to-node=\"4,1\" data-index-in-node=\"127\">Grimma<\/b> biete ich Ihnen den passenden Rahmen. W\u00e4hlen Sie zwischen einem intensiven <b data-path-to-node=\"4,1\" data-index-in-node=\"209\">Einf\u00fchrungsworkshop<\/b> f\u00fcr den perfekten Start oder dem regelm\u00e4\u00dfigen <b data-path-to-node=\"4,1\" data-index-in-node=\"275\">Gruppenunterricht<\/b>, um Ihren <b data-path-to-node=\"4,1\" data-index-in-node=\"303\">Beckenboden<\/b> und Ihre Haltung nachhaltig zu st\u00e4rken. Ich begleite Sie bei jedem Schritt in Ihre neue Aufrichtung.<\/span><\/p>\n<p>[\/et_pb_text][\/et_pb_column][\/et_pb_row][et_pb_row column_structure=&#8220;1_4,1_4,1_4,1_4&#8243; use_custom_gutter=&#8220;on&#8220; gutter_width=&#8220;2&#8243; make_equal=&#8220;on&#8220; _builder_version=&#8220;4.27.6&#8243; _module_preset=&#8220;default&#8220; max_width=&#8220;1600px&#8220; hover_enabled=&#8220;0&#8243; global_colors_info=&#8220;{}&#8220; sticky_enabled=&#8220;0&#8243; disabled_on=&#8220;on|off|off&#8220;][et_pb_column type=&#8220;1_4&#8243; _builder_version=&#8220;4.23.4&#8243; _module_preset=&#8220;default&#8220; background_color=&#8220;rgba(255,255,255,0.08)&#8220; box_shadow_style=&#8220;preset1&#8243; box_shadow_blur=&#8220;79px&#8220; box_shadow_spread=&#8220;29px&#8220; box_shadow_color=&#8220;rgba(249,131,131,0.12)&#8220; global_colors_info=&#8220;{}&#8220;][et_pb_text _builder_version=&#8220;4.23.4&#8243; _module_preset=&#8220;default&#8220; header_3_font=&#8220;Josefin Sans|600|||||||&#8220; header_3_font_size=&#8220;24px&#8220; header_6_font=&#8220;Josefin Sans|300|||||||&#8220; header_6_font_size=&#8220;18px&#8220; header_6_line_height=&#8220;1.4em&#8220; background_color=&#8220;RGBA(255,255,255,0)&#8220; custom_padding=&#8220;30px|12px|20px|12px|false|false&#8220; hover_enabled=&#8220;0&#8243; border_width_top=&#8220;2px&#8220; border_color_top=&#8220;#ffc0c0&#8243; global_colors_info=&#8220;{}&#8220; sticky_enabled=&#8220;0&#8243;]<\/p>\n<h3 style=\"text-align: center;\"><span><b><img loading=\"lazy\" decoding=\"async\" src=\"https:\/\/www.josephinegey.de\/josephine_gey\/wp-content\/uploads\/2022\/06\/icon-workshop@4x.png\" width=\"120\" height=\"60\" alt=\"\" class=\"wp-image-1198 aligncenter size-full\" srcset=\"https:\/\/www.josephinegey.de\/josephine_gey\/wp-content\/uploads\/2022\/06\/icon-workshop@4x.png 432w, https:\/\/www.josephinegey.de\/josephine_gey\/wp-content\/uploads\/2022\/06\/icon-workshop@4x-300x150.png 300w\" sizes=\"(max-width: 120px) 100vw, 120px\" \/><\/b><\/span><\/h3>\n<h3 style=\"text-align: center;\"><span><b><\/b><\/span><\/h3>\n<h3 style=\"text-align: center;\"><span style=\"color: #ffffff;\"><span style=\"color: #e26262;\"><b>Einf\u00fchrungs-Workshop<\/b><\/span><br \/><\/span><\/h3>\n<p><span style=\"color: #ffffff;\"><b><\/b><\/span><\/p>\n<h6 style=\"text-align: center;\"><span style=\"color: #ffffff;\"><strong>Sonntag 19.04.2026<\/strong><\/span><br \/><span style=\"color: #ffffff;\"><span style=\"caret-color: #ffffff;\">14:00 bis 16:00 Uhr<\/span><\/span><br \/><span style=\"color: #ffffff;\"><span style=\"caret-color: #ffffff;\"><\/span><\/span><\/h6>\n<h6 style=\"text-align: center;\"><strong><span style=\"color: #ffffff;\"><span style=\"caret-color: #ffffff;\">Anmeldung erforderlich.<\/span><\/span><\/strong><\/h6>\n<h6 style=\"text-align: center;\"><span style=\"color: #ffffff;\">Ort: Hohnst\u00e4dter Lehmhauskinder,<\/span><br \/><span style=\"color: #ffffff;\"> Elfackerweg 14, 04668 Grimma<\/span><\/h6>\n<p><span style=\"color: #ffffff;\"><i><\/i><\/span><\/p>\n<p>[\/et_pb_text][\/et_pb_column][et_pb_column type=&#8220;1_4&#8243; _builder_version=&#8220;4.23.4&#8243; _module_preset=&#8220;default&#8220; background_color=&#8220;rgba(255,255,255,0.08)&#8220; box_shadow_style=&#8220;preset1&#8243; box_shadow_blur=&#8220;79px&#8220; box_shadow_spread=&#8220;29px&#8220; box_shadow_color=&#8220;rgba(249,131,131,0.12)&#8220; global_colors_info=&#8220;{}&#8220;][et_pb_text _builder_version=&#8220;4.27.6&#8243; _module_preset=&#8220;default&#8220; header_font_size=&#8220;18px&#8220; header_3_font=&#8220;Josefin Sans|600|||||||&#8220; header_3_font_size=&#8220;24px&#8220; header_6_font=&#8220;Josefin Sans|300|||||||&#8220; header_6_font_size=&#8220;18px&#8220; header_6_line_height=&#8220;1.4em&#8220; background_color=&#8220;RGBA(255,255,255,0)&#8220; custom_padding=&#8220;30px|12px|20px|12px|false|false&#8220; hover_enabled=&#8220;0&#8243; border_width_top=&#8220;2px&#8220; border_color_top=&#8220;#ffc0c0&#8243; global_colors_info=&#8220;{}&#8220; sticky_enabled=&#8220;0&#8243;]<\/p>\n<h3 style=\"text-align: center;\"><span><b><img loading=\"lazy\" decoding=\"async\" src=\"https:\/\/www.josephinegey.de\/josephine_gey\/wp-content\/uploads\/2022\/06\/icon-gruppe@4x.png\" width=\"120\" height=\"60\" alt=\"\" class=\"wp-image-1079 aligncenter size-full\" srcset=\"https:\/\/www.josephinegey.de\/josephine_gey\/wp-content\/uploads\/2022\/06\/icon-gruppe@4x.png 432w, https:\/\/www.josephinegey.de\/josephine_gey\/wp-content\/uploads\/2022\/06\/icon-gruppe@4x-300x150.png 300w\" sizes=\"(max-width: 120px) 100vw, 120px\" \/><\/b><\/span><\/h3>\n<h3 style=\"text-align: center;\"><span><b><\/b><\/span><\/h3>\n<h3 style=\"text-align: center;\"><span style=\"color: #ffffff;\"><span style=\"color: #e26262;\"><b>Gruppenunterricht<\/b><\/span><br \/><\/span><\/h3>\n<h6 style=\"text-align: center;\"><span style=\"color: #ffffff;\"><strong><\/strong><\/span><\/h6>\n<h6 style=\"text-align: center;\"><span style=\"color: #ffffff;\"><strong>Montags<br \/><\/strong><\/span><\/h6>\n<h6 style=\"text-align: center;\"><span style=\"color: #ffffff;\">18:15 bis 19:15 Uhr<\/span><\/h6>\n<p><span style=\"color: #ffffff;\"><\/span><\/p>\n<h6 style=\"text-align: center;\"><span style=\"color: #ffffff;\">Ort: Bahnhofstra\u00dfe 24, 04828 Bennewitz<\/span><\/h6>\n<p><span style=\"color: #ffffff;\"><i><\/i><\/span><\/p>\n<p>&nbsp;<\/p>\n<p>[\/et_pb_text][\/et_pb_column][et_pb_column type=&#8220;1_4&#8243; _builder_version=&#8220;4.23.4&#8243; _module_preset=&#8220;default&#8220; background_color=&#8220;rgba(255,255,255,0.08)&#8220; box_shadow_style=&#8220;preset1&#8243; box_shadow_blur=&#8220;79px&#8220; box_shadow_spread=&#8220;29px&#8220; box_shadow_color=&#8220;rgba(249,131,131,0.12)&#8220; global_colors_info=&#8220;{}&#8220;][et_pb_text _builder_version=&#8220;4.23.4&#8243; _module_preset=&#8220;default&#8220; header_font_size=&#8220;18px&#8220; header_3_font=&#8220;Josefin Sans|600|||||||&#8220; header_3_font_size=&#8220;24px&#8220; header_6_font=&#8220;Josefin Sans|300|||||||&#8220; header_6_font_size=&#8220;18px&#8220; header_6_line_height=&#8220;1.4em&#8220; background_color=&#8220;RGBA(255,255,255,0)&#8220; custom_padding=&#8220;30px|12px|20px|12px|false|false&#8220; border_width_top=&#8220;2px&#8220; border_color_top=&#8220;#ffc0c0&#8243; global_colors_info=&#8220;{}&#8220;]<\/p>\n<h3 style=\"text-align: center;\"><span><b><img loading=\"lazy\" decoding=\"async\" src=\"https:\/\/www.josephinegey.de\/josephine_gey\/wp-content\/uploads\/2022\/06\/icon-gruppe@4x.png\" width=\"120\" height=\"60\" alt=\"\" class=\"wp-image-1079 aligncenter size-full\" srcset=\"https:\/\/www.josephinegey.de\/josephine_gey\/wp-content\/uploads\/2022\/06\/icon-gruppe@4x.png 432w, https:\/\/www.josephinegey.de\/josephine_gey\/wp-content\/uploads\/2022\/06\/icon-gruppe@4x-300x150.png 300w\" sizes=\"(max-width: 120px) 100vw, 120px\" \/><\/b><\/span><\/h3>\n<h3 style=\"text-align: center;\"><span><b><\/b><\/span><\/h3>\n<h3 style=\"text-align: center;\"><span style=\"color: #ffffff;\"><span style=\"color: #e26262;\"><b>Gruppenunterricht<\/b><\/span><br \/><\/span><\/h3>\n<h6 style=\"text-align: center;\"><span style=\"color: #ffffff;\"><strong><\/strong><\/span><\/h6>\n<h6 style=\"text-align: center;\"><span style=\"color: #ffffff;\"><strong>Dienstags<br \/><\/strong><\/span><span style=\"color: #ffffff;\">mind. 4 Teilnehmer\u00a0<\/span><span style=\"color: #ffffff;\"><span style=\"caret-color: #ffffff;\">erforderlich<\/span><\/span><\/h6>\n<h6 style=\"text-align: center;\"><span style=\"color: #ffffff;\">17:30 bis 18:30 Uhr<\/span><\/h6>\n<p><span style=\"color: #ffffff;\"><\/span><\/p>\n<h6 style=\"text-align: center;\"><span style=\"color: #ffffff;\">Ort: Hohnst\u00e4dter Lehmhauskinder,<\/span><br \/><span style=\"color: #ffffff;\"> Elfackerweg 14, 04668 Grimma<\/span><\/h6>\n<p><span style=\"color: #ffffff;\"><i><\/i><\/span><\/p>\n<p>&nbsp;<\/p>\n<p>[\/et_pb_text][\/et_pb_column][et_pb_column type=&#8220;1_4&#8243; _builder_version=&#8220;4.23.4&#8243; _module_preset=&#8220;default&#8220; background_color=&#8220;rgba(255,255,255,0.08)&#8220; box_shadow_style=&#8220;preset1&#8243; box_shadow_blur=&#8220;79px&#8220; box_shadow_spread=&#8220;29px&#8220; box_shadow_color=&#8220;rgba(249,131,131,0.12)&#8220; global_colors_info=&#8220;{}&#8220;][et_pb_text _builder_version=&#8220;4.27.6&#8243; _module_preset=&#8220;default&#8220; header_font_size=&#8220;18px&#8220; header_3_font=&#8220;Josefin Sans|600|||||||&#8220; header_3_font_size=&#8220;24px&#8220; header_6_font=&#8220;Josefin Sans|300|||||||&#8220; header_6_font_size=&#8220;18px&#8220; header_6_line_height=&#8220;1.4em&#8220; background_color=&#8220;RGBA(255,255,255,0)&#8220; custom_padding=&#8220;30px|12px|20px|12px|false|false&#8220; hover_enabled=&#8220;0&#8243; border_width_top=&#8220;2px&#8220; border_color_top=&#8220;#ffc0c0&#8243; global_colors_info=&#8220;{}&#8220; sticky_enabled=&#8220;0&#8243;]<\/p>\n<h3 style=\"text-align: center;\"><span><b><img loading=\"lazy\" decoding=\"async\" src=\"https:\/\/www.josephinegey.de\/josephine_gey\/wp-content\/uploads\/2022\/06\/icon-gruppe@4x.png\" width=\"120\" height=\"60\" alt=\"\" class=\"wp-image-1079 aligncenter size-full\" srcset=\"https:\/\/www.josephinegey.de\/josephine_gey\/wp-content\/uploads\/2022\/06\/icon-gruppe@4x.png 432w, https:\/\/www.josephinegey.de\/josephine_gey\/wp-content\/uploads\/2022\/06\/icon-gruppe@4x-300x150.png 300w\" sizes=\"(max-width: 120px) 100vw, 120px\" \/><\/b><\/span><\/h3>\n<h3 style=\"text-align: center;\"><span><b><\/b><\/span><\/h3>\n<h3 style=\"text-align: center;\"><span style=\"color: #ffffff;\"><span style=\"color: #e26262;\"><b>Gruppenunterricht<\/b><\/span><br \/><\/span><\/h3>\n<h6 style=\"text-align: center;\"><span style=\"color: #ffffff;\"><strong><\/strong><\/span><\/h6>\n<h6 style=\"text-align: center;\"><span style=\"color: #ffffff;\"><strong>Donnerstags<\/strong><\/span><\/h6>\n<h6 style=\"text-align: center;\"><span style=\"color: #ffffff;\">16:45 bis 17:45 Uhr<\/span><\/h6>\n<h6 style=\"text-align: center;\"><span style=\"color: #ffffff;\">und 18:00 bis 19:00 Uhr<\/span><br \/><span style=\"color: #ffffff;\">(bei mind. 4 Teilnehmern)<\/span><\/h6>\n<p><span style=\"color: #ffffff;\"><\/span><\/p>\n<h6 style=\"text-align: center;\"><span style=\"color: #ffffff;\">Ort: Hohnst\u00e4dter Lehmhauskinder,<\/span><br \/><span style=\"color: #ffffff;\"> Elfackerweg 14, 04668 Grimma<\/span><\/h6>\n<p><span style=\"color: #ffffff;\"><i><\/i><\/span><\/p>\n<p>&nbsp;<\/p>\n<p>[\/et_pb_text][\/et_pb_column][\/et_pb_row][et_pb_row column_structure=&#8220;1_3,1_3,1_3&#8243; use_custom_gutter=&#8220;on&#8220; gutter_width=&#8220;2&#8243; make_equal=&#8220;on&#8220; _builder_version=&#8220;4.27.6&#8243; _module_preset=&#8220;default&#8220; max_width=&#8220;1600px&#8220; hover_enabled=&#8220;0&#8243; global_colors_info=&#8220;{}&#8220; sticky_enabled=&#8220;0&#8243; disabled_on=&#8220;off|on|on&#8220;][et_pb_column type=&#8220;1_3&#8243; _builder_version=&#8220;4.23.4&#8243; _module_preset=&#8220;default&#8220; background_color=&#8220;rgba(255,255,255,0.08)&#8220; box_shadow_style=&#8220;preset1&#8243; box_shadow_blur=&#8220;79px&#8220; box_shadow_spread=&#8220;29px&#8220; box_shadow_color=&#8220;rgba(249,131,131,0.12)&#8220; global_colors_info=&#8220;{}&#8220;][et_pb_text _builder_version=&#8220;4.27.6&#8243; _module_preset=&#8220;default&#8220; header_3_font=&#8220;Josefin Sans|600|||||||&#8220; header_3_font_size=&#8220;24px&#8220; header_6_font=&#8220;Josefin Sans|300|||||||&#8220; header_6_font_size=&#8220;18px&#8220; header_6_line_height=&#8220;1.4em&#8220; background_color=&#8220;RGBA(255,255,255,0)&#8220; custom_padding=&#8220;30px|12px|20px|12px|false|false&#8220; hover_enabled=&#8220;0&#8243; border_width_top=&#8220;2px&#8220; border_color_top=&#8220;#ffc0c0&#8243; global_colors_info=&#8220;{}&#8220; sticky_enabled=&#8220;0&#8243;]<\/p>\n<h3 style=\"text-align: center;\"><span style=\"color: #ffffff;\"><span style=\"color: #e26262;\"><b>Einf\u00fchrungs-Workshop Grimma <\/b><\/span><\/span><span style=\"color: #ffffff;\"><b>*<\/b><b>*<\/b><\/span><\/h3>\n<p><span style=\"color: #ffffff;\"><b><\/b><\/span><\/p>\n<h6 style=\"text-align: center;\"><span style=\"color: #ffffff;\"><strong>Sonntag 19.04.2026<\/strong><\/span><br \/><span style=\"color: #ffffff;\"><span style=\"caret-color: #ffffff;\">14:00 bis 16:00 Uhr<\/span><\/span><br \/><span style=\"color: #ffffff;\"><span style=\"caret-color: #ffffff;\"><\/span><\/span><\/h6>\n<h6 style=\"text-align: center;\"><strong><span style=\"color: #ffffff;\"><span style=\"caret-color: #ffffff;\">Anmeldung erforderlich.<\/span><\/span><\/strong><span style=\"color: #ffffff;\"><\/span><\/h6>\n<p><span style=\"color: #ffffff;\"><i><\/i><\/span><\/p>\n<p>[\/et_pb_text][\/et_pb_column][et_pb_column type=&#8220;1_3&#8243; _builder_version=&#8220;4.23.4&#8243; _module_preset=&#8220;default&#8220; background_color=&#8220;rgba(255,255,255,0.08)&#8220; box_shadow_style=&#8220;preset1&#8243; box_shadow_blur=&#8220;79px&#8220; box_shadow_spread=&#8220;29px&#8220; box_shadow_color=&#8220;rgba(249,131,131,0.12)&#8220; global_colors_info=&#8220;{}&#8220;][et_pb_text _builder_version=&#8220;4.27.6&#8243; _module_preset=&#8220;default&#8220; header_font_size=&#8220;18px&#8220; header_3_font=&#8220;Josefin Sans|600|||||||&#8220; header_3_font_size=&#8220;24px&#8220; header_6_font=&#8220;Josefin Sans|300|||||||&#8220; header_6_font_size=&#8220;18px&#8220; header_6_line_height=&#8220;1.4em&#8220; background_color=&#8220;RGBA(255,255,255,0)&#8220; custom_padding=&#8220;30px|12px|20px|12px|false|false&#8220; hover_enabled=&#8220;0&#8243; border_width_top=&#8220;2px&#8220; border_color_top=&#8220;#ffc0c0&#8243; global_colors_info=&#8220;{}&#8220; sticky_enabled=&#8220;0&#8243;]<\/p>\n<h3 style=\"text-align: center;\"><span style=\"color: #ffffff;\"><span style=\"color: #e26262;\"><b>Training in Bennewitz <span style=\"color: #ffffff;\">*<\/span><\/b><\/span><br \/><\/span><\/h3>\n<h6 style=\"text-align: center;\"><span style=\"color: #ffffff;\"><strong><\/strong><\/span><\/h6>\n<h6 style=\"text-align: center;\"><span style=\"color: #ffffff;\"><strong>Montags<br \/><\/strong><\/span><\/h6>\n<h6 style=\"text-align: center;\"><span style=\"color: #ffffff;\">18:15 bis 19:15 Uhr<\/span><span style=\"color: #ffffff;\"><\/span><\/h6>\n<p><span style=\"color: #ffffff;\"><i><\/i><\/span><\/p>\n<p>[\/et_pb_text][\/et_pb_column][et_pb_column type=&#8220;1_3&#8243; _builder_version=&#8220;4.23.4&#8243; _module_preset=&#8220;default&#8220; background_color=&#8220;rgba(255,255,255,0.08)&#8220; box_shadow_style=&#8220;preset1&#8243; box_shadow_blur=&#8220;79px&#8220; box_shadow_spread=&#8220;29px&#8220; box_shadow_color=&#8220;rgba(249,131,131,0.12)&#8220; global_colors_info=&#8220;{}&#8220;][et_pb_text _builder_version=&#8220;4.27.6&#8243; _module_preset=&#8220;default&#8220; header_font_size=&#8220;18px&#8220; header_3_font=&#8220;Josefin Sans|600|||||||&#8220; header_3_font_size=&#8220;24px&#8220; header_6_font=&#8220;Josefin Sans|300|||||||&#8220; header_6_font_size=&#8220;18px&#8220; header_6_line_height=&#8220;1.4em&#8220; background_color=&#8220;RGBA(255,255,255,0)&#8220; custom_padding=&#8220;30px|12px|20px|12px|false|false&#8220; hover_enabled=&#8220;0&#8243; border_width_top=&#8220;2px&#8220; border_color_top=&#8220;#ffc0c0&#8243; global_colors_info=&#8220;{}&#8220; sticky_enabled=&#8220;0&#8243;]<\/p>\n<h3 style=\"text-align: center;\"><span style=\"color: #ffffff;\"><span style=\"color: #e26262;\"><b>Training in <\/b><\/span><\/span><span style=\"color: #ffffff;\"><span style=\"color: #e26262;\"><b>Grimma <\/b><\/span><b>*<\/b><b>*<\/b><\/span><\/h3>\n<h6 style=\"text-align: center;\"><span style=\"color: #ffffff;\"><strong><\/strong><\/span><\/h6>\n<h6 style=\"text-align: center;\"><span style=\"color: #ffffff;\"><strong>Dienstags<br \/><\/strong><\/span><span style=\"color: #ffffff;\"><\/span><span style=\"color: #ffffff;\">17:30 bis 18:30 Uhr<br \/><\/span><span style=\"color: #ffffff;\">(bei mind. 4 Teilnehmern)<\/span><span style=\"color: #ffffff;\"><\/span><span style=\"color: #ffffff;\"><\/span><\/h6>\n<p><span style=\"color: #ffffff;\"><\/span><\/p>\n<p><span style=\"color: #ffffff;\"><\/span><\/p>\n<h6 style=\"text-align: center;\"><span style=\"color: #ffffff;\"><strong>Donnerstags<\/strong><\/span><\/h6>\n<h6 style=\"text-align: center;\"><span style=\"color: #ffffff;\">16:45 bis 17:45 Uhr<\/span><\/h6>\n<h6 style=\"text-align: center;\"><span style=\"color: #ffffff;\">18:00 bis 19:00 Uhr<\/span><br \/><span style=\"color: #ffffff;\">(bei mind. 4 Teilnehmern)<\/span><\/h6>\n<p><span style=\"color: #ffffff;\"><i><\/i><\/span><\/p>\n<p>[\/et_pb_text][\/et_pb_column][\/et_pb_row][et_pb_row _builder_version=&#8220;4.27.5&#8243; _module_preset=&#8220;default&#8220; global_colors_info=&#8220;{}&#8220;][et_pb_column type=&#8220;4_4&#8243; _builder_version=&#8220;4.27.5&#8243; _module_preset=&#8220;default&#8220; global_colors_info=&#8220;{}&#8220;][et_pb_text _builder_version=&#8220;4.27.6&#8243; _module_preset=&#8220;default&#8220; hover_enabled=&#8220;0&#8243; sticky_enabled=&#8220;0&#8243; header_6_text_color=&#8220;#FFFFFF&#8220; header_6_font=&#8220;|300|||||||&#8220; header_6_font_size=&#8220;16px&#8220;]<\/p>\n<h6 style=\"text-align: center;\"><span style=\"color: #ffffff;\">* Ort: Bahnhofstra\u00dfe 24, 04828 Bennewitz<\/span><\/h6>\n<h6 style=\"text-align: center;\"><span style=\"color: #ffffff;\">** Ort: Hohnst\u00e4dter Lehmhauskinder,<\/span> <span style=\"color: #ffffff;\">Elfackerweg 14, 04668 Grimma<\/span><\/h6>\n<p>[\/et_pb_text][\/et_pb_column][\/et_pb_row][et_pb_row _builder_version=&#8220;4.27.5&#8243; _module_preset=&#8220;default&#8220; global_colors_info=&#8220;{}&#8220;][et_pb_column type=&#8220;4_4&#8243; _builder_version=&#8220;4.27.5&#8243; _module_preset=&#8220;default&#8220; global_colors_info=&#8220;{}&#8220;][et_pb_button button_url=&#8220;#cantienica-kursanfrage&#8220; button_text=&#8220;JETZT EINEN PLATZ SICHERN&#8220; button_alignment=&#8220;center&#8220; _builder_version=&#8220;4.27.5&#8243; _module_preset=&#8220;default&#8220; custom_button=&#8220;on&#8220; button_text_color=&#8220;#e26262&#8243; button_border_color=&#8220;#e26262&#8243; global_colors_info=&#8220;{}&#8220;][\/et_pb_button][\/et_pb_column][\/et_pb_row][\/et_pb_section][et_pb_section fb_built=&#8220;1&#8243; _builder_version=&#8220;4.17.4&#8243; _module_preset=&#8220;default&#8220; background_color=&#8220;#f5f4f4&#8243; global_colors_info=&#8220;{}&#8220;][et_pb_row module_id=&#8220;cantienica-preise&#8220; _builder_version=&#8220;4.23.4&#8243; _module_preset=&#8220;default&#8220; width_tablet=&#8220;&#8220; width_phone=&#8220;98%&#8220; width_last_edited=&#8220;on|phone&#8220; max_width_tablet=&#8220;&#8220; max_width_phone=&#8220;98%&#8220; max_width_last_edited=&#8220;on|desktop&#8220; custom_margin=&#8220;100px||||false|false&#8220; custom_margin_tablet=&#8220;100px||||false|false&#8220; custom_margin_phone=&#8220;0px||||false|false&#8220; custom_margin_last_edited=&#8220;on|phone&#8220; global_colors_info=&#8220;{}&#8220;][et_pb_column type=&#8220;4_4&#8243; _builder_version=&#8220;4.17.4&#8243; _module_preset=&#8220;default&#8220; global_colors_info=&#8220;{}&#8220;][et_pb_text admin_label=&#8220;CANTIENICA\u00ae Preise&#8220; _builder_version=&#8220;4.17.4&#8243; _module_preset=&#8220;default&#8220; header_2_font=&#8220;Josefin Sans|600|||||||&#8220; header_2_font_size=&#8220;32px&#8220; header_6_font=&#8220;Josefin Sans|300|||||||&#8220; header_6_text_align=&#8220;center&#8220; header_6_font_size=&#8220;16px&#8220; header_6_line_height=&#8220;1.2em&#8220; width=&#8220;70%&#8220; width_tablet=&#8220;70%&#8220; width_phone=&#8220;98%&#8220; width_last_edited=&#8220;on|desktop&#8220; max_width=&#8220;70%&#8220; max_width_tablet=&#8220;70%&#8220; max_width_phone=&#8220;98%&#8220; max_width_last_edited=&#8220;on|desktop&#8220; module_alignment=&#8220;center&#8220; custom_margin=&#8220;0px||||false|false&#8220; custom_margin_tablet=&#8220;100px||||false|false&#8220; custom_margin_phone=&#8220;40px||||false|false&#8220; custom_margin_last_edited=&#8220;on|phone&#8220; global_colors_info=&#8220;{}&#8220;]<\/p>\n<h2 style=\"text-align: center;\"><span><b>CANTIENICA\u00ae Preise<\/b><\/span><\/h2>\n<p>[\/et_pb_text][\/et_pb_column][\/et_pb_row][et_pb_row column_structure=&#8220;1_4,1_4,1_4,1_4&#8243; use_custom_gutter=&#8220;on&#8220; gutter_width=&#8220;2&#8243; make_equal=&#8220;on&#8220; _builder_version=&#8220;4.27.6&#8243; _module_preset=&#8220;default&#8220; width_tablet=&#8220;60%&#8220; width_phone=&#8220;80%&#8220; width_last_edited=&#8220;on|phone&#8220; max_width=&#8220;80%&#8220; max_width_tablet=&#8220;60%&#8220; max_width_phone=&#8220;80%&#8220; max_width_last_edited=&#8220;on|desktop&#8220; module_alignment=&#8220;center&#8220; hover_enabled=&#8220;0&#8243; global_colors_info=&#8220;{}&#8220; sticky_enabled=&#8220;0&#8243;][et_pb_column type=&#8220;1_4&#8243; _builder_version=&#8220;4.27.5&#8243; _module_preset=&#8220;default&#8220; background_color=&#8220;#FFFFFF&#8220; box_shadow_style=&#8220;preset1&#8243; box_shadow_blur=&#8220;50px&#8220; box_shadow_color=&#8220;rgba(249,131,131,0.2)&#8220; global_colors_info=&#8220;{}&#8220;][et_pb_text _builder_version=&#8220;4.27.6&#8243; _module_preset=&#8220;default&#8220; header_3_font=&#8220;Josefin Sans|600|||||||&#8220; header_3_font_size=&#8220;24px&#8220; header_6_font=&#8220;Josefin Sans|300|||||||&#8220; header_6_font_size=&#8220;16px&#8220; background_color=&#8220;#FFFFFF&#8220; custom_padding=&#8220;30px|12px|20px|12px|false|false&#8220; hover_enabled=&#8220;0&#8243; border_width_top=&#8220;2px&#8220; border_color_top=&#8220;#ffc0c0&#8243; global_colors_info=&#8220;{}&#8220; content_last_edited=&#8220;on|phone&#8220; sticky_enabled=&#8220;0&#8243; content_phone=&#8220;<\/p>\n<h3 style=%22text-align: center;%22><span><b><img src=%22https:\/\/www.josephinegey.de\/josephine_gey\/wp-content\/uploads\/2022\/06\/icon-workshop@4x.png%22 width=%22120%22 height=%2260%22 alt=%22%22 class=%22wp-image-1198 aligncenter size-full%22 \/><\/b><\/span><\/h3>\n<h3 style=%22text-align: center;%22><span><b><\/b><\/span><\/h3>\n<h3 style=%22text-align: center;%22><span><b>Einf\u00fchrungs-Workshop<br \/><\/b><em>\u2013 2h \u2013<\/em><\/span><\/h3>\n<h6 style=%22text-align: center;%22><span><strong>35,-\u20ac <\/strong><\/span><span style=%22color: #999999;%22><i>(inkl. MwSt.)<\/i><\/span><\/h6>\n<p>&#8220; custom_padding_last_edited=&#8220;on|phone&#8220; custom_padding_phone=&#8220;12px|12px|12px|12px|false|false&#8220; content_tablet=&#8220;<\/p>\n<h3 style=%22text-align: center;%22><span><b><img src=%22https:\/\/www.josephinegey.de\/josephine_gey\/wp-content\/uploads\/2022\/06\/icon-workshop@4x.png%22 width=%22120%22 height=%2260%22 alt=%22%22 class=%22wp-image-1198 aligncenter size-full%22 \/><\/b><\/span><\/h3>\n<h3 style=%22text-align: center;%22><span><b><\/b><\/span><\/h3>\n<h3 style=%22text-align: center;%22><span><b>Einf\u00fchrungs-Workshop<br \/><\/b><em>\u2013 2h \u2013<\/em><\/span><\/h3>\n<h6 style=%22text-align: center;%22><span><strong>35,-\u20ac<\/strong><br \/><\/span><span style=%22color: #999999;%22><i>(inkl. MwSt.)<\/i><\/span><span style=%22color: #999999;%22><i><\/i><\/span><\/h6>\n<p><span style=%22color: #999999;%22><i><\/i><\/span><\/p>\n<p>&nbsp;<\/p>\n<p>&#8220; custom_padding_tablet=&#8220;30px|12px|20px|12px|false|false&#8220;]<\/p>\n<h3 style=\"text-align: center;\"><span><b><img loading=\"lazy\" decoding=\"async\" src=\"https:\/\/www.josephinegey.de\/josephine_gey\/wp-content\/uploads\/2022\/06\/icon-workshop@4x.png\" width=\"120\" height=\"60\" alt=\"\" class=\"wp-image-1198 aligncenter size-full\" srcset=\"https:\/\/www.josephinegey.de\/josephine_gey\/wp-content\/uploads\/2022\/06\/icon-workshop@4x.png 432w, https:\/\/www.josephinegey.de\/josephine_gey\/wp-content\/uploads\/2022\/06\/icon-workshop@4x-300x150.png 300w\" sizes=\"(max-width: 120px) 100vw, 120px\" \/><\/b><\/span><\/h3>\n<h3 style=\"text-align: center;\"><span><b><\/b><\/span><\/h3>\n<h3 style=\"text-align: center;\"><span><b>Einf\u00fchrungs-Workshop<br \/><\/b><em>\u2013 2h \u2013<\/em><\/span><\/h3>\n<h6 style=\"text-align: center;\"><span><strong>35,-\u20ac<\/strong><br \/><\/span><span style=\"color: #999999;\"><i>(inkl. MwSt.)<\/i><\/span><span style=\"color: #999999;\"><i><\/i><\/span><\/h6>\n<p><span style=\"color: #999999;\"><i><\/i><\/span><\/p>\n<p>&nbsp;<\/p>\n<p>[\/et_pb_text][\/et_pb_column][et_pb_column type=&#8220;1_4&#8243; _builder_version=&#8220;4.27.5&#8243; _module_preset=&#8220;default&#8220; background_color=&#8220;#FFFFFF&#8220; box_shadow_style=&#8220;preset1&#8243; box_shadow_blur=&#8220;50px&#8220; box_shadow_color=&#8220;rgba(249,131,131,0.2)&#8220; global_colors_info=&#8220;{}&#8220;][et_pb_text _builder_version=&#8220;4.27.6&#8243; _module_preset=&#8220;default&#8220; header_text_color=&#8220;#000000&#8243; header_3_font=&#8220;Josefin Sans|600|||||||&#8220; header_3_font_size=&#8220;24px&#8220; header_6_font=&#8220;Josefin Sans|300|||||||&#8220; header_6_text_color=&#8220;#000000&#8243; header_6_font_size=&#8220;16px&#8220; background_color=&#8220;#FFFFFF&#8220; custom_padding=&#8220;30px|12px|20px|12px|false|false&#8220; hover_enabled=&#8220;0&#8243; border_width_top=&#8220;2px&#8220; border_color_top=&#8220;#ffc0c0&#8243; global_colors_info=&#8220;{}&#8220; content_last_edited=&#8220;on|phone&#8220; content_phone=&#8220;<\/p>\n<h3 style=%22text-align: center;%22><span><b><img src=%22https:\/\/www.josephinegey.de\/josephine_gey\/wp-content\/uploads\/2022\/06\/icon-workshop@4x.png%22 width=%22120%22 height=%2260%22 alt=%22%22 class=%22wp-image-1198 aligncenter size-full%22 \/><\/b><\/span><\/h3>\n<h3 style=%22text-align: center;%22><span><b><\/b><\/span><\/h3>\n<h3 style=%22text-align: center;%22><span><b>Einf\u00fchrungs-Lektion*<br \/><\/b><em>\u2013 30 Min \u2013<\/em><\/span><\/h3>\n<h6 style=%22text-align: center;%22><span><strong>25,-\u20ac <\/strong><\/span><span style=%22color: #999999;%22><i>(inkl. MwSt.)<\/i><\/span><span style=%22color: #999999;%22><i><\/i><\/span><\/h6>\n<p><span style=%22color: #999999;%22><i><\/i><\/span><\/p>\n<h6 style=%22text-align: center;%22><span style=%22color: #999999;%22><\/span><\/h6>\n<h6 style=%22text-align: center;%22><span>* Verk\u00fcrzte Alternative zum Einf\u00fchrungs-Workshop. 30 Minuten vor Unterrichtsbeginn und nur in Verbindung mit 5er oder 10er Karte<\/span><\/h6>\n<p>&#8220; sticky_enabled=&#8220;0&#8243; custom_padding_last_edited=&#8220;on|phone&#8220; custom_padding_phone=&#8220;12px|12px|12px|12px|false|false&#8220; content_tablet=&#8220;<\/p>\n<h3 style=%22text-align: center;%22><span><b><img src=%22https:\/\/www.josephinegey.de\/josephine_gey\/wp-content\/uploads\/2022\/06\/icon-workshop@4x.png%22 width=%22120%22 height=%2260%22 alt=%22%22 class=%22wp-image-1198 aligncenter size-full%22 \/><\/b><\/span><\/h3>\n<h3 style=%22text-align: center;%22><span><b><\/b><\/span><\/h3>\n<h3 style=%22text-align: center;%22><span><b>Einf\u00fchrungs-Lektion*<br \/><\/b><em>\u2013 30 Min \u2013<\/em><\/span><\/h3>\n<h6 style=%22text-align: center;%22><span><strong>25,-\u20ac<\/strong><br \/><\/span><span style=%22color: #999999;%22><i>(inkl. MwSt.)<\/i><\/span><span style=%22color: #999999;%22><i><\/i><\/span><\/h6>\n<p><span style=%22color: #999999;%22><i><\/i><\/span><\/p>\n<h6 style=%22text-align: center;%22><span style=%22color: #999999;%22><\/span><\/h6>\n<h6 style=%22text-align: center;%22><span>* Verk\u00fcrzte Alternative zum Einf\u00fchrungs-Workshop. 30 Minuten vor Unterrichtsbeginn und nur in Verbindung mit 5er oder 10er Karte<\/span><\/h6>\n<p>&#8220; custom_padding_tablet=&#8220;30px|12px|20px|12px|false|false&#8220;]<\/p>\n<h3 style=\"text-align: center;\"><span><b><img loading=\"lazy\" decoding=\"async\" src=\"https:\/\/www.josephinegey.de\/josephine_gey\/wp-content\/uploads\/2022\/06\/icon-workshop@4x.png\" width=\"120\" height=\"60\" alt=\"\" class=\"wp-image-1198 aligncenter size-full\" srcset=\"https:\/\/www.josephinegey.de\/josephine_gey\/wp-content\/uploads\/2022\/06\/icon-workshop@4x.png 432w, https:\/\/www.josephinegey.de\/josephine_gey\/wp-content\/uploads\/2022\/06\/icon-workshop@4x-300x150.png 300w\" sizes=\"(max-width: 120px) 100vw, 120px\" \/><\/b><\/span><\/h3>\n<h3 style=\"text-align: center;\"><span><b><\/b><\/span><\/h3>\n<h3 style=\"text-align: center;\"><span><b>Einf\u00fchrungs-Lektion*<br \/><\/b><em>\u2013 30 Min \u2013<\/em><\/span><\/h3>\n<h6 style=\"text-align: center;\"><span><strong>25,-\u20ac<\/strong><br \/><\/span><span style=\"color: #999999;\"><i>(inkl. MwSt.)<\/i><\/span><span style=\"color: #999999;\"><i><\/i><\/span><\/h6>\n<p><span style=\"color: #999999;\"><i><\/i><\/span><\/p>\n<h6 style=\"text-align: center;\"><span style=\"color: #999999;\"><\/span><\/h6>\n<h6 style=\"text-align: center;\"><span>* Verk\u00fcrzte Alternative zum Einf\u00fchrungs-Workshop. 30 Minuten vor Unterrichtsbeginn und nur in Verbindung mit 5er oder 10er Karte<\/span><\/h6>\n<p>[\/et_pb_text][\/et_pb_column][et_pb_column type=&#8220;1_4&#8243; _builder_version=&#8220;4.27.5&#8243; _module_preset=&#8220;default&#8220; background_color=&#8220;#FFFFFF&#8220; box_shadow_style=&#8220;preset1&#8243; box_shadow_blur=&#8220;50px&#8220; box_shadow_color=&#8220;rgba(249,131,131,0.2)&#8220; global_colors_info=&#8220;{}&#8220;][et_pb_text _builder_version=&#8220;4.27.6&#8243; _module_preset=&#8220;default&#8220; header_3_font=&#8220;Josefin Sans|600|||||||&#8220; header_3_font_size=&#8220;24px&#8220; header_6_font=&#8220;Josefin Sans|300|||||||&#8220; header_6_font_size=&#8220;16px&#8220; background_color=&#8220;#FFFFFF&#8220; custom_padding=&#8220;30px|12px|20px|12px|false|false&#8220; hover_enabled=&#8220;0&#8243; border_width_top=&#8220;2px&#8220; border_color_top=&#8220;#ffc0c0&#8243; global_colors_info=&#8220;{}&#8220; custom_padding_last_edited=&#8220;on|phone&#8220; custom_padding_phone=&#8220;12px|12px|12px|12px|false|false&#8220; sticky_enabled=&#8220;0&#8243; custom_padding_tablet=&#8220;30px|12px|20px|12px|false|false&#8220;]<\/p>\n<h3 style=\"text-align: center;\"><span><b><img loading=\"lazy\" decoding=\"async\" src=\"https:\/\/www.josephinegey.de\/josephine_gey\/wp-content\/uploads\/2022\/06\/icon-gruppe@4x.png\" width=\"120\" height=\"60\" alt=\"\" class=\"wp-image-1079 aligncenter size-full\" srcset=\"https:\/\/www.josephinegey.de\/josephine_gey\/wp-content\/uploads\/2022\/06\/icon-gruppe@4x.png 432w, https:\/\/www.josephinegey.de\/josephine_gey\/wp-content\/uploads\/2022\/06\/icon-gruppe@4x-300x150.png 300w\" sizes=\"(max-width: 120px) 100vw, 120px\" \/><\/b><\/span><\/h3>\n<h3 style=\"text-align: center;\"><span><b><\/b><\/span><\/h3>\n<h3 style=\"text-align: center;\"><span><b>Gruppenunterricht<br \/><\/b><em>\u2013 60 Min \u2013<\/em><\/span><span><b><em><\/em><\/b><\/span><\/h3>\n<h6 style=\"text-align: center;\"><span><\/span><\/h6>\n<h6 style=\"text-align: center;\"><span><strong>5er Karte f\u00fcr 65,-\u20ac<\/strong><br \/><\/span><span style=\"color: #999999;\"><i>(5 Monate Laufzeit, inkl. MwSt.)<\/i><\/span><\/h6>\n<h6 style=\"text-align: center;\"><span><\/span><\/h6>\n<h6 style=\"text-align: center;\"><span><strong>10er Karte f\u00fcr 110,-\u20ac<\/strong><br \/><\/span><span style=\"color: #999999;\"><i>(5 Monate Laufzeit, inkl. MwSt.)<\/i><\/span><\/h6>\n<h6 style=\"text-align: center;\"><span><\/span><\/h6>\n<h6 style=\"text-align: center;\"><span><strong>Probestunde f\u00fcr 15,-\u20ac<\/strong><br \/><\/span><span style=\"color: #999999;\"><i>(inkl. MwSt.)<\/i><\/span><\/h6>\n<p>[\/et_pb_text][\/et_pb_column][et_pb_column type=&#8220;1_4&#8243; _builder_version=&#8220;4.27.5&#8243; _module_preset=&#8220;default&#8220; background_color=&#8220;#FFFFFF&#8220; box_shadow_style=&#8220;preset1&#8243; box_shadow_blur=&#8220;50px&#8220; box_shadow_color=&#8220;rgba(249,131,131,0.2)&#8220; global_colors_info=&#8220;{}&#8220;][et_pb_text _builder_version=&#8220;4.27.6&#8243; _module_preset=&#8220;default&#8220; header_3_font=&#8220;Josefin Sans|600|||||||&#8220; header_3_font_size=&#8220;24px&#8220; header_6_font=&#8220;Josefin Sans|300|||||||&#8220; header_6_font_size=&#8220;16px&#8220; background_color=&#8220;#FFFFFF&#8220; custom_margin=&#8220;||||false|false&#8220; custom_padding=&#8220;30px|12px|20px|12px|false|false&#8220; hover_enabled=&#8220;0&#8243; border_width_top=&#8220;2px&#8220; border_color_top=&#8220;#ffc0c0&#8243; global_colors_info=&#8220;{}&#8220; content_last_edited=&#8220;on|phone&#8220; content_phone=&#8220;<\/p>\n<h3 style=%22text-align: center;%22><span><b><img src=%22https:\/\/www.josephinegey.de\/josephine_gey\/wp-content\/uploads\/2022\/06\/icon-einzeln@4x.png%22 width=%22120%22 height=%2260%22 alt=%22%22 class=%22wp-image-1080 aligncenter size-full%22 \/><\/b><\/span><\/h3>\n<h3 style=%22text-align: center;%22><span><b><\/b><\/span><\/h3>\n<h3 style=%22text-align: center;%22><span><b>Einzelunterricht<br \/><\/b><em>\u2013 60 Min \u2013<\/em><\/span><\/h3>\n<h6 style=%22text-align: center;%22><span><strong> Einzel Coaching f\u00fcr 60,-\u20ac <\/strong><\/span><span style=%22color: #999999;%22><i>(inkl. MwSt.)<\/i><\/span><span style=%22color: #999999;%22><i><\/i><\/span><\/h6>\n<p>&#8220; sticky_enabled=&#8220;0&#8243; custom_padding_last_edited=&#8220;on|phone&#8220; custom_padding_phone=&#8220;12px|12px|12px|12px|false|false&#8220; content_tablet=&#8220;<\/p>\n<h3 style=%22text-align: center;%22><span><b><img src=%22https:\/\/www.josephinegey.de\/josephine_gey\/wp-content\/uploads\/2022\/06\/icon-einzeln@4x.png%22 width=%22120%22 height=%2260%22 alt=%22%22 class=%22wp-image-1080 aligncenter size-full%22 \/><\/b><\/span><\/h3>\n<h3 style=%22text-align: center;%22><span><b><\/b><\/span><\/h3>\n<h3 style=%22text-align: center;%22><span><b>Einzelunterricht<br \/><\/b><em>\u2013 60 Min \u2013<\/em><\/span><\/h3>\n<h6 style=%22text-align: center;%22><span><strong> Einzel Coaching f\u00fcr 60,-\u20ac<\/strong><br \/><\/span><span style=%22color: #999999;%22><i>(inkl. MwSt.)<\/i><\/span><span style=%22color: #999999;%22><i><\/i><\/span><\/h6>\n<p>&#8220; custom_padding_tablet=&#8220;30px|12px|20px|12px|false|false&#8220;]<\/p>\n<h3 style=\"text-align: center;\"><span><b><img loading=\"lazy\" decoding=\"async\" src=\"https:\/\/www.josephinegey.de\/josephine_gey\/wp-content\/uploads\/2022\/06\/icon-einzeln@4x.png\" width=\"120\" height=\"60\" alt=\"\" class=\"wp-image-1080 aligncenter size-full\" srcset=\"https:\/\/www.josephinegey.de\/josephine_gey\/wp-content\/uploads\/2022\/06\/icon-einzeln@4x.png 432w, https:\/\/www.josephinegey.de\/josephine_gey\/wp-content\/uploads\/2022\/06\/icon-einzeln@4x-300x150.png 300w\" sizes=\"(max-width: 120px) 100vw, 120px\" \/><\/b><\/span><\/h3>\n<h3 style=\"text-align: center;\"><span><b><\/b><\/span><\/h3>\n<h3 style=\"text-align: center;\"><span><b>Einzelunterricht<br \/><\/b><em>\u2013 60 Min \u2013<\/em><\/span><\/h3>\n<h6 style=\"text-align: center;\"><span><strong> Einzel Coaching f\u00fcr 60,-\u20ac<\/strong><br \/><\/span><span style=\"color: #999999;\"><i>(inkl. MwSt.)<\/i><\/span><span style=\"color: #999999;\"><i><\/i><\/span><\/h6>\n<p>[\/et_pb_text][\/et_pb_column][\/et_pb_row][et_pb_row disabled_on=&#8220;on|on|on&#8220; _builder_version=&#8220;4.23.4&#8243; _module_preset=&#8220;default&#8220; background_image=&#8220;https:\/\/www.josephinegey.de\/josephine_gey\/wp-content\/uploads\/2022\/09\/Cantienica-Koeln-Wald-Outdoor-Josephine-Gey-2.jpg&#8220; width=&#8220;100%&#8220; max_width=&#8220;100%&#8220; module_alignment=&#8220;center&#8220; custom_margin=&#8220;150px||||false|false&#8220; disabled=&#8220;on&#8220; global_colors_info=&#8220;{}&#8220;][et_pb_column type=&#8220;4_4&#8243; _builder_version=&#8220;4.17.4&#8243; _module_preset=&#8220;default&#8220; global_colors_info=&#8220;{}&#8220;][et_pb_text admin_label=&#8220;Warum im Wald?&#8220; _builder_version=&#8220;4.23.4&#8243; _module_preset=&#8220;default&#8220; header_text_color=&#8220;#FFFFFF&#8220; header_2_font=&#8220;Josefin Sans|600|||||||&#8220; header_2_text_color=&#8220;#FFFFFF&#8220; header_2_font_size=&#8220;32px&#8220; header_6_font=&#8220;Josefin Sans|300|||||||&#8220; header_6_text_align=&#8220;center&#8220; header_6_text_color=&#8220;#FFFFFF&#8220; header_6_font_size=&#8220;18px&#8220; header_6_line_height=&#8220;1.2em&#8220; width=&#8220;50%&#8220; width_tablet=&#8220;80%&#8220; width_phone=&#8220;60%&#8220; width_last_edited=&#8220;on|phone&#8220; max_width=&#8220;50%&#8220; max_width_tablet=&#8220;80%&#8220; max_width_phone=&#8220;60%&#8220; max_width_last_edited=&#8220;on|tablet&#8220; module_alignment=&#8220;left&#8220; custom_margin=&#8220;300px|0px|0px|0px|false|false&#8220; custom_margin_tablet=&#8220;100px||0px||false|false&#8220; custom_margin_phone=&#8220;50px||0px||false|false&#8220; custom_margin_last_edited=&#8220;on|phone&#8220; custom_padding=&#8220;|0px||350px|false|false&#8220; custom_padding_tablet=&#8220;|||0px|false|false&#8220; custom_padding_phone=&#8220;|||0px|false|false&#8220; custom_padding_last_edited=&#8220;on|desktop&#8220; module_alignment_tablet=&#8220;center&#8220; module_alignment_phone=&#8220;center&#8220; module_alignment_last_edited=&#8220;on|desktop&#8220; global_colors_info=&#8220;{}&#8220;]<\/p>\n<h2 style=\"text-align: center;\"><span><b>CANTIENICA\u00ae im Wald<\/b><\/span><span><\/span><\/h2>\n<p>[\/et_pb_text][et_pb_text admin_label=&#8220;Warum im Wald?&#8220; _builder_version=&#8220;4.23.4&#8243; _module_preset=&#8220;default&#8220; header_text_color=&#8220;#FFFFFF&#8220; header_2_font=&#8220;Josefin Sans|600|||||||&#8220; header_2_text_color=&#8220;#FFFFFF&#8220; header_2_font_size=&#8220;32px&#8220; header_6_font=&#8220;Josefin Sans|300|||||||&#8220; header_6_text_align=&#8220;center&#8220; header_6_text_color=&#8220;#FFFFFF&#8220; header_6_font_size=&#8220;20px&#8220; header_6_line_height=&#8220;1.2em&#8220; width=&#8220;50%&#8220; width_tablet=&#8220;80%&#8220; width_phone=&#8220;90%&#8220; width_last_edited=&#8220;on|phone&#8220; max_width=&#8220;50%&#8220; max_width_tablet=&#8220;80%&#8220; max_width_phone=&#8220;90%&#8220; max_width_last_edited=&#8220;on|tablet&#8220; module_alignment=&#8220;left&#8220; custom_margin=&#8220;0px|0px|350px|0px|false|false&#8220; custom_margin_tablet=&#8220;400px||40px||false|false&#8220; custom_margin_phone=&#8220;300px||0px||false|false&#8220; custom_margin_last_edited=&#8220;on|phone&#8220; custom_padding=&#8220;|0px||350px|false|false&#8220; custom_padding_tablet=&#8220;|||0px|false|false&#8220; custom_padding_phone=&#8220;|||0px|false|false&#8220; custom_padding_last_edited=&#8220;on|desktop&#8220; module_alignment_tablet=&#8220;center&#8220; module_alignment_phone=&#8220;center&#8220; module_alignment_last_edited=&#8220;on|desktop&#8220; global_colors_info=&#8220;{}&#8220;]<\/p>\n<h6>Der Wald hilft gegen Depressionen und Stress, er st\u00e4rkt das Immunsystem, wirkt entz\u00fcndungshemmend, erdend und beruhigend. Er heilt uns durch und durch.<\/h6>\n<h6>W\u00e4hrend wir also 60min unserem K\u00f6rper widmen, uns st\u00e4rken und wieder neu ausrichten, kann gleichzeitig Heilung geschehen und unser Geist zur Ruhe kommen.<\/h6>\n<p>[\/et_pb_text][\/et_pb_column][\/et_pb_row][et_pb_row _builder_version=&#8220;4.27.6&#8243; _module_preset=&#8220;default&#8220; width_tablet=&#8220;&#8220; width_phone=&#8220;90%&#8220; width_last_edited=&#8220;on|phone&#8220; module_alignment_tablet=&#8220;&#8220; module_alignment_phone=&#8220;center&#8220; module_alignment_last_edited=&#8220;on|phone&#8220; global_colors_info=&#8220;{}&#8220;][et_pb_column type=&#8220;4_4&#8243; _builder_version=&#8220;4.17.4&#8243; _module_preset=&#8220;default&#8220; global_colors_info=&#8220;{}&#8220;][et_pb_text admin_label=&#8220;\u00dcber Mich&#8220; _builder_version=&#8220;4.17.4&#8243; _module_preset=&#8220;default&#8220; header_2_font=&#8220;Josefin Sans|600|||||||&#8220; header_2_font_size=&#8220;32px&#8220; header_6_font=&#8220;Josefin Sans|300|||||||&#8220; header_6_text_align=&#8220;center&#8220; header_6_font_size=&#8220;16px&#8220; header_6_line_height=&#8220;1.2em&#8220; width=&#8220;70%&#8220; max_width=&#8220;70%&#8220; module_alignment=&#8220;center&#8220; custom_margin=&#8220;140px||||false|false&#8220; custom_margin_tablet=&#8220;120px||||false|false&#8220; custom_margin_phone=&#8220;40px||||false|false&#8220; custom_margin_last_edited=&#8220;on|phone&#8220; global_colors_info=&#8220;{}&#8220;]<\/p>\n<h2 style=\"text-align: center;\"><span><b>Josephine Gey<\/b><\/span><span><\/span><\/h2>\n<p>[\/et_pb_text][et_pb_image src=&#8220;https:\/\/www.josephinegey.de\/josephine_gey\/wp-content\/uploads\/2022\/06\/Cantienica-Instruktorin-Josephine-Gey-aus-Koeln.jpg&#8220; alt=&#8220;Cantienica Instruktorin Josephine Gey aus K\u00f6ln, Deutschland&#8220; title_text=&#8220;Cantienica Instruktorin Josephine Gey aus K\u00f6ln, Deutschland&#8220; _builder_version=&#8220;4.17.4&#8243; _module_preset=&#8220;default&#8220; width=&#8220;30%&#8220; width_tablet=&#8220;40%&#8220; width_phone=&#8220;90%&#8220; width_last_edited=&#8220;on|phone&#8220; max_width_tablet=&#8220;40%&#8220; max_width_phone=&#8220;90%&#8220; max_width_last_edited=&#8220;on|desktop&#8220; module_alignment=&#8220;center&#8220; custom_margin=&#8220;-30px||||false|false&#8220; global_colors_info=&#8220;{}&#8220;][\/et_pb_image][et_pb_text admin_label=&#8220;CANTIENICA\u00ae Preise&#8220; _builder_version=&#8220;4.23.4&#8243; _module_preset=&#8220;default&#8220; header_2_font=&#8220;Josefin Sans|600|||||||&#8220; header_2_font_size=&#8220;32px&#8220; header_6_font=&#8220;Josefin Sans|300|||||||&#8220; header_6_text_align=&#8220;center&#8220; header_6_font_size=&#8220;20px&#8220; header_6_line_height=&#8220;1.2em&#8220; width=&#8220;60%&#8220; width_tablet=&#8220;90%&#8220; width_phone=&#8220;100%&#8220; width_last_edited=&#8220;on|phone&#8220; max_width=&#8220;60%&#8220; max_width_tablet=&#8220;90%&#8220; max_width_phone=&#8220;100%&#8220; max_width_last_edited=&#8220;on|desktop&#8220; module_alignment=&#8220;center&#8220; custom_margin=&#8220;0px||||false|false&#8220; global_colors_info=&#8220;{}&#8220;]<\/p>\n<h6 style=\"text-align: left;\">Ich bin Schauspielerin und seit 2019 auch CANTIENICA\u00ae Trainerin. Zur CANTIENICA\u00ae-Methode kam ich 2016, als ich mitten in Theaterproben steckte, aber schon Monate durch einen schmerzenden Brustwirbel beeintr\u00e4chtigt wurde. Obwohl ich, schon allein aus beruflichen Gr\u00fcnden, K\u00f6rpererfahren bin, blieb der Schmerz. Ich probierte das CANTIENICA\u00ae Training und nach 3 Unterrichtsstunden war ich schmerzfrei und noch dazu aufrechter.<span class=\"Apple-converted-space\">\u00a0<\/span>Uff! Das hat mich \u00fcberzeugt. Seitdem begleitet mich die CANTIENICA\u00ae Methode.<\/h6>\n<h6 style=\"text-align: left;\"><\/h6>\n<h6 style=\"text-align: left;\">Sie bereitete mich optimal auf die Geburt meines ersten Kindes 2017 vor und verhalf mir danach, konsequent und mit Geduld, meine Bauchmuskeln wieder n\u00e4her zusammen zu bringen (ausgepr\u00e4gte Rektusdiastase) und so wieder einen flachen und stabilen Bauch zu bekommen. Das Ganze dann noch einmal bei der Geburt meines zweiten und dritten Kindes (2020 und 2023), nur dass ich diesmal, frisch nach der CANTIENICA\u00ae Ausbildung, dazu gelernt habe und keine so ausgepr\u00e4gte Rektusdiastase hatte. Beckenbodenprobleme oder R\u00fcckenschmerzen durch Stillen und Heben hatte ich dank dem Training nie bzw. konnte es sofort \u00e4ndern.<\/h6>\n<h6 style=\"text-align: left;\"><\/h6>\n<h6 style=\"text-align: left;\">Bei meiner Arbeit als Schauspielerin konnte ich mich so immer optimal k\u00f6rperlich fit halten und vorbereiten.<\/h6>\n<h6 style=\"text-align: left;\"><\/h6>\n<h6 style=\"text-align: left;\">F\u00fcr mich ist die CANTIENICA\u00ae-Methode nicht nur ein Training, sondern ein Begleiter durch den Tag, bei allen Bewegungen. Und so unterrichte ich es mit Freude und \u00dcberzeugung. Erst in K\u00f6ln und ab Januar 2026 in Grimma.<\/h6>\n<p>&nbsp;<\/p>\n<p>&nbsp;<\/p>\n<h6 style=\"text-align: left;\"><strong><span style=\"color: #e26262;\">\u25ce <\/span><\/strong><span style=\"color: #e26262;\"><span style=\"color: #333333;\">geboren 1989 in Leipzig<\/span><\/span><\/h6>\n<h6 style=\"text-align: left;\"><strong><span style=\"color: #e26262;\">\u25ce <\/span><\/strong><span style=\"color: #e26262;\"><span style=\"color: #333333;\">2008 &#8211; 2012 Schauspieldiplom an der Theaterakademie K\u00f6ln<br \/><\/span><\/span><\/h6>\n<h6 style=\"text-align: left;\"><strong><span style=\"color: #e26262;\">\u25ce <\/span><\/strong><span style=\"color: #e26262;\"><span style=\"color: #333333;\">2013 &#8211; 2015 Weiterbildungen in Los Angeles und London<\/span><\/span><\/h6>\n<h6><span style=\"color: #e26262;\"><span style=\"color: #333333;\"><\/span><\/span><\/h6>\n<h6 style=\"text-align: left;\"><strong><span style=\"color: #e26262;\">\u25ce <\/span><\/strong><span style=\"color: #e26262;\"><span style=\"color: #333333;\">2019 Ausbildung Cantienica\u00ae &#8211; Level 1 Bronze<\/span><\/span><\/h6>\n<h6 style=\"text-align: left;\"><strong><span style=\"color: #e26262;\">\u25ce <\/span><\/strong><span style=\"color: #e26262;\"><span style=\"color: #333333;\">2021 Ausbildung Cantienica\u00ae &#8211; Training in Schwangerschaft und R\u00fcckbildung<\/span><\/span><\/h6>\n<h6><span style=\"color: #e26262;\"><span style=\"color: #333333;\"><\/span><\/span><\/h6>\n<h6><span style=\"color: #e26262;\"><span style=\"color: #333333;\">Als Lizenznehmerin verpflichte ich mich zu regelm\u00e4\u00dfigen Weiterbildungen.<\/span><\/span><\/h6>\n<h6 style=\"text-align: left;\"><\/h6>\n<p>[\/et_pb_text][\/et_pb_column][\/et_pb_row][et_pb_row _builder_version=&#8220;4.27.6&#8243; _module_preset=&#8220;default&#8220; background_color=&#8220;RGBA(255,255,255,0)&#8220; background_image=&#8220;https:\/\/www.josephinegey.de\/josephine_gey\/wp-content\/uploads\/2022\/06\/cantienica-background@2x.png&#8220; background_size=&#8220;contain&#8220; width_tablet=&#8220;&#8220; width_phone=&#8220;90%&#8220; width_last_edited=&#8220;on|phone&#8220; global_colors_info=&#8220;{}&#8220;][et_pb_column type=&#8220;4_4&#8243; _builder_version=&#8220;4.17.4&#8243; _module_preset=&#8220;default&#8220; global_colors_info=&#8220;{}&#8220;][et_pb_text admin_label=&#8220;H\u00e4ufig gestellte Fragen&#8220; _builder_version=&#8220;4.23.4&#8243; _module_preset=&#8220;default&#8220; header_2_font=&#8220;Josefin Sans|600|||||||&#8220; header_2_font_size=&#8220;32px&#8220; header_6_font=&#8220;Josefin Sans|300|||||||&#8220; header_6_text_align=&#8220;center&#8220; header_6_font_size=&#8220;16px&#8220; header_6_line_height=&#8220;1.2em&#8220; width=&#8220;70%&#8220; max_width=&#8220;70%&#8220; module_alignment=&#8220;center&#8220; custom_margin=&#8220;140px||||false|false&#8220; custom_margin_tablet=&#8220;140px||||false|false&#8220; custom_margin_phone=&#8220;20px||||false|false&#8220; custom_margin_last_edited=&#8220;on|phone&#8220; global_colors_info=&#8220;{}&#8220;]<\/p>\n<h2 style=\"text-align: center;\"><span><b>H\u00e4ufig gestellte Fragen<\/b><\/span><span><\/span><\/h2>\n<p>[\/et_pb_text][et_pb_toggle title=&#8220;Welche Kleidung soll ich w\u00e4hrend des Unterrichtes tragen?&#8220; open_toggle_background_color=&#8220;#ffffff&#8220; closed_toggle_background_color=&#8220;#ffffff&#8220; admin_label=&#8220;Welche Kleidung \u2026&#8220; _builder_version=&#8220;4.23.4&#8243; _module_preset=&#8220;default&#8220; title_level=&#8220;h4&#8243; title_font=&#8220;Josefin Sans|600|||||||&#8220; title_font_size=&#8220;18px&#8220; closed_title_font=&#8220;Josefin Sans|600|||||||&#8220; body_font_size=&#8220;16px&#8220; background_color=&#8220;#FFFFFF&#8220; width=&#8220;65%&#8220; width_tablet=&#8220;95%&#8220; width_phone=&#8220;100%&#8220; width_last_edited=&#8220;on|phone&#8220; max_width=&#8220;100%&#8220; module_alignment=&#8220;center&#8220; custom_margin=&#8220;||2px||false|false&#8220; border_width_all=&#8220;0px&#8220; border_color_top=&#8220;#ffc0c0&#8243; box_shadow_style=&#8220;preset1&#8243; box_shadow_blur=&#8220;30px&#8220; box_shadow_color=&#8220;rgba(249,131,131,0.49)&#8220; global_colors_info=&#8220;{}&#8220;]<\/p>\n<p>Am Besten tr\u00e4gst du Kleidung, in denen du dich wohlf\u00fchlst und dich gut bewegen kannst. Das kann ein Jogginganzug oder eine Stretchhose mit normalem T-Shirt sein.<\/p>\n<p>Jeans und Pullover w\u00e4ren eher ungeeignet.<\/p>\n<p>[\/et_pb_toggle][et_pb_toggle title=&#8220;Brauche ich eine Turnmatte bei Cantienica\u00ae?&#8220; open_toggle_background_color=&#8220;#ffffff&#8220; closed_toggle_background_color=&#8220;#ffffff&#8220; admin_label=&#8220;Brauche ich eine Turnmatte?&#8220; _builder_version=&#8220;4.23.4&#8243; _module_preset=&#8220;default&#8220; title_level=&#8220;h4&#8243; title_font=&#8220;Josefin Sans|600|||||||&#8220; title_font_size=&#8220;18px&#8220; closed_title_font=&#8220;Josefin Sans|600|||||||&#8220; body_font_size=&#8220;16px&#8220; background_color=&#8220;#FFFFFF&#8220; width=&#8220;65%&#8220; width_tablet=&#8220;95%&#8220; width_phone=&#8220;100%&#8220; width_last_edited=&#8220;on|phone&#8220; module_alignment=&#8220;center&#8220; custom_margin=&#8220;||2px||false|false&#8220; border_width_all=&#8220;0px&#8220; border_color_top=&#8220;#ffc0c0&#8243; box_shadow_style=&#8220;preset1&#8243; box_shadow_blur=&#8220;30px&#8220; box_shadow_color=&#8220;rgba(249,131,131,0.49)&#8220; global_colors_info=&#8220;{}&#8220;]<\/p>\n<p>Ja, eine eigene Turnmatte wird ben\u00f6tigt. Bitte bring diese bei jeder Cantienica\u00ae Unterrichtseinheit mit.<\/p>\n<p>[\/et_pb_toggle][et_pb_toggle title=&#8220;Wie sieht der Unterricht in Zeiten von Corona aus?&#8220; disabled_on=&#8220;on|on|on&#8220; admin_label=&#8220;Wie sieht der \u2026&#8220; _builder_version=&#8220;4.23.4&#8243; _module_preset=&#8220;default&#8220; title_level=&#8220;h4&#8243; title_font=&#8220;Josefin Sans|600|||||||&#8220; title_font_size=&#8220;18px&#8220; closed_title_font=&#8220;Josefin Sans|600|||||||&#8220; body_font_size=&#8220;16px&#8220; background_color=&#8220;#FFFFFF&#8220; width=&#8220;65%&#8220; width_tablet=&#8220;95%&#8220; width_phone=&#8220;100%&#8220; width_last_edited=&#8220;on|phone&#8220; module_alignment=&#8220;center&#8220; custom_margin=&#8220;||2px||false|false&#8220; border_width_all=&#8220;0px&#8220; border_color_top=&#8220;#ffc0c0&#8243; box_shadow_style=&#8220;preset1&#8243; box_shadow_blur=&#8220;30px&#8220; box_shadow_color=&#8220;rgba(249,131,131,0.49)&#8220; disabled=&#8220;on&#8220; global_colors_info=&#8220;{}&#8220;]<\/p>\n<p>Momentan herrschen keine Beschr\u00e4nkungen vor. Sollte sich dies \u00e4ndern, werde ich rechtzeitig Bescheid geben. Der Unterricht wird dann angepasst oder online \u00fcbertragen. Bei trockenem Wetter sind wir ohnehin im Wald, wo wir perfekt gereinigte Luft atmen k\u00f6nnen.<\/p>\n<p>[\/et_pb_toggle][et_pb_toggle title=&#8220;Bei welchem Leiden hilft Cantienica\u00ae?&#8220; admin_label=&#8220;Bei welchem Leiden hilft Cantienica\u00ae?&#8220; _builder_version=&#8220;4.23.4&#8243; _module_preset=&#8220;default&#8220; title_level=&#8220;h4&#8243; title_font=&#8220;Josefin Sans|600|||||||&#8220; title_font_size=&#8220;18px&#8220; closed_title_font=&#8220;Josefin Sans|600|||||||&#8220; body_font_size=&#8220;16px&#8220; background_color=&#8220;#FFFFFF&#8220; width=&#8220;65%&#8220; width_tablet=&#8220;95%&#8220; width_phone=&#8220;100%&#8220; width_last_edited=&#8220;on|phone&#8220; module_alignment=&#8220;center&#8220; custom_margin=&#8220;||2px||false|false&#8220; border_width_all=&#8220;0px&#8220; border_color_top=&#8220;#ffc0c0&#8243; box_shadow_style=&#8220;preset1&#8243; box_shadow_blur=&#8220;30px&#8220; box_shadow_color=&#8220;rgba(249,131,131,0.49)&#8220; global_colors_info=&#8220;{}&#8220;]<\/p>\n<p>&#8211; Gelenkarthrose<br \/>&#8211; O-Beine\/X-Beine<br \/>&#8211; Fu\u00dfdeformationen<br \/>&#8211; Schiefst\u00e4nde<br \/>&#8211; (Organ)Senkungen<br \/>&#8211; Rektus Diastase<br \/>&#8211; Bandscheibenvorfall<br \/>&#8211; R\u00fcckenprobleme<br \/>&#8211; Inkontinenz<br \/>&#8211; H\u00e4morrhoiden<br \/>&#8211; Genereller Muskelaufbau<\/p>\n<p>[\/et_pb_toggle][et_pb_toggle title=&#8220;Kann ich Cantienica\u00ae w\u00e4hrend der Schwangerschaft aus\u00fcben?&#8220; admin_label=&#8220;Kann ich Cantienica\u00ae w\u00e4hrend der Schwangerschaft aus\u00fcbern?&#8220; _builder_version=&#8220;4.23.4&#8243; _module_preset=&#8220;default&#8220; title_level=&#8220;h4&#8243; title_font=&#8220;Josefin Sans|600|||||||&#8220; title_font_size=&#8220;18px&#8220; closed_title_font=&#8220;Josefin Sans|600|||||||&#8220; body_font_size=&#8220;16px&#8220; background_color=&#8220;#FFFFFF&#8220; width=&#8220;65%&#8220; width_tablet=&#8220;95%&#8220; width_phone=&#8220;100%&#8220; width_last_edited=&#8220;on|phone&#8220; module_alignment=&#8220;center&#8220; custom_margin=&#8220;||2px||false|false&#8220; border_width_all=&#8220;0px&#8220; border_color_top=&#8220;#ffc0c0&#8243; box_shadow_style=&#8220;preset1&#8243; box_shadow_blur=&#8220;30px&#8220; box_shadow_color=&#8220;rgba(249,131,131,0.49)&#8220; global_colors_info=&#8220;{}&#8220;]<\/p>\n<p>Ja, Cantienica ist w\u00e4hrend der Schwangerschaft sogar von Vorteil, da es sanft auf den Geburtsprozess vorbereitet. Dies kann ich aus eigener Erfahrung best\u00e4tigen. Gerade w\u00e4hrend einer Schwangerschaft kommt es zu enormen k\u00f6rperlichen Ver\u00e4nderungen, bei denen es unglaublich hilfreich ist, wenn man wei\u00df, wie man sich optimal ausrichtet und ein st\u00fctzendes Muskelkorsett bilden kann. Ganz nach eigenem Energielevel. Es ist eine sch\u00f6ne M\u00f6glichkeit sich Zeit f\u00fcr sich, das Baby im Bauch, den eigenen K\u00f6rper und alle einhergehenden Ver\u00e4nderungen, zu nehmen.,<\/p>\n<p>Aber auch nach der Schwangerschaft ist CANTIENICA\u00ae ideal f\u00fcr die R\u00fcckbildung. Das Becken bekommt wieder Stabilit\u00e4t, der Beckenboden wird gekr\u00e4ftigt und vernetzt. Eine Rektusdiastase kann behoben werden und du als Mama bekommst genug Power, um dein Baby tragen, heben und stillen zu k\u00f6nnen. Denn das geht auch ohne Schmerzen.<\/p>\n<p>Durch meine Weiterbildung in CANTIENICA\u00ae Schwangerschaft und R\u00fcckbildung und aus eigener Erfahrungen kann ich dich bei diesen Prozessen begleiten und unterst\u00fctzen.<\/p>\n<p><img loading=\"lazy\" decoding=\"async\" src=\"https:\/\/www.josephinegey.de\/josephine_gey\/wp-content\/uploads\/2022\/06\/Josephine-Gey-Cantienica-in-der-Schwangerschaft.jpg\" width=\"2000\" height=\"1340\" alt=\"\" class=\"wp-image-1125 aligncenter size-full\" srcset=\"https:\/\/www.josephinegey.de\/josephine_gey\/wp-content\/uploads\/2022\/06\/Josephine-Gey-Cantienica-in-der-Schwangerschaft.jpg 2000w, https:\/\/www.josephinegey.de\/josephine_gey\/wp-content\/uploads\/2022\/06\/Josephine-Gey-Cantienica-in-der-Schwangerschaft-1280x858.jpg 1280w, https:\/\/www.josephinegey.de\/josephine_gey\/wp-content\/uploads\/2022\/06\/Josephine-Gey-Cantienica-in-der-Schwangerschaft-980x657.jpg 980w, https:\/\/www.josephinegey.de\/josephine_gey\/wp-content\/uploads\/2022\/06\/Josephine-Gey-Cantienica-in-der-Schwangerschaft-480x322.jpg 480w\" sizes=\"(min-width: 0px) and (max-width: 480px) 480px, (min-width: 481px) and (max-width: 980px) 980px, (min-width: 981px) and (max-width: 1280px) 1280px, (min-width: 1281px) 2000px, 100vw\" \/><\/p>\n<p>[\/et_pb_toggle][et_pb_toggle title=&#8220;Ist Cantienica\u00ae auch f\u00fcr M\u00e4nner?&#8220; admin_label=&#8220;Ist Cantienica\u00ae auch f\u00fcr M\u00e4nner?&#8220; _builder_version=&#8220;4.23.4&#8243; _module_preset=&#8220;default&#8220; title_level=&#8220;h4&#8243; title_font=&#8220;Josefin Sans|600|||||||&#8220; title_font_size=&#8220;18px&#8220; closed_title_font=&#8220;Josefin Sans|600|||||||&#8220; body_font_size=&#8220;16px&#8220; background_color=&#8220;#FFFFFF&#8220; width=&#8220;65%&#8220; width_tablet=&#8220;95%&#8220; width_phone=&#8220;100%&#8220; width_last_edited=&#8220;on|phone&#8220; module_alignment=&#8220;center&#8220; custom_margin=&#8220;||2px||false|false&#8220; border_width_all=&#8220;0px&#8220; border_color_top=&#8220;#ffc0c0&#8243; box_shadow_style=&#8220;preset1&#8243; box_shadow_blur=&#8220;30px&#8220; box_shadow_color=&#8220;rgba(249,131,131,0.49)&#8220; global_colors_info=&#8220;{}&#8220;]<\/p>\n<p>Auf jeden Fall! M\u00e4nner haben genau die gleichen k\u00f6rperlichen Herausforderungen wie Frauen und werden im Training aufgerichtet. Jede Muskelgruppe wird trainiert. Es kann selbst zur Erg\u00e4nzung im Fitnessstudio oder bei sonstigem Sport genutzt werden, da du so lernst, bei allen Bewegungen eine gesunde Haltung zu haben. Auch bei der Arbeit oder k\u00f6rperlichen Beschwerden kann dir die CANTIENICA\u00ae-Methode helfen. CANTIENICA\u00ae ist keine Gymnastik, sondern ein wirklich vitalisierendes, kr\u00e4ftigendes und gesundes Ganzk\u00f6rpertraining f\u00fcr jede Altersgruppe und jedes Geschlecht.<\/p>\n<p>[\/et_pb_toggle][et_pb_code _builder_version=&#8220;4.17.4&#8243; _module_preset=&#8220;default&#8220; width=&#8220;65%&#8220; width_tablet=&#8220;95%&#8220; width_phone=&#8220;100%&#8220; width_last_edited=&#8220;on|phone&#8220; module_alignment=&#8220;center&#8220; custom_margin=&#8220;40px||||false|false&#8220; global_colors_info=&#8220;{}&#8220;]<iframe loading=\"lazy\" width=\"560\" height=\"315\" src=\"https:\/\/www.youtube.com\/embed\/nScnA8bO0oo?controls=0\" title=\"YouTube video player\" frameborder=\"0\" allow=\"accelerometer; autoplay; clipboard-write; encrypted-media; gyroscope; picture-in-picture\" allowfullscreen><\/iframe>[\/et_pb_code][\/et_pb_column][\/et_pb_row][et_pb_row module_id=&#8220;cantienica-kursanfrage&#8220; _builder_version=&#8220;4.27.6&#8243; _module_preset=&#8220;default&#8220; background_color=&#8220;#FFFFFF&#8220; width_tablet=&#8220;&#8220; width_phone=&#8220;90%&#8220; width_last_edited=&#8220;on|phone&#8220; custom_margin=&#8220;120px||80px||false|false&#8220; custom_margin_tablet=&#8220;120px||80px||false|false&#8220; custom_margin_phone=&#8220;20px||||false|false&#8220; custom_margin_last_edited=&#8220;on|phone&#8220; border_width_top=&#8220;2px&#8220; border_color_top=&#8220;#ffc0c0&#8243; box_shadow_style=&#8220;preset1&#8243; box_shadow_blur=&#8220;80px&#8220; box_shadow_spread=&#8220;14px&#8220; box_shadow_color=&#8220;rgba(249,131,131,0.11)&#8220; global_colors_info=&#8220;{}&#8220;][et_pb_column type=&#8220;4_4&#8243; _builder_version=&#8220;4.17.4&#8243; _module_preset=&#8220;default&#8220; global_colors_info=&#8220;{}&#8220;][et_pb_text admin_label=&#8220;CANTIENICA\u00ae Kurse&#8220; _builder_version=&#8220;4.23.4&#8243; _module_preset=&#8220;default&#8220; header_2_font=&#8220;Josefin Sans|600|||||||&#8220; header_2_font_size=&#8220;32px&#8220; header_6_font=&#8220;Josefin Sans|300|||||||&#8220; header_6_text_align=&#8220;center&#8220; header_6_font_size=&#8220;20px&#8220; header_6_line_height=&#8220;1.2em&#8220; width=&#8220;50%&#8220; width_tablet=&#8220;70%&#8220; width_phone=&#8220;90%&#8220; width_last_edited=&#8220;on|phone&#8220; max_width=&#8220;70%&#8220; max_width_tablet=&#8220;70%&#8220; max_width_phone=&#8220;90%&#8220; max_width_last_edited=&#8220;on|desktop&#8220; module_alignment=&#8220;center&#8220; custom_margin=&#8220;40px||40px||false|false&#8220; global_colors_info=&#8220;{}&#8220;]<\/p>\n<h2 style=\"text-align: center;\"><span><b>Kursanfrage<\/b><\/span><span><\/span><\/h2>\n<p>[\/et_pb_text][et_pb_contact_form email=&#8220;mail@josephinegey.de&#8220; success_message=&#8220;Wunderbar! Ich werde mich schnellstm\u00f6glich bei dir melden.&#8220; submit_button_text=&#8220;ABSCHICKEN&#8220; _builder_version=&#8220;4.23.4&#8243; _module_preset=&#8220;default&#8220; _unique_id=&#8220;75d61860-0205-45bc-8166-1be819100c6d&#8220; form_field_background_color=&#8220;#f4eaea&#8220; form_field_text_color=&#8220;#5e5e5e&#8220; custom_button=&#8220;on&#8220; button_text_size=&#8220;16px&#8220; button_text_color=&#8220;#FFFFFF&#8220; button_bg_color=&#8220;#e26262&#8243; button_border_width=&#8220;0px&#8220; button_border_radius=&#8220;100px&#8220; button_font=&#8220;Josefin Sans|500|||||||&#8220; width=&#8220;90%&#8220; max_width=&#8220;90%&#8220; module_alignment=&#8220;center&#8220; global_colors_info=&#8220;{}&#8220;][et_pb_contact_field field_id=&#8220;Vorname&#8220; field_title=&#8220;Vorname&#8220; _builder_version=&#8220;4.17.4&#8243; global_colors_info=&#8220;{}&#8220; button_text_size__hover_enabled=&#8220;off&#8220; button_one_text_size__hover_enabled=&#8220;off&#8220; button_two_text_size__hover_enabled=&#8220;off&#8220; button_text_color__hover_enabled=&#8220;off&#8220; button_one_text_color__hover_enabled=&#8220;off&#8220; button_two_text_color__hover_enabled=&#8220;off&#8220; button_border_width__hover_enabled=&#8220;off&#8220; button_one_border_width__hover_enabled=&#8220;off&#8220; button_two_border_width__hover_enabled=&#8220;off&#8220; button_border_color__hover_enabled=&#8220;off&#8220; button_one_border_color__hover_enabled=&#8220;off&#8220; button_two_border_color__hover_enabled=&#8220;off&#8220; button_border_radius__hover_enabled=&#8220;off&#8220; button_one_border_radius__hover_enabled=&#8220;off&#8220; button_two_border_radius__hover_enabled=&#8220;off&#8220; button_letter_spacing__hover_enabled=&#8220;off&#8220; button_one_letter_spacing__hover_enabled=&#8220;off&#8220; button_two_letter_spacing__hover_enabled=&#8220;off&#8220; button_bg_color__hover_enabled=&#8220;off&#8220; button_one_bg_color__hover_enabled=&#8220;off&#8220; button_two_bg_color__hover_enabled=&#8220;off&#8220;][\/et_pb_contact_field][et_pb_contact_field field_id=&#8220;Nachname&#8220; field_title=&#8220;Nachname&#8220; _builder_version=&#8220;4.17.4&#8243; _module_preset=&#8220;default&#8220; global_colors_info=&#8220;{}&#8220;][\/et_pb_contact_field][et_pb_contact_field field_id=&#8220;PLZ&#8220; field_title=&#8220;PLZ&#8220; min_length=&#8220;5&#8243; max_length=&#8220;5&#8243; allowed_symbols=&#8220;numbers&#8220; required_mark=&#8220;off&#8220; _builder_version=&#8220;4.17.4&#8243; _module_preset=&#8220;default&#8220; global_colors_info=&#8220;{}&#8220;][\/et_pb_contact_field][et_pb_contact_field field_id=&#8220;Email&#8220; field_title=&#8220;E-Mail-Adresse&#8220; field_type=&#8220;email&#8220; _builder_version=&#8220;4.16&#8243; global_colors_info=&#8220;{}&#8220; button_text_size__hover_enabled=&#8220;off&#8220; button_one_text_size__hover_enabled=&#8220;off&#8220; button_two_text_size__hover_enabled=&#8220;off&#8220; button_text_color__hover_enabled=&#8220;off&#8220; button_one_text_color__hover_enabled=&#8220;off&#8220; button_two_text_color__hover_enabled=&#8220;off&#8220; button_border_width__hover_enabled=&#8220;off&#8220; button_one_border_width__hover_enabled=&#8220;off&#8220; button_two_border_width__hover_enabled=&#8220;off&#8220; button_border_color__hover_enabled=&#8220;off&#8220; button_one_border_color__hover_enabled=&#8220;off&#8220; button_two_border_color__hover_enabled=&#8220;off&#8220; button_border_radius__hover_enabled=&#8220;off&#8220; button_one_border_radius__hover_enabled=&#8220;off&#8220; button_two_border_radius__hover_enabled=&#8220;off&#8220; button_letter_spacing__hover_enabled=&#8220;off&#8220; button_one_letter_spacing__hover_enabled=&#8220;off&#8220; button_two_letter_spacing__hover_enabled=&#8220;off&#8220; button_bg_color__hover_enabled=&#8220;off&#8220; button_one_bg_color__hover_enabled=&#8220;off&#8220; button_two_bg_color__hover_enabled=&#8220;off&#8220;][\/et_pb_contact_field][et_pb_contact_field field_id=&#8220;Anliegen&#8220; field_title=&#8220;Anliegen&#8220; field_type=&#8220;select&#8220; select_options=&#8220;%91{%22value%22:%22Einzelunterricht%22,%22checked%22:0,%22dragID%22:2},{%22value%22:%22Gruppenunterricht%22,%22checked%22:0,%22dragID%22:1},{%22value%22:%22Einf\u00fchrungsworkshop%22,%22checked%22:0,%22dragID%22:3},{%22value%22:%22Allgemeine Frage%22,%22checked%22:0,%22dragID%22:0}%93&#8243; fullwidth_field=&#8220;on&#8220; _builder_version=&#8220;4.23.4&#8243; global_colors_info=&#8220;{}&#8220; button_text_size__hover_enabled=&#8220;off&#8220; button_one_text_size__hover_enabled=&#8220;off&#8220; button_two_text_size__hover_enabled=&#8220;off&#8220; button_text_color__hover_enabled=&#8220;off&#8220; button_one_text_color__hover_enabled=&#8220;off&#8220; button_two_text_color__hover_enabled=&#8220;off&#8220; button_border_width__hover_enabled=&#8220;off&#8220; button_one_border_width__hover_enabled=&#8220;off&#8220; button_two_border_width__hover_enabled=&#8220;off&#8220; button_border_color__hover_enabled=&#8220;off&#8220; button_one_border_color__hover_enabled=&#8220;off&#8220; button_two_border_color__hover_enabled=&#8220;off&#8220; button_border_radius__hover_enabled=&#8220;off&#8220; button_one_border_radius__hover_enabled=&#8220;off&#8220; button_two_border_radius__hover_enabled=&#8220;off&#8220; button_letter_spacing__hover_enabled=&#8220;off&#8220; button_one_letter_spacing__hover_enabled=&#8220;off&#8220; button_two_letter_spacing__hover_enabled=&#8220;off&#8220; button_bg_color__hover_enabled=&#8220;off&#8220; button_one_bg_color__hover_enabled=&#8220;off&#8220; button_two_bg_color__hover_enabled=&#8220;off&#8220;][\/et_pb_contact_field][et_pb_contact_field field_id=&#8220;Message&#8220; field_title=&#8220;Nachricht&#8220; field_type=&#8220;text&#8220; fullwidth_field=&#8220;on&#8220; _builder_version=&#8220;4.23.4&#8243; global_colors_info=&#8220;{}&#8220; button_text_size__hover_enabled=&#8220;off&#8220; button_one_text_size__hover_enabled=&#8220;off&#8220; button_two_text_size__hover_enabled=&#8220;off&#8220; button_text_color__hover_enabled=&#8220;off&#8220; button_one_text_color__hover_enabled=&#8220;off&#8220; button_two_text_color__hover_enabled=&#8220;off&#8220; button_border_width__hover_enabled=&#8220;off&#8220; button_one_border_width__hover_enabled=&#8220;off&#8220; button_two_border_width__hover_enabled=&#8220;off&#8220; button_border_color__hover_enabled=&#8220;off&#8220; button_one_border_color__hover_enabled=&#8220;off&#8220; button_two_border_color__hover_enabled=&#8220;off&#8220; button_border_radius__hover_enabled=&#8220;off&#8220; button_one_border_radius__hover_enabled=&#8220;off&#8220; button_two_border_radius__hover_enabled=&#8220;off&#8220; button_letter_spacing__hover_enabled=&#8220;off&#8220; button_one_letter_spacing__hover_enabled=&#8220;off&#8220; button_two_letter_spacing__hover_enabled=&#8220;off&#8220; button_bg_color__hover_enabled=&#8220;off&#8220; button_one_bg_color__hover_enabled=&#8220;off&#8220; button_two_bg_color__hover_enabled=&#8220;off&#8220;][\/et_pb_contact_field][et_pb_contact_field field_id=&#8220;Datenschutzrichtlinie&#8220; field_title=&#8220; &#8220; field_type=&#8220;checkbox&#8220; checkbox_options=&#8220;%91{%22value%22:%22Ja, ich habe die %22,%22checked%22:0,%22dragID%22:-1,%22link_url%22:%22http:\/\/www.josephinegey.de\/josephine_gey\/impressum\/%22,%22link_text%22:%22Datenschutzrichtlinien gelesen%22}%93&#8243; fullwidth_field=&#8220;on&#8220; _builder_version=&#8220;4.17.4&#8243; global_colors_info=&#8220;{}&#8220; button_text_size__hover_enabled=&#8220;off&#8220; button_one_text_size__hover_enabled=&#8220;off&#8220; button_two_text_size__hover_enabled=&#8220;off&#8220; button_text_color__hover_enabled=&#8220;off&#8220; button_one_text_color__hover_enabled=&#8220;off&#8220; button_two_text_color__hover_enabled=&#8220;off&#8220; button_border_width__hover_enabled=&#8220;off&#8220; button_one_border_width__hover_enabled=&#8220;off&#8220; button_two_border_width__hover_enabled=&#8220;off&#8220; button_border_color__hover_enabled=&#8220;off&#8220; button_one_border_color__hover_enabled=&#8220;off&#8220; button_two_border_color__hover_enabled=&#8220;off&#8220; button_border_radius__hover_enabled=&#8220;off&#8220; button_one_border_radius__hover_enabled=&#8220;off&#8220; button_two_border_radius__hover_enabled=&#8220;off&#8220; button_letter_spacing__hover_enabled=&#8220;off&#8220; button_one_letter_spacing__hover_enabled=&#8220;off&#8220; button_two_letter_spacing__hover_enabled=&#8220;off&#8220; button_bg_color__hover_enabled=&#8220;off&#8220; button_one_bg_color__hover_enabled=&#8220;off&#8220; button_two_bg_color__hover_enabled=&#8220;off&#8220;][\/et_pb_contact_field][\/et_pb_contact_form][\/et_pb_column][\/et_pb_row][et_pb_row module_id=&#8220;cantienica-feedback&#8220; _builder_version=&#8220;4.17.4&#8243; _module_preset=&#8220;default&#8220; background_image=&#8220;https:\/\/www.josephinegey.de\/josephine_gey\/wp-content\/uploads\/2023\/02\/background_cantienica_testimonials.jpg&#8220; background_position=&#8220;top_center&#8220; width=&#8220;100%&#8220; max_width=&#8220;100%&#8220; custom_margin=&#8220;||-100px||false|false&#8220; custom_padding=&#8220;||150px||false|false&#8220; global_colors_info=&#8220;{}&#8220;][et_pb_column type=&#8220;4_4&#8243; _builder_version=&#8220;4.17.4&#8243; _module_preset=&#8220;default&#8220; global_colors_info=&#8220;{}&#8220;][et_pb_image src=&#8220;https:\/\/www.josephinegey.de\/josephine_gey\/wp-content\/uploads\/2023\/02\/testimonials_cantienica.png&#8220; title_text=&#8220;testimonials_cantienica&#8220; align=&#8220;center&#8220; _builder_version=&#8220;4.17.4&#8243; _module_preset=&#8220;default&#8220; width=&#8220;30%&#8220; width_tablet=&#8220;60%&#8220; width_phone=&#8220;90%&#8220; width_last_edited=&#8220;on|tablet&#8220; global_colors_info=&#8220;{}&#8220;][\/et_pb_image][et_pb_text admin_label=&#8220;Testimonials&#8220; _builder_version=&#8220;4.17.4&#8243; _module_preset=&#8220;default&#8220; header_2_font=&#8220;Josefin Sans|600|||||||&#8220; header_2_font_size=&#8220;32px&#8220; header_6_font=&#8220;Josefin Sans|300|||||||&#8220; header_6_text_align=&#8220;center&#8220; header_6_font_size=&#8220;20px&#8220; header_6_line_height=&#8220;1.2em&#8220; width=&#8220;40%&#8220; width_tablet=&#8220;70%&#8220; width_phone=&#8220;90%&#8220; width_last_edited=&#8220;on|phone&#8220; max_width=&#8220;70%&#8220; max_width_tablet=&#8220;70%&#8220; max_width_phone=&#8220;90%&#8220; max_width_last_edited=&#8220;on|desktop&#8220; module_alignment=&#8220;center&#8220; custom_margin=&#8220;40px||40px||false|false&#8220; global_colors_info=&#8220;{}&#8220;]<\/p>\n<h2 style=\"text-align: center;\"><span><b>Teilnehmer Feedback<\/b><\/span><\/h2>\n<p><span><b><\/b><\/span><\/p>\n<h6><span><\/span><\/h6>\n<h6>Ich freue mich \u00fcber Feedback zu meinen Kursen oder Workshops, welches ich dann gerne hier ver\u00f6ffentlichen w\u00fcrde, sodass es vielleicht auch anderen helfen kann. Vielen Dank!<\/h6>\n<p>[\/et_pb_text][et_pb_contact_form email=&#8220;mail@josephinegey.de&#8220; success_message=&#8220;Ganz lieben Dank. Ich schau mir dein Feedback an und werde es dann hier auf der Seite ver\u00f6ffentlichen.&#8220; submit_button_text=&#8220;FEEDBACK VER\u00d6FFENTLICHEN&#8220; _builder_version=&#8220;4.17.4&#8243; _module_preset=&#8220;default&#8220; _unique_id=&#8220;75d61860-0205-45bc-8166-1be819100c6d&#8220; form_field_background_color=&#8220;#ddd4d6&#8243; form_field_text_color=&#8220;#5e5e5e&#8220; custom_button=&#8220;on&#8220; button_text_size=&#8220;16px&#8220; button_text_color=&#8220;#FFFFFF&#8220; button_bg_color=&#8220;#e26262&#8243; button_border_width=&#8220;0px&#8220; button_border_radius=&#8220;100px&#8220; button_font=&#8220;Josefin Sans|500|||||||&#8220; width=&#8220;40%&#8220; width_tablet=&#8220;80%&#8220; width_phone=&#8220;80%&#8220; width_last_edited=&#8220;on|tablet&#8220; max_width=&#8220;90%&#8220; module_alignment=&#8220;center&#8220; global_colors_info=&#8220;{}&#8220;][et_pb_contact_field field_id=&#8220;Name&#8220; field_title=&#8220;Name&#8220; _builder_version=&#8220;4.17.4&#8243; global_colors_info=&#8220;{}&#8220; button_text_size__hover_enabled=&#8220;off&#8220; button_one_text_size__hover_enabled=&#8220;off&#8220; button_two_text_size__hover_enabled=&#8220;off&#8220; button_text_color__hover_enabled=&#8220;off&#8220; button_one_text_color__hover_enabled=&#8220;off&#8220; button_two_text_color__hover_enabled=&#8220;off&#8220; button_border_width__hover_enabled=&#8220;off&#8220; button_one_border_width__hover_enabled=&#8220;off&#8220; button_two_border_width__hover_enabled=&#8220;off&#8220; button_border_color__hover_enabled=&#8220;off&#8220; button_one_border_color__hover_enabled=&#8220;off&#8220; button_two_border_color__hover_enabled=&#8220;off&#8220; button_border_radius__hover_enabled=&#8220;off&#8220; button_one_border_radius__hover_enabled=&#8220;off&#8220; button_two_border_radius__hover_enabled=&#8220;off&#8220; button_letter_spacing__hover_enabled=&#8220;off&#8220; button_one_letter_spacing__hover_enabled=&#8220;off&#8220; button_two_letter_spacing__hover_enabled=&#8220;off&#8220; button_bg_color__hover_enabled=&#8220;off&#8220; button_one_bg_color__hover_enabled=&#8220;off&#8220; button_two_bg_color__hover_enabled=&#8220;off&#8220;][\/et_pb_contact_field][et_pb_contact_field field_id=&#8220;Email&#8220; field_title=&#8220;E-Mail-Adresse (Wird nicht ver\u00f6ffentlicht)&#8220; field_type=&#8220;email&#8220; _builder_version=&#8220;4.17.4&#8243; global_colors_info=&#8220;{}&#8220; button_text_size__hover_enabled=&#8220;off&#8220; button_one_text_size__hover_enabled=&#8220;off&#8220; button_two_text_size__hover_enabled=&#8220;off&#8220; button_text_color__hover_enabled=&#8220;off&#8220; button_one_text_color__hover_enabled=&#8220;off&#8220; button_two_text_color__hover_enabled=&#8220;off&#8220; button_border_width__hover_enabled=&#8220;off&#8220; button_one_border_width__hover_enabled=&#8220;off&#8220; button_two_border_width__hover_enabled=&#8220;off&#8220; button_border_color__hover_enabled=&#8220;off&#8220; button_one_border_color__hover_enabled=&#8220;off&#8220; button_two_border_color__hover_enabled=&#8220;off&#8220; button_border_radius__hover_enabled=&#8220;off&#8220; button_one_border_radius__hover_enabled=&#8220;off&#8220; button_two_border_radius__hover_enabled=&#8220;off&#8220; button_letter_spacing__hover_enabled=&#8220;off&#8220; button_one_letter_spacing__hover_enabled=&#8220;off&#8220; button_two_letter_spacing__hover_enabled=&#8220;off&#8220; button_bg_color__hover_enabled=&#8220;off&#8220; button_one_bg_color__hover_enabled=&#8220;off&#8220; button_two_bg_color__hover_enabled=&#8220;off&#8220;][\/et_pb_contact_field][et_pb_contact_field field_id=&#8220;Message&#8220; field_title=&#8220;Dein Feedback&#8220; field_type=&#8220;text&#8220; fullwidth_field=&#8220;on&#8220; _builder_version=&#8220;4.17.4&#8243; global_colors_info=&#8220;{}&#8220; button_text_size__hover_enabled=&#8220;off&#8220; button_one_text_size__hover_enabled=&#8220;off&#8220; button_two_text_size__hover_enabled=&#8220;off&#8220; button_text_color__hover_enabled=&#8220;off&#8220; button_one_text_color__hover_enabled=&#8220;off&#8220; button_two_text_color__hover_enabled=&#8220;off&#8220; button_border_width__hover_enabled=&#8220;off&#8220; button_one_border_width__hover_enabled=&#8220;off&#8220; button_two_border_width__hover_enabled=&#8220;off&#8220; button_border_color__hover_enabled=&#8220;off&#8220; button_one_border_color__hover_enabled=&#8220;off&#8220; button_two_border_color__hover_enabled=&#8220;off&#8220; button_border_radius__hover_enabled=&#8220;off&#8220; button_one_border_radius__hover_enabled=&#8220;off&#8220; button_two_border_radius__hover_enabled=&#8220;off&#8220; button_letter_spacing__hover_enabled=&#8220;off&#8220; button_one_letter_spacing__hover_enabled=&#8220;off&#8220; button_two_letter_spacing__hover_enabled=&#8220;off&#8220; button_bg_color__hover_enabled=&#8220;off&#8220; button_one_bg_color__hover_enabled=&#8220;off&#8220; button_two_bg_color__hover_enabled=&#8220;off&#8220;][\/et_pb_contact_field][et_pb_contact_field field_id=&#8220;Datenschutzrichtlinie&#8220; field_title=&#8220; &#8220; field_type=&#8220;checkbox&#8220; checkbox_options=&#8220;%91{%22value%22:%22Ja, ich habe die %22,%22checked%22:0,%22dragID%22:-1,%22link_url%22:%22http:\/\/www.josephinegey.de\/josephine_gey\/impressum\/%22,%22link_text%22:%22Datenschutzrichtlinien gelesen%22},{%22value%22:%22Ja, ich gebe mein Einverst\u00e4ndnis, dass mein Feedback auf dieser Seite f\u00fcr alle sichtbar ver\u00f6ffentlicht wird.%22,%22checked%22:0,%22dragID%22:0}%93&#8243; fullwidth_field=&#8220;on&#8220; _builder_version=&#8220;4.17.4&#8243; form_field_background_color=&#8220;#d1c8ce&#8220; global_colors_info=&#8220;{}&#8220; button_text_size__hover_enabled=&#8220;off&#8220; button_one_text_size__hover_enabled=&#8220;off&#8220; button_two_text_size__hover_enabled=&#8220;off&#8220; button_text_color__hover_enabled=&#8220;off&#8220; button_one_text_color__hover_enabled=&#8220;off&#8220; button_two_text_color__hover_enabled=&#8220;off&#8220; button_border_width__hover_enabled=&#8220;off&#8220; button_one_border_width__hover_enabled=&#8220;off&#8220; button_two_border_width__hover_enabled=&#8220;off&#8220; button_border_color__hover_enabled=&#8220;off&#8220; button_one_border_color__hover_enabled=&#8220;off&#8220; button_two_border_color__hover_enabled=&#8220;off&#8220; button_border_radius__hover_enabled=&#8220;off&#8220; button_one_border_radius__hover_enabled=&#8220;off&#8220; button_two_border_radius__hover_enabled=&#8220;off&#8220; button_letter_spacing__hover_enabled=&#8220;off&#8220; button_one_letter_spacing__hover_enabled=&#8220;off&#8220; button_two_letter_spacing__hover_enabled=&#8220;off&#8220; button_bg_color__hover_enabled=&#8220;off&#8220; button_one_bg_color__hover_enabled=&#8220;off&#8220; button_two_bg_color__hover_enabled=&#8220;off&#8220;][\/et_pb_contact_field][\/et_pb_contact_form][\/et_pb_column][\/et_pb_row][\/et_pb_section]<\/p>\n","protected":false},"excerpt":{"rendered":"<p>CANTIENICA\u00ae in Grimma (bei Leipzig) von der erfahrenen Instruktorin Josephine Gey. Body in Evolution<\/p>\n","protected":false},"author":2,"featured_media":1267,"parent":0,"menu_order":0,"comment_status":"closed","ping_status":"closed","template":"","meta":{"_et_pb_use_builder":"on","_et_pb_old_content":"","_et_gb_content_width":"","footnotes":""},"class_list":["post-1038","page","type-page","status-publish","has-post-thumbnail","hentry"],"_links":{"self":[{"href":"https:\/\/www.josephinegey.de\/josephine_gey\/wp-json\/wp\/v2\/pages\/1038","targetHints":{"allow":["GET"]}}],"collection":[{"href":"https:\/\/www.josephinegey.de\/josephine_gey\/wp-json\/wp\/v2\/pages"}],"about":[{"href":"https:\/\/www.josephinegey.de\/josephine_gey\/wp-json\/wp\/v2\/types\/page"}],"author":[{"embeddable":true,"href":"https:\/\/www.josephinegey.de\/josephine_gey\/wp-json\/wp\/v2\/users\/2"}],"replies":[{"embeddable":true,"href":"https:\/\/www.josephinegey.de\/josephine_gey\/wp-json\/wp\/v2\/comments?post=1038"}],"version-history":[{"count":284,"href":"https:\/\/www.josephinegey.de\/josephine_gey\/wp-json\/wp\/v2\/pages\/1038\/revisions"}],"predecessor-version":[{"id":1831,"href":"https:\/\/www.josephinegey.de\/josephine_gey\/wp-json\/wp\/v2\/pages\/1038\/revisions\/1831"}],"wp:featuredmedia":[{"embeddable":true,"href":"https:\/\/www.josephinegey.de\/josephine_gey\/wp-json\/wp\/v2\/media\/1267"}],"wp:attachment":[{"href":"https:\/\/www.josephinegey.de\/josephine_gey\/wp-json\/wp\/v2\/media?parent=1038"}],"curies":[{"name":"wp","href":"https:\/\/api.w.org\/{rel}","templated":true}]}}