{"id":39,"date":"2014-10-26T18:43:43","date_gmt":"2014-10-26T16:43:43","guid":{"rendered":"http:\/\/www.josephinegey.de\/josephine_gey\/?page_id=39"},"modified":"2026-03-23T15:03:15","modified_gmt":"2026-03-23T13:03:15","slug":"vita","status":"publish","type":"page","link":"https:\/\/www.josephinegey.de\/josephine_gey\/vita\/","title":{"rendered":"VITA Josephine Gey Schauspielerin und Cantienica Instruktorin"},"content":{"rendered":"<p>[et_pb_section fb_built=&#8220;1&#8243; fullwidth=&#8220;on&#8220; admin_label=&#8220;section&#8220; _builder_version=&#8220;4.16&#8243; global_colors_info=&#8220;{}&#8220;][et_pb_fullwidth_header header_fullscreen=&#8220;on&#8220; header_scroll_down=&#8220;on&#8220; scroll_down_icon=&#8220;%%1%%&#8220; admin_label=&#8220;Vollbreite Kopfzeile&#8220; _builder_version=&#8220;4.16&#8243; background_color=&#8220;rgba(255, 255, 255, 0)&#8220; background_image=&#8220;https:\/\/www.josephinegey.de\/josephine_gey\/wp-content\/uploads\/2015\/07\/josephine_gey_schauspielerin_und_sprecherin_koeln01c.jpg&#8220; background_layout=&#8220;light&#8220; background_url=&#8220;https:\/\/www.josephinegey.de\/josephine_gey\/wp-content\/uploads\/2015\/07\/josephine_gey_schauspielerin_und_sprecherin_koeln01c.jpg&#8220; button_one_letter_spacing_hover=&#8220;0&#8243; button_two_letter_spacing_hover=&#8220;0&#8243; global_colors_info=&#8220;{}&#8220; button_one_text_size__hover_enabled=&#8220;off&#8220; button_two_text_size__hover_enabled=&#8220;off&#8220; button_one_text_color__hover_enabled=&#8220;off&#8220; button_two_text_color__hover_enabled=&#8220;off&#8220; button_one_border_width__hover_enabled=&#8220;off&#8220; button_two_border_width__hover_enabled=&#8220;off&#8220; button_one_border_color__hover_enabled=&#8220;off&#8220; button_two_border_color__hover_enabled=&#8220;off&#8220; button_one_border_radius__hover_enabled=&#8220;off&#8220; button_two_border_radius__hover_enabled=&#8220;off&#8220; button_one_letter_spacing__hover_enabled=&#8220;on&#8220; button_one_letter_spacing__hover=&#8220;0&#8243; button_two_letter_spacing__hover_enabled=&#8220;on&#8220; button_two_letter_spacing__hover=&#8220;0&#8243; button_one_bg_color__hover_enabled=&#8220;off&#8220; button_two_bg_color__hover_enabled=&#8220;off&#8220;][\/et_pb_fullwidth_header][\/et_pb_section][et_pb_section fb_built=&#8220;1&#8243; custom_padding_last_edited=&#8220;on|desktop&#8220; admin_label=&#8220;section&#8220; _builder_version=&#8220;4.16&#8243; background_color=&#8220;#ffffff&#8220; custom_padding_tablet=&#8220;50px|0|50px|0&#8243; custom_padding_phone=&#8220;&#8220; transparent_background=&#8220;off&#8220; padding_mobile=&#8220;off&#8220; global_colors_info=&#8220;{}&#8220;][et_pb_row column_structure=&#8220;1_4,1_4,1_4,1_4&#8243; admin_label=&#8220;row&#8220; _builder_version=&#8220;4.16&#8243; background_size=&#8220;initial&#8220; background_position=&#8220;top_left&#8220; background_repeat=&#8220;repeat&#8220; global_colors_info=&#8220;{}&#8220;][et_pb_column type=&#8220;1_4&#8243; _builder_version=&#8220;4.16&#8243; custom_padding=&#8220;|||&#8220; global_colors_info=&#8220;{}&#8220; custom_padding__hover=&#8220;|||&#8220;][et_pb_text admin_label=&#8220;Jahrgang&#8220; _builder_version=&#8220;4.16&#8243; background_size=&#8220;initial&#8220; background_position=&#8220;top_left&#8220; background_repeat=&#8220;repeat&#8220; global_colors_info=&#8220;{}&#8220;]<\/p>\n<h4><strong>Jahrgang:<\/strong><\/h4>\n<p>1989[\/et_pb_text][et_pb_text admin_label=&#8220;Haarfarbe&#8220; _builder_version=&#8220;4.16&#8243; background_size=&#8220;initial&#8220; background_position=&#8220;top_left&#8220; background_repeat=&#8220;repeat&#8220; global_colors_info=&#8220;{}&#8220;]<\/p>\n<h4><strong>Haarfarbe:<\/strong><\/h4>\n<p>blond[\/et_pb_text][et_pb_text admin_label=&#8220;Sprachen&#8220; _builder_version=&#8220;4.16&#8243; background_size=&#8220;initial&#8220; background_position=&#8220;top_left&#8220; background_repeat=&#8220;repeat&#8220; global_colors_info=&#8220;{}&#8220;]<\/p>\n<h4><strong>Sprachen:<\/strong><\/h4>\n<p>Deutsch (Muttersprache)<br \/>\nEnglisch (sehr gut)<br \/>\nSpanisch (Grundkenntnisse)[\/et_pb_text][\/et_pb_column][et_pb_column type=&#8220;1_4&#8243; _builder_version=&#8220;4.16&#8243; custom_padding=&#8220;|||&#8220; global_colors_info=&#8220;{}&#8220; custom_padding__hover=&#8220;|||&#8220;][et_pb_text admin_label=&#8220;Nationalit\u00e4t&#8220; _builder_version=&#8220;4.16&#8243; background_size=&#8220;initial&#8220; background_position=&#8220;top_left&#8220; background_repeat=&#8220;repeat&#8220; global_colors_info=&#8220;{}&#8220;]<\/p>\n<h4><strong>Nationalit\u00e4t:<\/strong><\/h4>\n<p>deutsch[\/et_pb_text][et_pb_text admin_label=&#8220;Augenfarbe&#8220; _builder_version=&#8220;4.16&#8243; background_size=&#8220;initial&#8220; background_position=&#8220;top_left&#8220; background_repeat=&#8220;repeat&#8220; global_colors_info=&#8220;{}&#8220;]<\/p>\n<h4><strong>Augenfarbe:<\/strong><\/h4>\n<p>blau-gr\u00fcn-braun[\/et_pb_text][et_pb_text admin_label=&#8220;Tanz&#8220; _builder_version=&#8220;4.16&#8243; background_size=&#8220;initial&#8220; background_position=&#8220;top_left&#8220; background_repeat=&#8220;repeat&#8220; global_colors_info=&#8220;{}&#8220;]<\/p>\n<h4><strong>Tanz:<\/strong><\/h4>\n<p>Standard<br \/>\nModern (Dance)<br \/>\nTango Argentino<br \/>\nAusdruckstanz<br \/>\n(mit Butoh-Elementen)[\/et_pb_text][\/et_pb_column][et_pb_column type=&#8220;1_4&#8243; _builder_version=&#8220;4.16&#8243; custom_padding=&#8220;|||&#8220; global_colors_info=&#8220;{}&#8220; custom_padding__hover=&#8220;|||&#8220;][et_pb_text admin_label=&#8220;Gr\u00f6\u00dfe&#8220; _builder_version=&#8220;4.16&#8243; background_size=&#8220;initial&#8220; background_position=&#8220;top_left&#8220; background_repeat=&#8220;repeat&#8220; global_colors_info=&#8220;{}&#8220;]<\/p>\n<h4><strong>Gr\u00f6\u00dfe:<\/strong><\/h4>\n<p>169 cm[\/et_pb_text][et_pb_text admin_label=&#8220;Stimmlage&#8220; _builder_version=&#8220;4.16&#8243; background_size=&#8220;initial&#8220; background_position=&#8220;top_left&#8220; background_repeat=&#8220;repeat&#8220; global_colors_info=&#8220;{}&#8220;]<\/p>\n<h4><strong>Stimmlage:<\/strong><\/h4>\n<p>Alt[\/et_pb_text][et_pb_text admin_label=&#8220;Sportarten&#8220; _builder_version=&#8220;4.16&#8243; background_size=&#8220;initial&#8220; background_position=&#8220;top_left&#8220; background_repeat=&#8220;repeat&#8220; global_colors_info=&#8220;{}&#8220;]<\/p>\n<h4><strong>Sportarten:<\/strong><\/h4>\n<p>Judo<br \/>\nTai Chi<br \/>\nYoga<br \/>\nSki<br \/>\nReiten[\/et_pb_text][\/et_pb_column][et_pb_column type=&#8220;1_4&#8243; _builder_version=&#8220;4.16&#8243; custom_padding=&#8220;|||&#8220; global_colors_info=&#8220;{}&#8220; custom_padding__hover=&#8220;|||&#8220;][et_pb_text admin_label=&#8220;Konfektionsgr\u00f6\u00dfe&#8220; _builder_version=&#8220;4.16&#8243; background_size=&#8220;initial&#8220; background_position=&#8220;top_left&#8220; background_repeat=&#8220;repeat&#8220; global_colors_info=&#8220;{}&#8220;]<\/p>\n<h4><strong>Konfektionsgr\u00f6\u00dfe:<\/strong><\/h4>\n<p>34[\/et_pb_text][et_pb_text admin_label=&#8220;Dialekte&#8220; _builder_version=&#8220;4.16&#8243; background_size=&#8220;initial&#8220; background_position=&#8220;top_left&#8220; background_repeat=&#8220;repeat&#8220; global_colors_info=&#8220;{}&#8220;]<\/p>\n<h4><strong>Dialekte:<\/strong><\/h4>\n<p>S\u00e4chsisch[\/et_pb_text][et_pb_text admin_label=&#8220;Sonstiges&#8220; _builder_version=&#8220;4.16&#8243; background_size=&#8220;initial&#8220; background_position=&#8220;top_left&#8220; background_repeat=&#8220;repeat&#8220; global_colors_info=&#8220;{}&#8220;]<\/p>\n<h4><strong>Sonstiges:<\/strong><\/h4>\n<p>F\u00fchrerschein<br \/>\n(AM\/ A1\/ A2\/ A\/ B\/ L)<br \/>\nB\u00fchnenkampf<br \/>\nGitarre (Grundkenntnisse)[\/et_pb_text][\/et_pb_column][\/et_pb_row][et_pb_row column_structure=&#8220;1_4,1_4,1_4,1_4&#8243; admin_label=&#8220;row&#8220; _builder_version=&#8220;4.16&#8243; background_size=&#8220;initial&#8220; background_position=&#8220;top_left&#8220; background_repeat=&#8220;repeat&#8220; global_colors_info=&#8220;{}&#8220;][et_pb_column type=&#8220;1_4&#8243; _builder_version=&#8220;4.16&#8243; custom_padding=&#8220;|||&#8220; global_colors_info=&#8220;{}&#8220; custom_padding__hover=&#8220;|||&#8220;][et_pb_text admin_label=&#8220;Wohnort&#8220; _builder_version=&#8220;4.27.6&#8243; background_size=&#8220;initial&#8220; background_position=&#8220;top_left&#8220; background_repeat=&#8220;repeat&#8220; hover_enabled=&#8220;0&#8243; use_border_color=&#8220;off&#8220; border_color=&#8220;#ffffff&#8220; border_style=&#8220;solid&#8220; global_colors_info=&#8220;{}&#8220; sticky_enabled=&#8220;0&#8243;]<\/p>\n<h4><strong>Wohnort:<\/strong><\/h4>\n<p>Leipzig[\/et_pb_text][\/et_pb_column][et_pb_column type=&#8220;1_4&#8243; _builder_version=&#8220;4.16&#8243; custom_padding=&#8220;|||&#8220; global_colors_info=&#8220;{}&#8220; custom_padding__hover=&#8220;|||&#8220;][et_pb_text admin_label=&#8220;Wohnm\u00f6glichkeiten&#8220; _builder_version=&#8220;4.16&#8243; background_size=&#8220;initial&#8220; background_position=&#8220;top_left&#8220; background_repeat=&#8220;repeat&#8220; use_border_color=&#8220;off&#8220; border_color=&#8220;#ffffff&#8220; border_style=&#8220;solid&#8220; global_colors_info=&#8220;{}&#8220;]<\/p>\n<h4><strong>Wohnm\u00f6glichkeiten:<\/strong><\/h4>\n<p>Berlin, K\u00f6ln, Dresden, M\u00fcnchen, Hamburg, Los Angeles<\/p>\n<p>[\/et_pb_text][\/et_pb_column][et_pb_column type=&#8220;1_4&#8243; _builder_version=&#8220;4.16&#8243; custom_padding=&#8220;|||&#8220; global_colors_info=&#8220;{}&#8220; custom_padding__hover=&#8220;|||&#8220;][\/et_pb_column][et_pb_column type=&#8220;1_4&#8243; _builder_version=&#8220;4.16&#8243; custom_padding=&#8220;|||&#8220; global_colors_info=&#8220;{}&#8220; custom_padding__hover=&#8220;|||&#8220;][\/et_pb_column][\/et_pb_row][\/et_pb_section][et_pb_section fb_built=&#8220;1&#8243; custom_padding_last_edited=&#8220;on|desktop&#8220; admin_label=&#8220;section&#8220; _builder_version=&#8220;4.16&#8243; background_color=&#8220;#f4f4f4&#8243; background_image=&#8220;https:\/\/www.josephinegey.de\/josephine_gey\/wp-content\/uploads\/2015\/07\/josephine_gey_schauspielerin_und_sprecherin_koeln16.jpg&#8220; custom_padding_tablet=&#8220;50px|0|50px|0&#8243; custom_padding_phone=&#8220;&#8220; transparent_background=&#8220;off&#8220; padding_mobile=&#8220;off&#8220; global_colors_info=&#8220;{}&#8220;][et_pb_row admin_label=&#8220;row&#8220; _builder_version=&#8220;4.17.4&#8243; background_size=&#8220;initial&#8220; background_position=&#8220;top_left&#8220; background_repeat=&#8220;repeat&#8220; max_width=&#8220;1100px&#8220; global_colors_info=&#8220;{}&#8220;][et_pb_column type=&#8220;4_4&#8243; _builder_version=&#8220;4.16&#8243; custom_padding=&#8220;|||&#8220; global_colors_info=&#8220;{}&#8220; custom_padding__hover=&#8220;|||&#8220;][et_pb_text admin_label=&#8220;Ausbildung&#8220; _builder_version=&#8220;4.17.4&#8243; background_size=&#8220;initial&#8220; background_position=&#8220;top_left&#8220; background_repeat=&#8220;repeat&#8220; text_orientation=&#8220;center&#8220; background_layout=&#8220;dark&#8220; module_alignment=&#8220;center&#8220; use_border_color=&#8220;off&#8220; border_color=&#8220;#ffffff&#8220; border_style=&#8220;solid&#8220; global_colors_info=&#8220;{}&#8220;]<\/p>\n<h2 style=\"text-align: center;\">Ausbildung<\/h2>\n<p>[\/et_pb_text][\/et_pb_column][\/et_pb_row][et_pb_row padding_mobile=&#8220;off&#8220; admin_label=&#8220;row&#8220; _builder_version=&#8220;4.16&#8243; background_size=&#8220;initial&#8220; background_position=&#8220;top_left&#8220; background_repeat=&#8220;repeat&#8220; custom_width_px=&#8220;700px&#8220; global_colors_info=&#8220;{}&#8220;][et_pb_column type=&#8220;4_4&#8243; _builder_version=&#8220;4.16&#8243; custom_padding=&#8220;|||&#8220; global_colors_info=&#8220;{}&#8220; custom_padding__hover=&#8220;|||&#8220;][et_pb_text admin_label=&#8220;ISFF&#8220; _builder_version=&#8220;4.16&#8243; text_font=&#8220;Raleway||||&#8220; text_font_size=&#8220;16px&#8220; background_size=&#8220;initial&#8220; background_position=&#8220;top_left&#8220; background_repeat=&#8220;repeat&#8220; background_layout=&#8220;dark&#8220; use_border_color=&#8220;off&#8220; border_color=&#8220;#ffffff&#8220; border_style=&#8220;solid&#8220; global_colors_info=&#8220;{}&#8220;]<strong>2015 \u00a0 <strong>ISFF<\/strong><\/strong>\u00a0 \u00a0 Institut f\u00fcr Schauspiel, Film- und Fernsehberufe[\/et_pb_text][et_pb_text admin_label=&#8220;Masterschool&#8220; _builder_version=&#8220;4.16&#8243; text_font=&#8220;Raleway||||&#8220; text_font_size=&#8220;16px&#8220; background_size=&#8220;initial&#8220; background_position=&#8220;top_left&#8220; background_repeat=&#8220;repeat&#8220; background_layout=&#8220;dark&#8220; use_border_color=&#8220;off&#8220; border_color=&#8220;#ffffff&#8220; border_style=&#8220;solid&#8220; global_colors_info=&#8220;{}&#8220;]<strong>2014 \u00a0 <strong>Masterschool in Los Angeles<\/strong><\/strong>\u00a0 \u00a0 u.a. gearbeitet mit Bj\u00f8rn Johnson, Eric de Gama, Annie Grindlay, Petra Joya Gallasch[\/et_pb_text][et_pb_text admin_label=&#8220;LAMDA&#8220; _builder_version=&#8220;4.16&#8243; text_font=&#8220;Raleway||||&#8220; text_font_size=&#8220;16px&#8220; background_size=&#8220;initial&#8220; background_position=&#8220;top_left&#8220; background_repeat=&#8220;repeat&#8220; background_layout=&#8220;dark&#8220; use_border_color=&#8220;off&#8220; border_color=&#8220;#ffffff&#8220; border_style=&#8220;solid&#8220; global_colors_info=&#8220;{}&#8220;]<strong>2013 \u00a0 Postgraduate training in London<\/strong>\u00a0 \u00a0 LAMDA (London Academy of Music and Dramatic Art)[\/et_pb_text][et_pb_text admin_label=&#8220;Zwischen den Zeiten&#8220; _builder_version=&#8220;4.16&#8243; text_font=&#8220;Raleway||||&#8220; text_font_size=&#8220;16px&#8220; background_size=&#8220;initial&#8220; background_position=&#8220;top_left&#8220; background_repeat=&#8220;repeat&#8220; background_layout=&#8220;dark&#8220; use_border_color=&#8220;off&#8220; border_color=&#8220;#ffffff&#8220; border_style=&#8220;solid&#8220; global_colors_info=&#8220;{}&#8220;]<strong>2008-2012\u00a0 \u00a0Theaterakademie K\u00f6ln<\/strong>\u00a0 \u00a0\u00a0Schauspieldiplom \u00a0 | \u00a0\u00a0Kameratraining Sabine Bernadi und Antje Lewald \u00a0 | \u00a0\u00a0Mikrofonsprechen Joachim Aich[\/et_pb_text][\/et_pb_column][\/et_pb_row][\/et_pb_section][et_pb_section fb_built=&#8220;1&#8243; custom_padding_last_edited=&#8220;on|desktop&#8220; admin_label=&#8220;section&#8220; _builder_version=&#8220;4.16&#8243; custom_padding_tablet=&#8220;50px|0|50px|0&#8243; custom_padding_phone=&#8220;&#8220; transparent_background=&#8220;off&#8220; padding_mobile=&#8220;off&#8220; use_custom_width=&#8220;on&#8220; custom_width_px=&#8220;600px&#8220; global_colors_info=&#8220;{}&#8220;][et_pb_row use_custom_gutter=&#8220;on&#8220; gutter_width=&#8220;1&#8243; padding_mobile=&#8220;off&#8220; admin_label=&#8220;row&#8220; _builder_version=&#8220;4.16&#8243; background_size=&#8220;initial&#8220; background_position=&#8220;top_left&#8220; background_repeat=&#8220;repeat&#8220; max_width=&#8220;700px&#8220; use_custom_width=&#8220;on&#8220; custom_width_px=&#8220;700px&#8220; global_colors_info=&#8220;{}&#8220;][et_pb_column type=&#8220;4_4&#8243; _builder_version=&#8220;4.16&#8243; custom_padding=&#8220;|||&#8220; global_colors_info=&#8220;{}&#8220; custom_padding__hover=&#8220;|||&#8220;][et_pb_text admin_label=&#8220;Film&#8220; _builder_version=&#8220;4.16&#8243; background_size=&#8220;initial&#8220; background_position=&#8220;top_left&#8220; background_repeat=&#8220;repeat&#8220; text_orientation=&#8220;center&#8220; module_alignment=&#8220;center&#8220; global_colors_info=&#8220;{}&#8220;]<\/p>\n<h2 style=\"text-align: center;\">Film &amp; Fernsehen<\/h2>\n<p>[\/et_pb_text][\/et_pb_column][\/et_pb_row][et_pb_row admin_label=&#8220;row&#8220; _builder_version=&#8220;4.17.4&#8243; background_size=&#8220;initial&#8220; background_position=&#8220;top_left&#8220; background_repeat=&#8220;repeat&#8220; width=&#8220;90%&#8220; max_width=&#8220;900px&#8220; custom_padding=&#8220;27px|0|27px|0|false|false&#8220; use_custom_width=&#8220;on&#8220; custom_width_px=&#8220;700px&#8220; global_colors_info=&#8220;{}&#8220;][et_pb_column type=&#8220;4_4&#8243; _builder_version=&#8220;4.16&#8243; custom_padding=&#8220;|||&#8220; global_colors_info=&#8220;{}&#8220; custom_padding__hover=&#8220;|||&#8220;][et_pb_text admin_label=&#8220;Heldt&#8220; _builder_version=&#8220;4.16&#8243; text_font=&#8220;Raleway||||&#8220; text_font_size=&#8220;16px&#8220; background_size=&#8220;initial&#8220; background_position=&#8220;top_left&#8220; background_repeat=&#8220;repeat&#8220; use_border_color=&#8220;off&#8220; border_color=&#8220;#ffffff&#8220; border_style=&#8220;solid&#8220; global_colors_info=&#8220;{}&#8220;]<strong>2019 \u00a0\u00a0\u201eHeldt\u201c<\/strong>\u00a0 \u00a0 TV-Serie (ZDF) \u00a0 \u00a0| \u00a0\u00a0<span class=\"untergestellt\">Regie: Patricia Frey \u00a0| \u00a0\u00a0<\/span><span class=\"untergestellt\">Rolle: Mira Trost (Episodenhauptrolle)<\/span>[\/et_pb_text][et_pb_text admin_label=&#8220;Vodafone TV Spot&#8220; _builder_version=&#8220;4.16&#8243; text_font=&#8220;Raleway||||&#8220; text_font_size=&#8220;16px&#8220; background_size=&#8220;initial&#8220; background_position=&#8220;top_left&#8220; background_repeat=&#8220;repeat&#8220; use_border_color=&#8220;off&#8220; border_color=&#8220;#ffffff&#8220; border_style=&#8220;solid&#8220; global_colors_info=&#8220;{}&#8220;]<strong>2017 \u00a0\u00a0\u201eOne Net Business\u201c<\/strong>\u00a0 \u00a0 Vodafone (Werbespot) \u00a0 \u00a0| \u00a0\u00a0<span class=\"untergestellt\">Regie: Marinko Spahic \u00a0| \u00a0\u00a0<\/span><span class=\"untergestellt\">Rolle: Mitarbeiterin Architektenb\u00fcro<\/span>[\/et_pb_text][et_pb_text admin_label=&#8220;Zwischen den Zeiten&#8220; _builder_version=&#8220;4.16&#8243; text_font=&#8220;Raleway||||&#8220; text_font_size=&#8220;16px&#8220; background_size=&#8220;initial&#8220; background_position=&#8220;top_left&#8220; background_repeat=&#8220;repeat&#8220; use_border_color=&#8220;off&#8220; border_color=&#8220;#ffffff&#8220; border_style=&#8220;solid&#8220; global_colors_info=&#8220;{}&#8220;]<strong>2013 \u00a0 &#8222;Zwischen den Zeiten&#8220;<\/strong> \u00a0 \u00a0Spielfilm (ZDF) \u00a0 \u00a0| \u00a0\u00a0<span class=\"untergestellt\">Regie: Hansj\u00f6rg Thurn \u00a0 | \u00a0\u00a0<\/span><span class=\"untergestellt\">Rolle: Helene<\/span>[\/et_pb_text][et_pb_text admin_label=&#8220;Die verbotene Frau&#8220; _builder_version=&#8220;4.16&#8243; text_font=&#8220;||||||||&#8220; text_font_size=&#8220;16px&#8220; background_size=&#8220;initial&#8220; background_position=&#8220;top_left&#8220; background_repeat=&#8220;repeat&#8220; use_border_color=&#8220;off&#8220; border_color=&#8220;#ffffff&#8220; border_style=&#8220;solid&#8220; global_colors_info=&#8220;{}&#8220;]<strong>2013 \u00a0 &#8222;Die verbotene Frau&#8220;<\/strong> \u00a0 \u00a0Spielfilm (Sat1\/ORF) \u00a0 \u00a0| \u00a0\u00a0<span class=\"untergestellt\">Regie: Hansj\u00f6rg Thurn \u00a0 | \u00a0\u00a0<\/span><span class=\"untergestellt\">Rolle:\u00a0Cleo<\/span>[\/et_pb_text][et_pb_text admin_label=&#8220;traurigfroh&#8220; _builder_version=&#8220;4.16&#8243; text_font=&#8220;||||||||&#8220; text_font_size=&#8220;16px&#8220; background_size=&#8220;initial&#8220; background_position=&#8220;top_left&#8220; background_repeat=&#8220;repeat&#8220; use_border_color=&#8220;off&#8220; border_color=&#8220;#ffffff&#8220; border_style=&#8220;solid&#8220; global_colors_info=&#8220;{}&#8220;]<strong>2012 \u00a0 &#8222;traurigfroh&#8220;<\/strong>\u00a0 \u00a0 Kurzfilm\u00a0 \u00a0 | \u00a0\u00a0<span class=\"untergestellt\">Regie:\u00a0Alexander van der Piepen<\/span>[\/et_pb_text][\/et_pb_column][\/et_pb_row][\/et_pb_section][et_pb_section fb_built=&#8220;1&#8243; admin_label=&#8220;section&#8220; _builder_version=&#8220;4.16&#8243; background_color=&#8220;#f4f4f4&#8243; global_colors_info=&#8220;{}&#8220;][et_pb_row padding_mobile=&#8220;off&#8220; admin_label=&#8220;row&#8220; _builder_version=&#8220;4.16&#8243; background_size=&#8220;initial&#8220; background_position=&#8220;top_left&#8220; background_repeat=&#8220;repeat&#8220; max_width=&#8220;700px&#8220; use_custom_width=&#8220;on&#8220; custom_width_px=&#8220;700px&#8220; global_colors_info=&#8220;{}&#8220;][et_pb_column type=&#8220;4_4&#8243; _builder_version=&#8220;4.16&#8243; custom_padding=&#8220;|||&#8220; global_colors_info=&#8220;{}&#8220; custom_padding__hover=&#8220;|||&#8220;][et_pb_text admin_label=&#8220;Theater&#8220; _builder_version=&#8220;4.16&#8243; background_size=&#8220;initial&#8220; background_position=&#8220;top_left&#8220; background_repeat=&#8220;repeat&#8220; text_orientation=&#8220;center&#8220; module_alignment=&#8220;center&#8220; global_colors_info=&#8220;{}&#8220;]<\/p>\n<h2 style=\"text-align: center;\">Theater<\/h2>\n<p>[\/et_pb_text][\/et_pb_column][\/et_pb_row][et_pb_row padding_mobile=&#8220;off&#8220; admin_label=&#8220;row&#8220; _builder_version=&#8220;4.17.4&#8243; background_size=&#8220;initial&#8220; background_position=&#8220;top_left&#8220; background_repeat=&#8220;repeat&#8220; width=&#8220;90%&#8220; max_width=&#8220;900px&#8220; use_custom_width=&#8220;on&#8220; custom_width_px=&#8220;700px&#8220; global_colors_info=&#8220;{}&#8220;][et_pb_column type=&#8220;4_4&#8243; _builder_version=&#8220;4.16&#8243; custom_padding=&#8220;|||&#8220; global_colors_info=&#8220;{}&#8220; custom_padding__hover=&#8220;|||&#8220;][et_pb_text admin_label=&#8220;Der Reigen&#8220; _builder_version=&#8220;4.16&#8243; text_font=&#8220;Raleway||||&#8220; text_font_size=&#8220;16px&#8220; background_size=&#8220;initial&#8220; background_position=&#8220;top_left&#8220; background_repeat=&#8220;repeat&#8220; use_border_color=&#8220;off&#8220; border_color=&#8220;#ffffff&#8220; border_style=&#8220;solid&#8220; global_colors_info=&#8220;{}&#8220;]<strong>2022 \u00a0 &#8222;Tango unterm Regenbogen&#8220;<\/strong>\u00a0 \u00a0 kleines theater Bad Godesberg \u00a0 \u00a0| \u00a0\u00a0<span class=\"untergestellt\">Regie: Frank Oppermann \u00a0| \u00a0\u00a0<\/span><span class=\"untergestellt\">Rolle: Anne<\/span>[\/et_pb_text][et_pb_text admin_label=&#8220;Propaganda&#8220; _builder_version=&#8220;4.16&#8243; text_font=&#8220;Raleway||||&#8220; text_font_size=&#8220;16px&#8220; background_size=&#8220;initial&#8220; background_position=&#8220;top_left&#8220; background_repeat=&#8220;repeat&#8220; use_border_color=&#8220;off&#8220; border_color=&#8220;#ffffff&#8220; border_style=&#8220;solid&#8220; global_colors_info=&#8220;{}&#8220;]<strong>2016 bis 2021 \u00a0 &#8222;Der Reigen&#8220;<\/strong>\u00a0 \u00a0 Orangerie Theater K\u00f6ln\u00a0 \u00a0 | \u00a0\u00a0<span class=\"untergestellt\">Regie: Irina Miller\u00a0 \u00a0| \u00a0\u00a0<\/span><span class=\"untergestellt\">Rolle:\u00a0Alle Frauenrollen (5)<\/span>[\/et_pb_text][et_pb_text admin_label=&#8220;Propaganda&#8220; _builder_version=&#8220;4.16&#8243; text_font=&#8220;Raleway||||&#8220; text_font_size=&#8220;16px&#8220; background_size=&#8220;initial&#8220; background_position=&#8220;top_left&#8220; background_repeat=&#8220;repeat&#8220; use_border_color=&#8220;off&#8220; border_color=&#8220;#ffffff&#8220; border_style=&#8220;solid&#8220; global_colors_info=&#8220;{}&#8220;]<strong>2014 \u00a0 &#8222;P.R.O.P.A.G.A.N.D.A&#8220;<\/strong>\u00a0 \u00a0 Orangerie Theater K\u00f6ln\u00a0 \u00a0 | \u00a0\u00a0<span class=\"untergestellt\">Regie: Janosch Roloff, Dominik Breuer\u00a0 \u00a0| \u00a0\u00a0<\/span><span class=\"untergestellt\">Rolle:\u00a0Elisabeth<\/span>[\/et_pb_text][et_pb_text admin_label=&#8220;Zwiebeln und Butterpl\u00e4tzchen&#8220; _builder_version=&#8220;4.16&#8243; text_font=&#8220;||||||||&#8220; text_font_size=&#8220;16px&#8220; background_size=&#8220;initial&#8220; background_position=&#8220;top_left&#8220; background_repeat=&#8220;repeat&#8220; use_border_color=&#8220;off&#8220; border_color=&#8220;#ffffff&#8220; border_style=&#8220;solid&#8220; global_colors_info=&#8220;{}&#8220;]<strong>2014 \u00a0 &#8222;Zwiebeln &amp;\u00a0Butterpl\u00e4tzchen&#8220;<\/strong>\u00a0 \u00a0 Contra-Kreis-Theater\u00a0 \u00a0 | \u00a0\u00a0<span class=\"untergestellt\">Regie: Horst Johanning\u00a0 \u00a0| \u00a0\u00a0<\/span><span class=\"untergestellt\">Rolle:\u00a0Josie<\/span>[\/et_pb_text][et_pb_text admin_label=&#8220;Jugend ohne Gott&#8220; _builder_version=&#8220;4.16&#8243; text_font=&#8220;||||||||&#8220; text_font_size=&#8220;16px&#8220; background_size=&#8220;initial&#8220; background_position=&#8220;top_left&#8220; background_repeat=&#8220;repeat&#8220; use_border_color=&#8220;off&#8220; border_color=&#8220;#ffffff&#8220; border_style=&#8220;solid&#8220; global_colors_info=&#8220;{}&#8220;]<strong>2013 \u00a0 &#8222;Jugend ohne Gott&#8220;<\/strong>\u00a0 \u00a0 Horizont Theater\u00a0 \u00a0 | \u00a0\u00a0<span class=\"untergestellt\">Regie: Anja Sch\u00f6ne\u00a0 \u00a0| \u00a0\u00a0<\/span><span class=\"untergestellt\">Rolle:\u00a0diverse<\/span>[\/et_pb_text][et_pb_text admin_label=&#8220;Werther I like&#8220; _builder_version=&#8220;4.16&#8243; text_font=&#8220;||||||||&#8220; text_font_size=&#8220;16px&#8220; background_size=&#8220;initial&#8220; background_position=&#8220;top_left&#8220; background_repeat=&#8220;repeat&#8220; use_border_color=&#8220;off&#8220; border_color=&#8220;#ffffff&#8220; border_style=&#8220;solid&#8220; global_colors_info=&#8220;{}&#8220;]<strong>2013 \u00a0 &#8222;WERTHER I like&#8220; **<\/strong>\u00a0 \u00a0 Horizont Theater\u00a0 \u00a0 | \u00a0\u00a0<span class=\"untergestellt\">Regie: Anja Sch\u00f6ne\u00a0 \u00a0| \u00a0\u00a0<\/span><span class=\"untergestellt\">Rolle:\u00a0Lotte<br \/>\n<\/span>[\/et_pb_text][et_pb_text admin_label=&#8220;Medea&#8220; _builder_version=&#8220;4.16&#8243; text_font=&#8220;||||||||&#8220; text_font_size=&#8220;16px&#8220; background_size=&#8220;initial&#8220; background_position=&#8220;top_left&#8220; background_repeat=&#8220;repeat&#8220; use_border_color=&#8220;off&#8220; border_color=&#8220;#ffffff&#8220; border_style=&#8220;solid&#8220; global_colors_info=&#8220;{}&#8220;]<strong>2013 \u00a0 &#8222;Medea&#8220; *<\/strong>\u00a0 \u00a0 Horizont Theater\u00a0 \u00a0 | \u00a0\u00a0<span class=\"untergestellt\">Regie: Christos Nicopoulos\u00a0 \u00a0| \u00a0\u00a0<\/span><span class=\"untergestellt\">Rolle:\u00a0Medea<\/span>[\/et_pb_text][et_pb_text admin_label=&#8220;Mein kleiner Wunderstern&#8220; _builder_version=&#8220;4.16&#8243; text_font=&#8220;||||||||&#8220; text_font_size=&#8220;16px&#8220; background_size=&#8220;initial&#8220; background_position=&#8220;top_left&#8220; background_repeat=&#8220;repeat&#8220; use_border_color=&#8220;off&#8220; border_color=&#8220;#ffffff&#8220; border_style=&#8220;solid&#8220; global_colors_info=&#8220;{}&#8220;]<strong>2012 \u00a0 &#8222;Mein kleiner Wunderstern&#8220; \u00a0\u00a0<\/strong>KiMu Kinder Musik Verlag\u00a0 \u00a0 | \u00a0\u00a0<span class=\"untergestellt\">Regie: Ludger Edelk\u00f6ter\u00a0 \u00a0| \u00a0\u00a0<\/span><span class=\"untergestellt\">Rolle:\u00a0Wunderstern<\/span>[\/et_pb_text][et_pb_text admin_label=&#8220;Mowgli&#8220; _builder_version=&#8220;4.16&#8243; text_font=&#8220;||||||||&#8220; text_font_size=&#8220;16px&#8220; background_size=&#8220;initial&#8220; background_position=&#8220;top_left&#8220; background_repeat=&#8220;repeat&#8220; use_border_color=&#8220;off&#8220; border_color=&#8220;#ffffff&#8220; border_style=&#8220;solid&#8220; global_colors_info=&#8220;{}&#8220;]<strong>2012 \u00a0 &#8222;Mowgli&#8220; \u00a0\u00a0<\/strong>Horizont Theater \u00a0 \u00a0| \u00a0\u00a0<span class=\"untergestellt\">Regie: Christos Nicopoulos\u00a0 \u00a0| \u00a0\u00a0<\/span><span class=\"untergestellt\">Rolle:\u00a0Kaa, Tschil, Shere Khan<\/span>[\/et_pb_text][et_pb_text admin_label=&#8220;Corpus Delicti&#8220; _builder_version=&#8220;4.16&#8243; text_font=&#8220;||||||||&#8220; text_font_size=&#8220;16px&#8220; background_size=&#8220;initial&#8220; background_position=&#8220;top_left&#8220; background_repeat=&#8220;repeat&#8220; use_border_color=&#8220;off&#8220; border_color=&#8220;#ffffff&#8220; border_style=&#8220;solid&#8220; global_colors_info=&#8220;{}&#8220;]<strong>2012 \u00a0 &#8222;Corpus Delicti&#8220; \u00a0\u00a0<\/strong>Orangerie &#8211; Theater im Volksgarten \u00a0 \u00a0| \u00a0\u00a0<span class=\"untergestellt\">Regie: Irina Miller\u00a0 \u00a0| \u00a0\u00a0<\/span><span class=\"untergestellt\">Rolle:\u00a0Driss und Sophie<\/span>[\/et_pb_text][et_pb_text admin_label=&#8220;Slowmotion&#8220; _builder_version=&#8220;4.16&#8243; text_font=&#8220;||||||||&#8220; text_font_size=&#8220;16px&#8220; background_size=&#8220;initial&#8220; background_position=&#8220;top_left&#8220; background_repeat=&#8220;repeat&#8220; use_border_color=&#8220;off&#8220; border_color=&#8220;#ffffff&#8220; border_style=&#8220;solid&#8220; global_colors_info=&#8220;{}&#8220;]<strong>2012 \u00a0 &#8222;Slowmotion&#8220; \u00a0\u00a0<\/strong>Akademietheater K\u00f6ln e.V. \u00a0 \u00a0| \u00a0\u00a0<span class=\"untergestellt\">Regie: Talke Blaser\u00a0 \u00a0| \u00a0\u00a0<\/span><span class=\"untergestellt\">Rolle:\u00a0Die Frau mit dem Soldaten<\/span>[\/et_pb_text][et_pb_text admin_label=&#8220;Oh wie sch\u00f6n ist Panama&#8220; _builder_version=&#8220;4.16&#8243; text_font=&#8220;||||||||&#8220; text_font_size=&#8220;16px&#8220; background_size=&#8220;initial&#8220; background_position=&#8220;top_left&#8220; background_repeat=&#8220;repeat&#8220; use_border_color=&#8220;off&#8220; border_color=&#8220;#ffffff&#8220; border_style=&#8220;solid&#8220; global_colors_info=&#8220;{}&#8220;]<strong>2012 \u00a0 &#8222;Oh, wie sch\u00f6n ist Panama&#8220; \u00a0\u00a0<\/strong>Horizont Theater \u00a0 \u00a0| \u00a0\u00a0<span class=\"untergestellt\">Regie: Astrid Rempel\u00a0 \u00a0| \u00a0\u00a0<\/span><span class=\"untergestellt\">Rolle:\u00a0Die\u00a0Rabe, Kuh, Hase<\/span>[\/et_pb_text][et_pb_text admin_label=&#8220;Chicken Shop&#8220; _builder_version=&#8220;4.16&#8243; text_font=&#8220;||||||||&#8220; text_font_size=&#8220;16px&#8220; background_size=&#8220;initial&#8220; background_position=&#8220;top_left&#8220; background_repeat=&#8220;repeat&#8220; use_border_color=&#8220;off&#8220; border_color=&#8220;#ffffff&#8220; border_style=&#8220;solid&#8220; global_colors_info=&#8220;{}&#8220;]<strong>2011 \u00a0 &#8222;Chicken Shop&#8220; \u00a0\u00a0<\/strong>ARTheater K\u00f6ln \u00a0 \u00a0| \u00a0\u00a0<span class=\"untergestellt\">Regie: Kathrin Sievers\u00a0 \u00a0| \u00a0\u00a0<\/span><span class=\"untergestellt\">Rolle:\u00a0Mimi<\/span>[\/et_pb_text][et_pb_text admin_label=&#8220;Room Service 12&#8243; _builder_version=&#8220;4.16&#8243; text_font=&#8220;||||||||&#8220; text_font_size=&#8220;16px&#8220; background_size=&#8220;initial&#8220; background_position=&#8220;top_left&#8220; background_repeat=&#8220;repeat&#8220; use_border_color=&#8220;off&#8220; border_color=&#8220;#ffffff&#8220; border_style=&#8220;solid&#8220; global_colors_info=&#8220;{}&#8220;]<strong>2011 \u00a0 &#8222;Room Service 12&#8220; *** \u00a0\u00a0<\/strong>Kunsthaus Rhenania \u00a0 \u00a0| \u00a0\u00a0<span class=\"untergestellt\">Regie: Gregor Weber\u00a0 \u00a0| \u00a0\u00a0<\/span><span class=\"untergestellt\">Rolle:\u00a0Lottogewinnerin<\/span>[\/et_pb_text][et_pb_text admin_label=&#8220;Room Service 11&#8243; _builder_version=&#8220;4.16&#8243; text_font=&#8220;||||||||&#8220; text_font_size=&#8220;16px&#8220; background_size=&#8220;initial&#8220; background_position=&#8220;top_left&#8220; background_repeat=&#8220;repeat&#8220; use_border_color=&#8220;off&#8220; border_color=&#8220;#ffffff&#8220; border_style=&#8220;solid&#8220; global_colors_info=&#8220;{}&#8220;]<strong>2010 \u00a0 &#8222;Room Service 11&#8220; *** \u00a0\u00a0<\/strong>Kunsthaus Rhenania \u00a0 \u00a0| \u00a0\u00a0<span class=\"untergestellt\">Regie: Gregor Weber<\/span>[\/et_pb_text][et_pb_text admin_label=&#8220;Platzhalter&#8220; _builder_version=&#8220;4.16&#8243; background_size=&#8220;initial&#8220; background_position=&#8220;top_left&#8220; background_repeat=&#8220;repeat&#8220; use_border_color=&#8220;off&#8220; border_color=&#8220;#ffffff&#8220; border_style=&#8220;solid&#8220; global_colors_info=&#8220;{}&#8220;][\/et_pb_text][et_pb_text admin_label=&#8220;Fu\u00dfnoten&#8220; _builder_version=&#8220;4.16&#8243; background_size=&#8220;initial&#8220; background_position=&#8220;top_left&#8220; background_repeat=&#8220;repeat&#8220; use_border_color=&#8220;off&#8220; border_color=&#8220;#ffffff&#8220; border_style=&#8220;solid&#8220; global_colors_info=&#8220;{}&#8220;]<em>* \u00a0 \u00a0 \u00a0 nominiert f\u00fcr den\u00a0K\u00f6lner Theaterpreis 2013<\/em><br \/>\n<em>** \u00a0 \u00a0 nominiert f\u00fcr den\u00a0K\u00f6lner Kinder- &amp; Jugendtheaterpreis 2013<br \/>\n<\/em><em>*** \u00a0\u201eRoom Service-Theatrale Erlebnisr\u00e4ume\u201c nominiert f\u00fcr den K\u00f6lner Tanz- und Theaterpreis 2004<\/em>[\/et_pb_text][\/et_pb_column][\/et_pb_row][\/et_pb_section][et_pb_section fb_built=&#8220;1&#8243; admin_label=&#8220;section&#8220; _builder_version=&#8220;4.16&#8243; background_color=&#8220;#ffffff&#8220; global_colors_info=&#8220;{}&#8220;][et_pb_row padding_mobile=&#8220;off&#8220; admin_label=&#8220;row&#8220; _builder_version=&#8220;4.16&#8243; background_size=&#8220;initial&#8220; background_position=&#8220;top_left&#8220; background_repeat=&#8220;repeat&#8220; max_width=&#8220;700px&#8220; use_custom_width=&#8220;on&#8220; custom_width_px=&#8220;700px&#8220; global_colors_info=&#8220;{}&#8220;][et_pb_column type=&#8220;4_4&#8243; _builder_version=&#8220;4.16&#8243; custom_padding=&#8220;|||&#8220; global_colors_info=&#8220;{}&#8220; custom_padding__hover=&#8220;|||&#8220;][et_pb_text admin_label=&#8220;Sprechert\u00e4tigkeiten&#8220; _builder_version=&#8220;4.16&#8243; background_size=&#8220;initial&#8220; background_position=&#8220;top_left&#8220; background_repeat=&#8220;repeat&#8220; text_orientation=&#8220;center&#8220; module_alignment=&#8220;center&#8220; global_colors_info=&#8220;{}&#8220;]<\/p>\n<h2 style=\"text-align: center;\">Sprechert\u00e4tigkeiten<\/h2>\n<p>[\/et_pb_text][\/et_pb_column][\/et_pb_row][et_pb_row padding_mobile=&#8220;off&#8220; admin_label=&#8220;row&#8220; _builder_version=&#8220;4.17.4&#8243; background_size=&#8220;initial&#8220; background_position=&#8220;top_left&#8220; background_repeat=&#8220;repeat&#8220; max_width=&#8220;800px&#8220; use_custom_width=&#8220;on&#8220; custom_width_px=&#8220;700px&#8220; global_colors_info=&#8220;{}&#8220;][et_pb_column type=&#8220;4_4&#8243; _builder_version=&#8220;4.16&#8243; custom_padding=&#8220;|||&#8220; global_colors_info=&#8220;{}&#8220; custom_padding__hover=&#8220;|||&#8220;][et_pb_text admin_label=&#8220;Fang den M\u00f6rder&#8220; _builder_version=&#8220;4.16&#8243; background_size=&#8220;initial&#8220; background_position=&#8220;top_left&#8220; background_repeat=&#8220;repeat&#8220; use_border_color=&#8220;off&#8220; border_color=&#8220;#ffffff&#8220; border_style=&#8220;solid&#8220; global_colors_info=&#8220;{}&#8220;]<strong>2017 \u00a0 &#8222;Fang den M\u00f6rder&#8220; \u00a0\u00a0<\/strong>Live H\u00f6rspiel \u00a0 \u00a0| \u00a0 Gloria Theater\u00a0 \u00a0 | \u00a0 doppelplus gut Entertainment[\/et_pb_text][et_pb_text admin_label=&#8220;Fang den M\u00f6rder&#8220; _builder_version=&#8220;4.16&#8243; background_size=&#8220;initial&#8220; background_position=&#8220;top_left&#8220; background_repeat=&#8220;repeat&#8220; use_border_color=&#8220;off&#8220; border_color=&#8220;#ffffff&#8220; border_style=&#8220;solid&#8220; global_colors_info=&#8220;{}&#8220;]<strong>2013 \u00a0 &#8222;Fines fantastische Abenteuer&#8220; \u00a0\u00a0<\/strong>H\u00f6rbuch \u00a0 \u00a0| \u00a0 ISBN 978-3-00-041396-4[\/et_pb_text][\/et_pb_column][\/et_pb_row][\/et_pb_section][et_pb_section fb_built=&#8220;1&#8243; admin_label=&#8220;section&#8220; _builder_version=&#8220;4.16&#8243; background_color=&#8220;#f4f4f4&#8243; global_colors_info=&#8220;{}&#8220;][et_pb_row padding_mobile=&#8220;off&#8220; admin_label=&#8220;row&#8220; _builder_version=&#8220;4.17.4&#8243; background_size=&#8220;initial&#8220; background_position=&#8220;top_left&#8220; background_repeat=&#8220;repeat&#8220; max_width=&#8220;800px&#8220; module_alignment=&#8220;center&#8220; use_custom_width=&#8220;on&#8220; custom_width_px=&#8220;700px&#8220; global_colors_info=&#8220;{}&#8220;][et_pb_column type=&#8220;4_4&#8243; _builder_version=&#8220;4.16&#8243; custom_padding=&#8220;|||&#8220; global_colors_info=&#8220;{}&#8220; custom_padding__hover=&#8220;|||&#8220;][et_pb_text admin_label=&#8220;Auszeichnungen&#8220; _builder_version=&#8220;4.16&#8243; background_size=&#8220;initial&#8220; background_position=&#8220;top_left&#8220; background_repeat=&#8220;repeat&#8220; text_orientation=&#8220;center&#8220; module_alignment=&#8220;center&#8220; global_colors_info=&#8220;{}&#8220;]<\/p>\n<h2 style=\"text-align: center;\">Auszeichnungen<\/h2>\n<p>[\/et_pb_text][et_pb_text admin_label=&#8220;Puck&#8220; _builder_version=&#8220;4.16&#8243; text_font=&#8220;||||||||&#8220; text_font_size=&#8220;16px&#8220; background_size=&#8220;initial&#8220; background_position=&#8220;top_left&#8220; background_repeat=&#8220;repeat&#8220; use_border_color=&#8220;off&#8220; border_color=&#8220;#ffffff&#8220; border_style=&#8220;solid&#8220; global_colors_info=&#8220;{}&#8220;]<strong>2013 \u00a0 Nominierung &#8222;PUCK&#8220; \u00a0\u00a0<\/strong>Nominierung als beste Nachwuchsschauspielerin an K\u00f6lner B\u00fchnen[\/et_pb_text][\/et_pb_column][\/et_pb_row][\/et_pb_section]<\/p>\n","protected":false},"excerpt":{"rendered":"<p>Jahrgang: 1989Haarfarbe: blondSprachen: Deutsch (Muttersprache) Englisch (sehr gut) Spanisch (Grundkenntnisse)Nationalit\u00e4t: deutschAugenfarbe: blau-gr\u00fcn-braunTanz: Standard Modern (Dance) Tango Argentino Ausdruckstanz (mit Butoh-Elementen)Gr\u00f6\u00dfe: 169 cmStimmlage: AltSportarten: Judo Tai Chi Yoga Ski ReitenKonfektionsgr\u00f6\u00dfe: 34Dialekte: S\u00e4chsischSonstiges: F\u00fchrerschein (AM\/ A1\/ A2\/ A\/ B\/ L) B\u00fchnenkampf Gitarre (Grundkenntnisse)Wohnort: LeipzigWohnm\u00f6glichkeiten: Berlin, K\u00f6ln, Dresden, M\u00fcnchen, Hamburg, Los AngelesAusbildung2015 \u00a0 ISFF\u00a0 \u00a0 Institut f\u00fcr Schauspiel, [&hellip;]<\/p>\n","protected":false},"author":1,"featured_media":1258,"parent":0,"menu_order":0,"comment_status":"open","ping_status":"open","template":"","meta":{"_et_pb_use_builder":"on","_et_pb_old_content":"","_et_gb_content_width":"","footnotes":""},"class_list":["post-39","page","type-page","status-publish","has-post-thumbnail","hentry"],"_links":{"self":[{"href":"https:\/\/www.josephinegey.de\/josephine_gey\/wp-json\/wp\/v2\/pages\/39","targetHints":{"allow":["GET"]}}],"collection":[{"href":"https:\/\/www.josephinegey.de\/josephine_gey\/wp-json\/wp\/v2\/pages"}],"about":[{"href":"https:\/\/www.josephinegey.de\/josephine_gey\/wp-json\/wp\/v2\/types\/page"}],"author":[{"embeddable":true,"href":"https:\/\/www.josephinegey.de\/josephine_gey\/wp-json\/wp\/v2\/users\/1"}],"replies":[{"embeddable":true,"href":"https:\/\/www.josephinegey.de\/josephine_gey\/wp-json\/wp\/v2\/comments?post=39"}],"version-history":[{"count":269,"href":"https:\/\/www.josephinegey.de\/josephine_gey\/wp-json\/wp\/v2\/pages\/39\/revisions"}],"predecessor-version":[{"id":1787,"href":"https:\/\/www.josephinegey.de\/josephine_gey\/wp-json\/wp\/v2\/pages\/39\/revisions\/1787"}],"wp:featuredmedia":[{"embeddable":true,"href":"https:\/\/www.josephinegey.de\/josephine_gey\/wp-json\/wp\/v2\/media\/1258"}],"wp:attachment":[{"href":"https:\/\/www.josephinegey.de\/josephine_gey\/wp-json\/wp\/v2\/media?parent=39"}],"curies":[{"name":"wp","href":"https:\/\/api.w.org\/{rel}","templated":true}]}}